{"id":7974,"date":"2021-04-10T23:24:48","date_gmt":"2021-04-10T21:24:48","guid":{"rendered":"https:\/\/madelinefashion.pl\/?post_type=product&#038;p=7974"},"modified":"2026-03-30T17:14:28","modified_gmt":"2026-03-30T15:14:28","slug":"spodnie-z-wysokim-stanem-jasno-szare-sara-v","status":"publish","type":"product","link":"https:\/\/madelinefashion.pl\/sk\/spodnie-z-wysokim-stanem-jasno-szare-sara-v\/","title":{"rendered":"Nohavice s vysok\u00fdm p\u00e1som svetlosiv\u00e9 Sara V"},"content":{"rendered":"<h3 style=\"text-align: center;\">Nohavice s vysok\u00fdm p\u00e1som svetlosiv\u00e9 Sara V<\/h3>\n<p style=\"text-align: center;\"><span style=\"vertical-align: inherit;\"><span style=\"vertical-align: inherit;\"><strong>Nohavice s vysok\u00fdm p\u00e1som svetlosiv\u00e9 Sara<\/strong> je m\u00f3dny prvok, ktor\u00fd nesmie ch\u00fdba\u0165 vo va\u0161om \u0161atn\u00edku. <\/span><span style=\"vertical-align: inherit;\">Nohavice vyroben\u00e9 z <\/span><\/span><strong><span style=\"vertical-align: inherit;\"><span style=\"vertical-align: inherit;\">kvalitn\u00fd materi\u00e1l s vysok\u00fdm p\u00e1som,<\/span><\/span><\/strong><span style=\"vertical-align: inherit;\"><span style=\"vertical-align: inherit;\"> \u00a0ktor\u00e9 dokonale modeluj\u00fa postavu. Odreniny na prednej \u010dasti nohav\u00edc dodaj\u00fa ka\u017ed\u00e9mu stylingu trochu divok\u00fd a \u0161mrncnut\u00fd <strong>m\u00f3dny charakter.<\/strong><\/span><span style=\"vertical-align: inherit;\">\u00a0Vyzeraj\u00fa perfektne s vysok\u00fdmi podp\u00e4tkami alebo teniskami. <strong>Nohavice s vysok\u00fdm p\u00e1som a trhan\u00edm<\/strong> N\u00e1dherne <strong>tvaruj\u00fa zadok<\/strong> d\u00e1va \u00fa\u017easn\u00fd efekt! Skinny nohavice maj\u00fa vpredu ozdobn\u00fd v\u00fdrez v \u0161t\u00fdle V. Model sa zap\u00edna na<strong> 5 tla\u010didiel<\/strong>ktor\u00e9 s\u00fa n\u00e1dhernou dekor\u00e1ciou. <\/span><span style=\"vertical-align: inherit;\">\u00a0<\/span><span style=\"vertical-align: inherit;\">Pon\u00fakame ich vo ve\u013ekostiach <strong>XS, S, M, L, XL<\/strong><\/span><\/span><span style=\"vertical-align: inherit;\"><span style=\"vertical-align: inherit;\"> ,-odpor\u00fa\u010dame\u00a0\u00a0<\/span><\/span><span style=\"vertical-align: inherit;\"><span style=\"vertical-align: inherit;\"><b>presne tak\u00a0<\/b><\/span><\/span><strong><span style=\"vertical-align: inherit;\"><span style=\"vertical-align: inherit;\">mera\u0165<\/span><\/span><\/strong><span style=\"vertical-align: inherit;\"><span style=\"vertical-align: inherit;\"> pod\u013ea tabu\u013eky rozmerov ni\u017e\u0161ie. <\/span><span style=\"vertical-align: inherit;\">Dopl\u0148te svoj \u0161atn\u00edk o tento model nohav\u00edc z\u00a0<\/span><\/span><strong><a href=\"https:\/\/madelinefashion.pl\/sk\/\"><span style=\"vertical-align: inherit;\"><span style=\"vertical-align: inherit;\">Madelinefashion<\/span><\/span><\/a><span style=\"vertical-align: inherit;\"><span style=\"vertical-align: inherit;\">.\u00a0<\/span><\/span><\/strong><span style=\"vertical-align: inherit;\"><span style=\"vertical-align: inherit;\">V inform\u00e1ci\u00e1ch po k\u00fape m\u00f4\u017eete uvies\u0165 aj va\u0161e rozmery - vyberieme pre v\u00e1s ten ide\u00e1lny. <\/span><\/span>Skombinuj na\u0161e \u00fazke nohavice s vysok\u00fdm p\u00e1som s na\u0161imi\u00a0<a href=\"https:\/\/madelinefashion.pl\/sk\/casual-clothes\/t-shirty\/\" target=\"_blank\" rel=\"noopener\">topy<\/a>\u00a0a <a href=\"https:\/\/madelinefashion.pl\/sk\/product-tag\/ramoneski\/\">Ramones<\/a>!<\/p>\n<h3 style=\"text-align: center;\"><span style=\"vertical-align: inherit;\"><span style=\"vertical-align: inherit;\">Rozmery nohav\u00edc:<\/span><\/span><\/h3>\n<p style=\"text-align: center;\"><strong><span style=\"vertical-align: inherit;\">VE\u013dKOS\u0164 XXS 32 (25)\u00a0<\/span><\/strong><\/p>\n<ul style=\"text-align: center;\">\n<li><span style=\"vertical-align: inherit;\">Celkov\u00e1 d\u013a\u017eka: 92 cm<\/span><\/li>\n<li><span style=\"vertical-align: inherit;\">Vn\u00fatorn\u00e1 d\u013a\u017eka nohav\u00edc: 65 cm<\/span><\/li>\n<li><span style=\"vertical-align: inherit;\">\u0160\u00edrka v p\u00e1se: 27-34 cm<\/span><\/li>\n<li><span style=\"vertical-align: inherit;\">V\u00fd\u0161ka: 32 cm<\/span><\/li>\n<li><span style=\"vertical-align: inherit;\">\u0160\u00edrka bokov: 37-48 cm<\/span><\/li>\n<li><\/li>\n<\/ul>\n<p style=\"text-align: center;\"><strong><span style=\"vertical-align: inherit;\"><span style=\"vertical-align: inherit;\">VE\u013dKOS\u0164 XS 34 (26)<\/span><\/span><\/strong><\/p>\n<ul style=\"text-align: center;\">\n<li><span style=\"vertical-align: inherit;\">Celkov\u00e1 d\u013a\u017eka: 93 cm<\/span><\/li>\n<li><span style=\"vertical-align: inherit;\">Vn\u00fatorn\u00e1 d\u013a\u017eka nohav\u00edc: 66 cm<\/span><\/li>\n<li><span style=\"vertical-align: inherit;\">\u0160\u00edrka v p\u00e1se: 28-36 cm<\/span><\/li>\n<li><span style=\"vertical-align: inherit;\">V\u00fd\u0161ka: 32 cm<\/span><\/li>\n<li><span style=\"vertical-align: inherit;\">\u0160\u00edrka bokov: 38-48 cm<\/span><\/li>\n<li><\/li>\n<\/ul>\n<p style=\"text-align: center;\"><strong><span style=\"vertical-align: inherit;\"><span style=\"vertical-align: inherit;\">VE\u013dKOS\u0164 S 36 (27)<\/span><\/span><\/strong><\/p>\n<ul style=\"text-align: center;\">\n<li><span style=\"vertical-align: inherit;\">Celkov\u00e1 d\u013a\u017eka: 94 cm<\/span><\/li>\n<li><span style=\"vertical-align: inherit;\">Vn\u00fatorn\u00e1 d\u013a\u017eka nohav\u00edc: 66 cm<\/span><\/li>\n<li><span style=\"vertical-align: inherit;\">\u0160\u00edrka v p\u00e1se: 30-38 cm<\/span><\/li>\n<li><span style=\"vertical-align: inherit;\">V\u00fd\u0161ka: 32 cm<\/span><\/li>\n<li><span style=\"vertical-align: inherit;\">\u0160\u00edrka bokov: 38-48 cm<\/span><\/li>\n<li><\/li>\n<\/ul>\n<p style=\"text-align: center;\"><strong><span style=\"vertical-align: inherit;\"><span style=\"vertical-align: inherit;\">VE\u013dKOS\u0164 M 38 (28)<\/span><\/span><\/strong><\/p>\n<ul style=\"text-align: center;\">\n<li><span style=\"vertical-align: inherit;\">Celkov\u00e1 d\u013a\u017eka: 95 cm<\/span><\/li>\n<li><span style=\"vertical-align: inherit;\">Vn\u00fatorn\u00e1 d\u013a\u017eka nohav\u00edc: 67 cm<\/span><\/li>\n<li><span style=\"vertical-align: inherit;\">\u0160\u00edrka v p\u00e1se: 31-39 cm<\/span><\/li>\n<li><span style=\"vertical-align: inherit;\">V\u00fd\u0161ka: 33 cm<\/span><\/li>\n<li><span style=\"vertical-align: inherit;\">\u0160\u00edrka bokov: 40-52 cm<\/span><\/li>\n<li><\/li>\n<\/ul>\n<p style=\"text-align: center;\"><strong><span style=\"vertical-align: inherit;\"><span style=\"vertical-align: inherit;\">VE\u013dKOS\u0164 L 40 (29)<\/span><\/span><\/strong><\/p>\n<ul style=\"text-align: center;\">\n<li><span style=\"vertical-align: inherit;\">Celkov\u00e1 d\u013a\u017eka: 95 cm<\/span><\/li>\n<li><span style=\"vertical-align: inherit;\">Vn\u00fatorn\u00e1 d\u013a\u017eka nohav\u00edc: 68 cm<\/span><\/li>\n<li><span style=\"vertical-align: inherit;\">\u0160\u00edrka v p\u00e1se: 31-40 cm<\/span><\/li>\n<li><span style=\"vertical-align: inherit;\">V\u00fd\u0161ka: 33 cm<\/span><\/li>\n<li><span style=\"vertical-align: inherit;\">\u0160\u00edrka bokov: 41-53 cm<\/span><\/li>\n<li><\/li>\n<li>\n<p style=\"text-align: center;\"><strong><span style=\"vertical-align: inherit;\">VE\u013dKOS\u0164 XL 42 (30)<\/span><\/strong><\/p>\n<\/li>\n<\/ul>\n<ul>\n<li style=\"text-align: center;\">Celkov\u00e1 d\u013a\u017eka: 96 cm<\/li>\n<li style=\"text-align: center;\">Vn\u00fatorn\u00e1 d\u013a\u017eka nohav\u00edc: 68 cm<\/li>\n<li style=\"text-align: center;\">\u0160\u00edrka v p\u00e1se: 33-42 cm<\/li>\n<li style=\"text-align: center;\">V\u00fd\u0161ka: 33 cm<\/li>\n<li style=\"text-align: center;\">\u0160\u00edrka bokov: 43-58 cm<\/li>\n<\/ul>\n<p>&nbsp;<\/p>\n<p style=\"text-align: center;\"><strong><span style=\"vertical-align: inherit;\"><span style=\"vertical-align: inherit;\">XXL VE\u013dKOS\u0164 44 (31)<\/span><\/span><\/strong><\/p>\n<ul style=\"text-align: center;\">\n<li><span style=\"vertical-align: inherit;\">Celkov\u00e1 d\u013a\u017eka: 96 cm<\/span><\/li>\n<li><span style=\"vertical-align: inherit;\">Vn\u00fatorn\u00e1 d\u013a\u017eka nohav\u00edc: 68 cm<\/span><\/li>\n<li><span style=\"vertical-align: inherit;\">\u0160\u00edrka v p\u00e1se: 35-46 cm<\/span><\/li>\n<li><span style=\"vertical-align: inherit;\">V\u00fd\u0161ka: 33 cm<\/span><\/li>\n<li><span style=\"vertical-align: inherit;\">\u0160\u00edrka bokov: 45-62 cm<\/span><\/li>\n<li><\/li>\n<\/ul>\n<p style=\"text-align: center;\"><span style=\"vertical-align: inherit;\">Rozmery sa m\u00f4\u017eu l\u00ed\u0161i\u0165 od uveden\u00fdch +\/- 2cm. V\u0161etky uveden\u00e9 rozmery s\u00fa meran\u00e9 plo\u0161ne. <strong>rozmer x2<\/strong><\/span><\/p>\n<p>&nbsp;<\/p>\n<p>&nbsp;<\/p>\n<p>&nbsp;<\/p>\n<p style=\"text-align: center;\">\u00a0Model m\u00e1\u00a0<strong>165<\/strong>\u00a0cm vysok\u00fd, nos\u00ed ve\u013ekos\u0165 ka\u017ed\u00fd de\u0148\u00a0<strong>S<\/strong><\/p>","protected":false},"excerpt":{"rendered":"<p>Spodnie z Wysokim Stanem Jasno Szare Sara V Spodnie z Wysokim Stanem Jasno Szare Sara to modny element, kt\u00f3rego nie mo\u017ce zabrakn\u0105\u0107 w Twojej garderobie. Spodnie wykonane z wysokiej jako\u015bci materia\u0142u\u00a0 z wysokim stanem, \u00a0kt\u00f3re doskonale modeluj\u0105 sylwetk\u0119. Przetarcia z przodu na nogawkach nadadz\u0105 ka\u017cdej stylizacji lekko zadziornego i modnego charakteru.\u00a0Idealnie prezentuj\u0105 si\u0119 ze szpilkami<\/p>\n<div class=\"klb-readmore post-buttons\"><a class=\"button black outline size-sm\" href=\"https:\/\/madelinefashion.pl\/sk\/spodnie-z-wysokim-stanem-jasno-szare-sara-v\/\">\u010c\u00edta\u0165 \u010falej <i class=\"klbth-icon-right-arrow\"><\/i><\/a><\/div>","protected":false},"featured_media":7968,"template":"","meta":[],"product_brand":[],"product_cat":[83],"product_tag":[475],"class_list":{"0":"post-7974","1":"product","2":"type-product","3":"status-publish","4":"has-post-thumbnail","6":"product_cat-spodnie","7":"product_tag-spodnie-dlugie","8":"pa_rozmiar-34-42-383","9":"pa_rozmiar-34-42-142","10":"pa_rozmiar-34-42-36-2","11":"pa_rozmiar-34-42-38-2","12":"pa_rozmiar-34-42-40-2","13":"pa_rozmiar-34-42-42-2","14":"pa_rozmiar-34-42-384","16":"first","17":"instock","18":"purchasable","19":"product-type-variable"},"_links":{"self":[{"href":"https:\/\/madelinefashion.pl\/sk\/wp-json\/wp\/v2\/product\/7974","targetHints":{"allow":["GET"]}}],"collection":[{"href":"https:\/\/madelinefashion.pl\/sk\/wp-json\/wp\/v2\/product"}],"about":[{"href":"https:\/\/madelinefashion.pl\/sk\/wp-json\/wp\/v2\/types\/product"}],"wp:featuredmedia":[{"embeddable":true,"href":"https:\/\/madelinefashion.pl\/sk\/wp-json\/wp\/v2\/media\/7968"}],"wp:attachment":[{"href":"https:\/\/madelinefashion.pl\/sk\/wp-json\/wp\/v2\/media?parent=7974"}],"wp:term":[{"taxonomy":"product_brand","embeddable":true,"href":"https:\/\/madelinefashion.pl\/sk\/wp-json\/wp\/v2\/product_brand?post=7974"},{"taxonomy":"product_cat","embeddable":true,"href":"https:\/\/madelinefashion.pl\/sk\/wp-json\/wp\/v2\/product_cat?post=7974"},{"taxonomy":"product_tag","embeddable":true,"href":"https:\/\/madelinefashion.pl\/sk\/wp-json\/wp\/v2\/product_tag?post=7974"}],"curies":[{"name":"pracovn\u00fd list","href":"https:\/\/api.w.org\/{rel}","templated":true}]}}