{"id":80598,"date":"2023-03-15T14:33:40","date_gmt":"2023-03-15T13:33:40","guid":{"rendered":"https:\/\/madelinefashion.pl\/?post_type=product&#038;p=80598"},"modified":"2026-04-23T12:31:32","modified_gmt":"2026-04-23T10:31:32","slug":"marynarka-karmelowa-bosco","status":"publish","type":"product","link":"https:\/\/madelinefashion.pl\/sk\/marynarka-karmelowa-bosco\/","title":{"rendered":"Karamelov\u00e1 bunda Bosco"},"content":{"rendered":"<h3 style=\"text-align: center;\">Karamelov\u00e1 bunda Bosco<\/h3>\n<p style=\"text-align: center;\"><strong>Karamelov\u00e1 bunda <\/strong>je klasick\u00fd model odpor\u00fa\u010dan\u00fd ako doplnok k stylingu. Hrub\u0161\u00ed materi\u00e1l, ve\u013emi elegantn\u00fd. S pod\u0161\u00edvkou. Bunda m\u00e1 v\u0161it\u00e9 ramenn\u00e9 vypch\u00e1vky. <strong>Klasick\u00e9 sako je prvkom oble\u010denia, ktor\u00fd by mal ma\u0165 v \u0161atn\u00edku ka\u017ed\u00fd z n\u00e1s. <\/strong>Ide\u00e1lne pre elegantn\u00e9 \u0161tyliz\u00e1cie a skvel\u00e9 pre oby\u010dajn\u00e9 tri\u010dko a d\u017e\u00ednsy. Vysoko kvalitn\u00fd materi\u00e1l. <strong>Klasick\u00e1 bunda<\/strong>\u00a0v tv\u00e1ri a m\u00f3dnom odtieni <strong>karamelovej farby <\/strong>mus\u00ed n\u00e1js\u0165 miesto vo va\u0161om \u0161atn\u00edku - najm\u00e4 ak h\u013ead\u00e1te spestrenie minimalistick\u00fdch setov.<br \/>\n<strong>Origin\u00e1lny \u0161t\u00fdl<\/strong> bundy bud\u00fa fungova\u0165 v elegantnom aj \u0161portovom \u0161t\u00fdle. <strong>Vysoko kvalitn\u00fd materi\u00e1l<\/strong>Materi\u00e1l, z ktor\u00e9ho je bunda vyroben\u00e1, zaru\u010duje trvanlivos\u0165 produktu a je vhodn\u00e1 na mnoho sez\u00f3n. Spojte ho s <strong>elegantn\u00e9 nohavice<\/strong> cigarky alebo ceruzkov\u00e1 suk\u0148a. M\u00f4\u017eete si pre \u0148u vybra\u0165 <strong>nohavice v rovnakom odtieni vytv\u00e1raj\u00face \u0161t\u00fdlov\u00fd oblek<\/strong>. Bunda m\u00e1 ozdobn\u00e9 vreck\u00e1 na figur\u00edny. Mimoriadne \u0161t\u00fdlov\u00e1 ponuka na ka\u017edodenn\u00e9 pou\u017eitie, ako aj na elegantnej\u0161ie \u0161tyliz\u00e1cie. Ide\u00e1lny model na mnoh\u00e9 pr\u00edle\u017eitosti a <strong>pre pr\u00e1cu<\/strong>.\u00a0 <strong>Bunda<\/strong> vo\u013enej\u0161ieho strihu s mierne pokr\u010den\u00fdm ruk\u00e1vom na konci, dostupn\u00fd vo viacer\u00fdch farb\u00e1ch. Nad\u010dasov\u00fd model, bude v\u00e1m sl\u00fa\u017ei\u0165 dlh\u00e9 roky a vyu\u017eijete ho na r\u00f4zne sp\u00f4soby a pr\u00edle\u017eitosti.<\/p>\n<p>&nbsp;<\/p>\n<p style=\"text-align: center;\"><strong>36\/S<\/strong><\/p>\n<p style=\"text-align: center;\">Celkov\u00e1 predn\u00e1 d\u013a\u017eka - 70 cm<br \/>\nCelkov\u00e1 d\u013a\u017eka chrbta: 74 cm<br \/>\n\u0160\u00edrka od pazuchy po pazuchu - 43 cm x2<br \/>\nD\u013a\u017eka ruk\u00e1va od ramena - 44 cm<br \/>\nD\u013a\u017eka ruk\u00e1va od podpazu\u0161ia - 28 cm<\/p>\n<p style=\"text-align: center;\"><strong>38\/M<\/strong><\/p>\n<p style=\"text-align: center;\">Celkov\u00e1 predn\u00e1 d\u013a\u017eka - 72 cm<br \/>\nCelkov\u00e1 d\u013a\u017eka chrbta: 66 cm<br \/>\n\u0160\u00edrka od pazuchy po pazuchu - 45 cm x2<br \/>\nD\u013a\u017eka ruk\u00e1va od ramena - 45 cm<br \/>\nD\u013a\u017eka ruk\u00e1va od podpazu\u0161ia - 28 cm<\/p>\n<p style=\"text-align: center;\"><strong>40\/L<\/strong><\/p>\n<p style=\"text-align: center;\">Celkov\u00e1 predn\u00e1 d\u013a\u017eka - 72 cm<br \/>\nCelkov\u00e1 d\u013a\u017eka chrbta: 68 cm<br \/>\n\u0160\u00edrka od pazuchy po pazuchu - 48 cm x2<br \/>\nD\u013a\u017eka ruk\u00e1va od ramena - 45 cm<br \/>\nD\u013a\u017eka ruk\u00e1va od podpazu\u0161ia - 28 cm<\/p>\n<p style=\"text-align: center;\"><strong>42\/XL<\/strong><\/p>\n<p style=\"text-align: center;\">Celkov\u00e1 predn\u00e1 d\u013a\u017eka - 74 cm<br \/>\nCelkov\u00e1 d\u013a\u017eka chrbta: 69 cm<br \/>\n\u0160\u00edrka od pazuchy po pazuchu - 50 cm x2<br \/>\nD\u013a\u017eka ruk\u00e1va od ramena - 46 cm<br \/>\nD\u013a\u017eka ruk\u00e1va od podpazu\u0161ia - 28 cm<\/p>\n<p style=\"text-align: center;\"><strong>44\/XXL<\/strong><\/p>\n<p style=\"text-align: center;\">Celkov\u00e1 predn\u00e1 d\u013a\u017eka - 74 cm<br \/>\nCelkov\u00e1 d\u013a\u017eka chrbta: 69 cm<br \/>\n\u0160\u00edrka od pazuchy po pazuchu - 53 cm x2<br \/>\nD\u013a\u017eka ruk\u00e1va od ramena - 46 cm<br \/>\nD\u013a\u017eka ruk\u00e1va od podpazu\u0161ia - 28 cm<\/p>\n<p style=\"text-align: center;\"><strong>46\/XXXL<\/strong><\/p>\n<p style=\"text-align: center;\">Celkov\u00e1 predn\u00e1 d\u013a\u017eka - 76 cm<br \/>\nCelkov\u00e1 d\u013a\u017eka chrbta: 69 cm<br \/>\n\u0160\u00edrka od pazuchy po pazuchu - 56 cm x2<br \/>\nD\u013a\u017eka ruk\u00e1va od ramena - 47 cm<br \/>\nD\u013a\u017eka ruk\u00e1va od podpazu\u0161ia - 30 cm<\/p>\n<p style=\"text-align: center;\"><strong>48\/XXXXL<\/strong><\/p>\n<p style=\"text-align: center;\">Celkov\u00e1 predn\u00e1 d\u013a\u017eka - 77 cm<br \/>\nCelkov\u00e1 d\u013a\u017eka chrbta: 70 cm<br \/>\n\u0160\u00edrka od pazuchy po pazuchu - 60 cm x2<br \/>\nD\u013a\u017eka ruk\u00e1va od ramena - 47 cm<br \/>\nD\u013a\u017eka ruk\u00e1va od podpazu\u0161ia - 30 cm<\/p>\n<p style=\"text-align: center;\">\n<p style=\"text-align: center;\">Rozmery sa m\u00f4\u017eu l\u00ed\u0161i\u0165 od uveden\u00fdch +\/- 2cm. V\u0161etky uveden\u00e9 rozmery s\u00fa meran\u00e9 plo\u0161ne. Rozmer <strong>x2<\/strong><\/p>\n<p>&nbsp;<\/p>\n<h3 style=\"text-align: center;\">Charakteristika:<strong><br \/>\n<\/strong><\/h3>\n<ul>\n<li style=\"text-align: center;\">s dlh\u0161\u00edm strihom<\/li>\n<li style=\"text-align: center;\">bez zap\u00ednania<\/li>\n<li style=\"text-align: center;\">s vol\u00e1nov\u00fdmi \u00be ruk\u00e1vmi<\/li>\n<li style=\"text-align: center;\">s pod\u0161\u00edvkou<\/li>\n<li style=\"text-align: center;\">Po\u013esk\u00fd v\u00fdrobok<\/li>\n<\/ul>\n<p style=\"text-align: center;\"><strong>\u00a0<\/strong><\/p>\n<table>\n<tbody>\n<tr>\n<td width=\"302\">Meno modela<\/td>\n<td width=\"302\">Bunda Bosco<\/td>\n<\/tr>\n<tr>\n<td width=\"302\">Farba<\/td>\n<td width=\"302\">Karamel<\/td>\n<\/tr>\n<tr>\n<td width=\"302\">ve\u013ekosti<\/td>\n<td width=\"302\">36 38 40 42 44 46 48<\/td>\n<\/tr>\n<tr>\n<td width=\"302\">M\u00f3da<\/td>\n<td width=\"302\">Elegantn\u00fd<\/td>\n<\/tr>\n<tr>\n<td width=\"302\">Materi\u00e1l<\/td>\n<td width=\"302\">95% visk\u00f3za 5 % elastan<\/td>\n<\/tr>\n<\/tbody>\n<\/table>\n<p style=\"text-align: center;\">","protected":false},"excerpt":{"rendered":"<p>Marynarka Karmelowa Bosco Marynarka Karmelowa to\u00a0 klasyczny model\u00a0 polecany jako dope\u0142nienie stylizacji. Materia\u0142 grubszy, bardzo elegancki. Z podszewk\u0105. Marynarka posiada wszyte poduszki na ramionach. Klasyczna marynarka to element garderoby, kt\u00f3ra powinna mie\u0107 ka\u017cda z Nas w swojej szafie. Idealna do eleganckich stylizacji oraz \u015bwietnie si\u0119 sprawdzi do zwyk\u0142ego T-shirtu i jeans\u00f3w. Wysoka jako\u015b\u0107 materia\u0142u. Klasyczna<\/p>\n<div class=\"klb-readmore post-buttons\"><a class=\"button black outline size-sm\" href=\"https:\/\/madelinefashion.pl\/sk\/marynarka-karmelowa-bosco\/\">\u010c\u00edta\u0165 \u010falej <i class=\"klbth-icon-right-arrow\"><\/i><\/a><\/div>","protected":false},"featured_media":80568,"template":"","meta":[],"product_brand":[],"product_cat":[95,395],"product_tag":[],"class_list":{"0":"post-80598","1":"product","2":"type-product","3":"status-publish","4":"has-post-thumbnail","6":"product_cat-marynarki-i-zakiety","7":"product_cat-nowosci","8":"pa_rozmiar-xl-42","9":"pa_rozmiar-xxl-44","10":"pa_rozmiar-xxxl-46","11":"pa_rozmiar-xxxxl-48","12":"pa_rozmiar-s-36","13":"pa_rozmiar-m-38","14":"pa_rozmiar-l-40","15":"pa_rozmiar-438","16":"pa_rozmiar-439","18":"first","19":"instock","20":"purchasable","21":"product-type-variable"},"_links":{"self":[{"href":"https:\/\/madelinefashion.pl\/sk\/wp-json\/wp\/v2\/product\/80598","targetHints":{"allow":["GET"]}}],"collection":[{"href":"https:\/\/madelinefashion.pl\/sk\/wp-json\/wp\/v2\/product"}],"about":[{"href":"https:\/\/madelinefashion.pl\/sk\/wp-json\/wp\/v2\/types\/product"}],"wp:featuredmedia":[{"embeddable":true,"href":"https:\/\/madelinefashion.pl\/sk\/wp-json\/wp\/v2\/media\/80568"}],"wp:attachment":[{"href":"https:\/\/madelinefashion.pl\/sk\/wp-json\/wp\/v2\/media?parent=80598"}],"wp:term":[{"taxonomy":"product_brand","embeddable":true,"href":"https:\/\/madelinefashion.pl\/sk\/wp-json\/wp\/v2\/product_brand?post=80598"},{"taxonomy":"product_cat","embeddable":true,"href":"https:\/\/madelinefashion.pl\/sk\/wp-json\/wp\/v2\/product_cat?post=80598"},{"taxonomy":"product_tag","embeddable":true,"href":"https:\/\/madelinefashion.pl\/sk\/wp-json\/wp\/v2\/product_tag?post=80598"}],"curies":[{"name":"pracovn\u00fd list","href":"https:\/\/api.w.org\/{rel}","templated":true}]}}