{"id":81670,"date":"2023-03-23T12:44:59","date_gmt":"2023-03-23T11:44:59","guid":{"rendered":"https:\/\/madelinefashion.pl\/?post_type=product&#038;p=81670"},"modified":"2026-01-15T12:43:05","modified_gmt":"2026-01-15T11:43:05","slug":"plaszcz-musztardowy-dlugi-z-flauszu-2","status":"publish","type":"product","link":"https:\/\/madelinefashion.pl\/sk\/plaszcz-musztardowy-dlugi-z-flauszu-2\/","title":{"rendered":"Hor\u010dicov\u00fd dlh\u00fd fl\u00edsov\u00fd kab\u00e1t"},"content":{"rendered":"<h3 style=\"text-align: center;\">Hor\u010dicov\u00fd dlh\u00fd fl\u00edsov\u00fd kab\u00e1t<\/h3>\n<p style=\"text-align: center;\"><b>Kab\u00e1t hor\u010dicovej farby<\/b>\u2013 o\u017eivte svoj \u0161t\u00fdl nielen na jar! Prehliadkov\u00fdm m\u00f3lam kra\u013euje \u017elt\u00e9 oble\u010denie, siahnete po tejto farbe aj vy? <strong>Ob\u00e1lka kab\u00e1t\u00a0<\/strong>\u00a0je univerz\u00e1lny produkt \u2013 \u013eahko ho vyu\u017eijete na r\u00f4zne \u00fa\u010dely\u00a0\u00a0<strong>styling:<\/strong>\u00a0 elegantn\u00e9 a \u0161portov\u00e9,\u00a0<strong>bude perfektn\u00e1 v ka\u017edom ro\u010dnom obdob\u00ed<\/strong>, nie len\u00a0<strong>jar, jese\u0148<\/strong>\u00a0ak\u00a0<strong>zima<\/strong>. Vyroben\u00e9 z fleecu, v\u010faka \u010domu perfektne sed\u00ed. Kab\u00e1t vhodn\u00fd na ka\u017ed\u00fa pr\u00edle\u017eitos\u0165, navy\u0161e vyroben\u00fd z fleecu, dokonale sed\u00ed.<\/p>\n<h3 style=\"text-align: center;\">Perfektn\u00fd kab\u00e1t na ka\u017ed\u00fa pr\u00edle\u017eitos\u0165<\/h3>\n<p style=\"text-align: center;\">Ve\u013ekos\u0165 <strong>univerz\u00e1lny <\/strong>\u00a0odpor\u00fa\u010dame pre d\u00e1my, ktor\u00e9 nosia ve\u013e\u00a0<strong>S, M, L, XL<\/strong> \u010do je obrovsk\u00e1 v\u00fdhoda tohto modelu. V ponuke <strong>m\u00e1me<\/strong> <strong>tie\u017e<\/strong> v\u00e4\u010d\u0161\u00ed <strong>PLUSOV\u00c1 VELKOS\u0164<\/strong> odpor\u00fa\u010dan\u00e9 pre d\u00e1my vo ve\u013e <strong>44,46,48,50<\/strong>\u00a0. Kab\u00e1t je dostupn\u00fd aj v in\u00fdch <strong>farebn\u00e9 varianty<\/strong> \u2013 odpor\u00fa\u010dame v\u00e1m zozn\u00e1mi\u0165 sa s na\u0161imi \u010fal\u0161\u00edmi produktmi. Ak sa neviete rozhodn\u00fa\u0165, ktor\u00e1 farba alebo ve\u013ekos\u0165 je pre v\u00e1s najvhodnej\u0161ia, kontaktujte n\u00e1s na Facebooku alebo telefonicky.<\/p>\n<h3 style=\"text-align: center;\">rozmery kab\u00e1ta:<\/h3>\n<ul style=\"text-align: center;\">\n<li>celkov\u00e1 d\u013a\u017eka chrbta: 90 cm<\/li>\n<li>\u0161\u00edrka od pazuchy po pazuchu: 52 cm<\/li>\n<li>d\u013a\u017eka ruk\u00e1va od ramena: 62 cm<\/li>\n<li>d\u013a\u017eka ruk\u00e1va od podpazu\u0161ia: 47 cm<\/li>\n<li>odpor\u00fa\u010dan\u00fd maxim\u00e1lny obvod poprsia: 125-130 cm<\/li>\n<li>\u0161\u00edrka v bicepsoch: 36 cm<\/li>\n<\/ul>\n<p style=\"text-align: center;\">Rozmery sa m\u00f4\u017eu mierne l\u00ed\u0161i\u0165 od uveden\u00fdch +\/- 2cm. V\u0161etky uveden\u00e9 rozmery s\u00fa meran\u00e9 plo\u0161ne.<\/p>\n<p style=\"text-align: center;\"><strong>Univerz\u00e1lna ve\u013ekos\u0165, odpor\u00fa\u010dan\u00e1 od S po XL\u00a0\u00a0\u00a0<\/strong><\/p>\n<table width=\"605\">\n<tbody>\n<tr>\n<td width=\"302\">Meno modela<\/td>\n<td width=\"302\">Dlh\u00fd fleecov\u00fd kab\u00e1t<\/td>\n<\/tr>\n<tr>\n<td width=\"302\">Farba<\/td>\n<td width=\"302\">Hor\u010dica<\/td>\n<\/tr>\n<tr>\n<td width=\"302\">Zbierka<\/td>\n<td width=\"302\">jar\/jese\u0148\/zima<\/td>\n<\/tr>\n<tr>\n<td width=\"302\">ve\u013ekosti<\/td>\n<td width=\"302\">Univerz\u00e1lny<\/td>\n<\/tr>\n<tr>\n<td width=\"302\">M\u00f3da<\/td>\n<td width=\"302\">nadrozmern\u00e9<\/td>\n<\/tr>\n<tr>\n<td width=\"302\">Hood<\/td>\n<td width=\"302\">Bez kapucne<\/td>\n<\/tr>\n<tr>\n<td width=\"302\">izolovan\u00e9<\/td>\n<td width=\"302\">jednopl\u00e1\u0161\u0165ov\u00e9<\/td>\n<\/tr>\n<tr>\n<td width=\"302\">Materi\u00e1l<\/td>\n<td width=\"302\">Petersham<\/td>\n<\/tr>\n<\/tbody>\n<\/table>\n<p>&nbsp;<\/p>\n<p style=\"text-align: center;\">Model m\u00e1\u00a0<strong>169<\/strong>\u00a0cm vysok\u00fd, nos\u00ed ve\u013ekos\u0165 ka\u017ed\u00fd de\u0148\u00a0<strong>S<\/strong><\/p>\n<p style=\"text-align: center;\">\u0160\u00edrka cez prsia 92 cm<\/p>\n<p style=\"text-align: center;\">\u0160\u00edrka v p\u00e1se 62 cm<\/p>\n<p style=\"text-align: center;\">\u0160\u00edrka v bokoch 94 cm<\/p>","protected":false},"excerpt":{"rendered":"<p>Hor\u010dicovo\u017elt\u00fd dlh\u00fd fl\u00edsov\u00fd kab\u00e1t. Hor\u010dicovo\u017elt\u00fd kab\u00e1t \u2013 o\u017eivte svoj \u0161t\u00fdl nielen na jar! \u017dlt\u00e1 dominuje m\u00f3lam, tak si vyberiete t\u00fato farbu? Zavinovac\u00ed kab\u00e1t je v\u0161estrann\u00fd k\u00fasok \u2013 m\u00f4\u017eete ho \u013eahko nosi\u0165 s r\u00f4znymi \u0161t\u00fdlmi: elegantn\u00fdmi aj \u0161portov\u00fdmi. Je perfektn\u00fd na ka\u017ed\u00e9 ro\u010dn\u00e9 obdobie, nielen na jar, jese\u0148 alebo zimu.<\/p>\n<div class=\"klb-readmore post-buttons\"><a class=\"button black outline size-sm\" href=\"https:\/\/madelinefashion.pl\/sk\/plaszcz-musztardowy-dlugi-z-flauszu-2\/\">\u010c\u00edta\u0165 \u010falej <i class=\"klbth-icon-right-arrow\"><\/i><\/a><\/div>","protected":false},"featured_media":81662,"template":"","meta":[],"product_brand":[],"product_cat":[120,395,279],"product_tag":[510],"class_list":{"0":"post-81670","1":"product","2":"type-product","3":"status-publish","4":"has-post-thumbnail","6":"product_cat-plaszcze-dlugie","7":"product_cat-nowosci","8":"product_cat-plaszcze-wiosenne","9":"product_tag-plaszcze-flauszowe","11":"first","12":"instock","13":"sale","14":"purchasable","15":"product-type-simple"},"_links":{"self":[{"href":"https:\/\/madelinefashion.pl\/sk\/wp-json\/wp\/v2\/product\/81670","targetHints":{"allow":["GET"]}}],"collection":[{"href":"https:\/\/madelinefashion.pl\/sk\/wp-json\/wp\/v2\/product"}],"about":[{"href":"https:\/\/madelinefashion.pl\/sk\/wp-json\/wp\/v2\/types\/product"}],"wp:featuredmedia":[{"embeddable":true,"href":"https:\/\/madelinefashion.pl\/sk\/wp-json\/wp\/v2\/media\/81662"}],"wp:attachment":[{"href":"https:\/\/madelinefashion.pl\/sk\/wp-json\/wp\/v2\/media?parent=81670"}],"wp:term":[{"taxonomy":"product_brand","embeddable":true,"href":"https:\/\/madelinefashion.pl\/sk\/wp-json\/wp\/v2\/product_brand?post=81670"},{"taxonomy":"product_cat","embeddable":true,"href":"https:\/\/madelinefashion.pl\/sk\/wp-json\/wp\/v2\/product_cat?post=81670"},{"taxonomy":"product_tag","embeddable":true,"href":"https:\/\/madelinefashion.pl\/sk\/wp-json\/wp\/v2\/product_tag?post=81670"}],"curies":[{"name":"pracovn\u00fd list","href":"https:\/\/api.w.org\/{rel}","templated":true}]}}