{"id":81878,"date":"2023-03-24T17:58:52","date_gmt":"2023-03-24T16:58:52","guid":{"rendered":"https:\/\/madelinefashion.pl\/?post_type=product&#038;p=81878"},"modified":"2026-01-15T12:43:03","modified_gmt":"2026-01-15T11:43:03","slug":"kurtka-alpaka-z-kapturem-irie-czerwona","status":"publish","type":"product","link":"https:\/\/madelinefashion.pl\/sk\/kurtka-alpaka-z-kapturem-irie-czerwona\/","title":{"rendered":"Bunda z alpaky s kapuc\u0148ou Irie Red"},"content":{"rendered":"<h3 style=\"text-align: center;\">Bunda z alpaky s kapuc\u0148ou Irie Red<\/h3>\n<p style=\"text-align: center;\"><strong>Bunda z alpaky kr\u00e1tka Irie <\/strong>zap\u00ednanie na zips <strong>sez\u00f3nny hit<\/strong>. Je to spojenie elegancie, modernosti a funk\u010dnosti - <strong>Na\u0161a bunda z alpaky<\/strong> Dopln\u00ed ka\u017ed\u00fa postavu a \u0161t\u00fdl. Vyroben\u00e9 z ve\u013emi m\u00f3dneho a neuverite\u013ene pohodln\u00e9ho alpakov\u00e9ho materi\u00e1lu. Tepl\u00e9, ide\u00e1lne na jar a jese\u0148. Vo\u013en\u00fd strih nadrozmern\u00fdch rozmerov sa hod\u00ed k elegantn\u00fdm, le\u017e\u00e9rnym aj \u0161portov\u00fdm outfitom. <strong>Kr\u00e1tka bunda z alpaky s kapuc\u0148ou z hrejiv\u00e9ho a na dotyk pr\u00edjemn\u00e9ho materi\u00e1lu. Model zap\u00ednan\u00fd na zips - m\u00e1 dve vreck\u00e1, ruk\u00e1vy s\u00fa ukon\u010den\u00e9 lemom. Produkt je dostupn\u00fd vo viacer\u00fdch farebn\u00fdch variantoch. <\/strong>Perfektn\u00e9 ako\u00a0<strong>vrchn\u00e9 oble\u010denie v chladnej\u0161\u00edch d\u0148och.<\/strong>\u00a0Je\u00a0<strong>ve\u013emi flexibiln\u00e9. <\/strong>V na\u0161om internetovom obchode n\u00e1jdete ve\u013ek\u00fd v\u00fdber kab\u00e1tov za bezkonkuren\u010dn\u00e9 ceny <strong>n\u00edzka cena<\/strong>. Hod\u00ed sa ku ka\u017ed\u00e9mu \u0161t\u00fdlu, na ka\u017edodenn\u00e9 nosenie, no v\u010faka spr\u00e1vnym doplnkom vytvor\u00edte aj origin\u00e1lny ve\u010dern\u00fd outfit<strong>romantick\u00fa prech\u00e1dzku, ako aj pracovn\u00fd v\u00fdlet<\/strong>. Model vhodn\u00fd pre d\u00e1my nosiace ve\u013e <strong>SML XL<\/strong><\/p>\n<h3 style=\"text-align: center;\">rozmery kab\u00e1ta:<\/h3>\n<div id=\"content_tab_description\" class=\"tab-content tab-description\">\n<div class=\"tab-content-inner\">\n<div class=\"tab-content-scroll\">\n<p style=\"text-align: center;\">Celkov\u00e1 d\u013a\u017eka - 69 cm<br \/>\n\u0160\u00edrka od pazuchy po pazuchu -48- 55 cm<br \/>\n\u0160\u00edrka dole -44- 54 cm<br \/>\nD\u013a\u017eka ruk\u00e1va od podpazu\u0161ia - 47 cm<br \/>\n\u0160\u00edrka v bicepsoch - 18 cm<\/p>\n<\/div>\n<\/div>\n<\/div>\n<p style=\"text-align: center;\">Rozmery sa m\u00f4\u017eu mierne l\u00ed\u0161i\u0165 od uveden\u00fdch +\/- 2cm. V\u0161etky uveden\u00e9 rozmery s\u00fa meran\u00e9 plo\u0161ne.<\/p>\n<p style=\"text-align: center;\"><strong>\u00a0<\/strong><\/p>\n<table width=\"499\">\n<tbody>\n<tr>\n<td width=\"302\">Meno modela<\/td>\n<td width=\"302\">Bunda Irie z alpaky s kapuc\u0148ou<\/td>\n<\/tr>\n<tr>\n<td width=\"302\">Farba<\/td>\n<td width=\"302\">\u010cerven\u00e1<\/td>\n<\/tr>\n<tr>\n<td width=\"302\">Zbierka<\/td>\n<td width=\"302\">jar\/jese\u0148\/zima<\/td>\n<\/tr>\n<tr>\n<td width=\"302\">ve\u013ekosti<\/td>\n<td width=\"302\">Univerz\u00e1lny<\/td>\n<\/tr>\n<tr>\n<td width=\"302\">M\u00f3da<\/td>\n<td width=\"302\">nadrozmern\u00e9<\/td>\n<\/tr>\n<tr>\n<td width=\"302\">Hood<\/td>\n<td width=\"302\">\u00c1no<\/td>\n<\/tr>\n<tr>\n<td width=\"302\">Zaspievanie<\/td>\n<td width=\"302\">zap\u00ednanie na zips<\/td>\n<\/tr>\n<tr>\n<td width=\"302\">Zlo\u017eenie<\/td>\n<td width=\"302\">38,4 % Vlna 23,5 % Polyester 15,3 % Angora 22,8 % Visk\u00f3za<\/td>\n<\/tr>\n<\/tbody>\n<\/table>\n<p style=\"text-align: center;\">Model m\u00e1\u00a0<strong>169<\/strong>\u00a0cm vysok\u00fd, nos\u00ed ve\u013ekos\u0165 ka\u017ed\u00fd de\u0148\u00a0<strong>S<\/strong><\/p>\n<p style=\"text-align: center;\">\u0160\u00edrka cez prsia 92 cm<\/p>\n<p style=\"text-align: center;\">\u0160\u00edrka v p\u00e1se 62 cm<\/p>\n<p style=\"text-align: center;\">\u0160\u00edrka v bokoch 94 cm<\/p>","protected":false},"excerpt":{"rendered":"<p>Kurtka Alpaka z Kapturem Irie Czerwona Kurtka Alpaka Kr\u00f3tka Irie zapinana na zamek hit sezonu. Jest to po\u0142\u0105czenie elegancji, nowoczesno\u015bci i funkcjonalno\u015bci \u2013 Nasza kurtka z Alpaki wpisuje si\u0119 w ka\u017cd\u0105 sylwetk\u0119 i stylizacj\u0119. Wykonany z bardzo modnego i niezwykle przyjemnego materia\u0142u &#8211; &#8222;alpaka&#8221; . Ciep\u0142y, idealny na wiosn\u0119 i jesie\u0144. Oversizeowy, lu\u017any kr\u00f3j pasuj\u0105cy<\/p>\n<div class=\"klb-readmore post-buttons\"><a class=\"button black outline size-sm\" href=\"https:\/\/madelinefashion.pl\/sk\/kurtka-alpaka-z-kapturem-irie-czerwona\/\">\u010c\u00edta\u0165 \u010falej <i class=\"klbth-icon-right-arrow\"><\/i><\/a><\/div>","protected":false},"featured_media":81818,"template":"","meta":[],"product_brand":[],"product_cat":[119,117,279],"product_tag":[284],"class_list":{"0":"post-81878","1":"product","2":"type-product","3":"status-publish","4":"has-post-thumbnail","6":"product_cat-plaszcze-krotkie","7":"product_cat-kurtki","8":"product_cat-plaszcze-wiosenne","9":"product_tag-alpaka","10":"pa_rozmiar-m","11":"pa_rozmiar-l","12":"pa_rozmiar-xl","13":"pa_rozmiar-s","15":"first","16":"outofstock","17":"sale","18":"purchasable","19":"product-type-simple"},"_links":{"self":[{"href":"https:\/\/madelinefashion.pl\/sk\/wp-json\/wp\/v2\/product\/81878","targetHints":{"allow":["GET"]}}],"collection":[{"href":"https:\/\/madelinefashion.pl\/sk\/wp-json\/wp\/v2\/product"}],"about":[{"href":"https:\/\/madelinefashion.pl\/sk\/wp-json\/wp\/v2\/types\/product"}],"wp:featuredmedia":[{"embeddable":true,"href":"https:\/\/madelinefashion.pl\/sk\/wp-json\/wp\/v2\/media\/81818"}],"wp:attachment":[{"href":"https:\/\/madelinefashion.pl\/sk\/wp-json\/wp\/v2\/media?parent=81878"}],"wp:term":[{"taxonomy":"product_brand","embeddable":true,"href":"https:\/\/madelinefashion.pl\/sk\/wp-json\/wp\/v2\/product_brand?post=81878"},{"taxonomy":"product_cat","embeddable":true,"href":"https:\/\/madelinefashion.pl\/sk\/wp-json\/wp\/v2\/product_cat?post=81878"},{"taxonomy":"product_tag","embeddable":true,"href":"https:\/\/madelinefashion.pl\/sk\/wp-json\/wp\/v2\/product_tag?post=81878"}],"curies":[{"name":"pracovn\u00fd list","href":"https:\/\/api.w.org\/{rel}","templated":true}]}}