{"id":82276,"date":"2023-03-27T14:59:56","date_gmt":"2023-03-27T12:59:56","guid":{"rendered":"https:\/\/madelinefashion.pl\/?post_type=product&#038;p=82276"},"modified":"2026-04-10T15:07:06","modified_gmt":"2026-04-10T13:07:06","slug":"sukienka-midi-tiulowa-z-kwiatkami-czarna-onnice","status":"publish","type":"product","link":"https:\/\/madelinefashion.pl\/sk\/sukienka-midi-tiulowa-z-kwiatkami-czarna-onnice\/","title":{"rendered":"Tylov\u00e9 midi \u0161aty s kvetmi Black Onnice"},"content":{"rendered":"<h3 style=\"text-align: center;\">Tylov\u00e9 midi \u0161aty s kvetmi Black Onnice<\/h3>\n<p style=\"text-align: center;\">P\u00f4sobiv\u00e9 midi \u0161aty\u00a0 <strong>tylu<\/strong> s ozdobn\u00fdmi kvetmi vo farbe \u0161iat. \u0160aty maj\u00fa gumi\u010dku na chrbte a ozdoby v p\u00e1se a na ramene v podobe jemn\u00fdch kvietkov. Skvel\u00fd vzdu\u0161n\u00fd roz\u0161\u00edren\u00fd <strong>tylov\u00e9 \u0161aty<\/strong> \u2013 dostupn\u00e9 v na\u0161ej predajni vo viacer\u00fdch <strong>farebn\u00e9 verzie<\/strong>. Tylov\u00e1 aplik\u00e1cia zaru\u010d\u00ed jedine\u010dn\u00fd vzh\u013ead. Kvetinov\u00fd opasok je kr\u00e1sny <strong>bude zd\u00f4raz\u0148ova\u0165 p\u00e1s<\/strong>. Spodn\u00e1 \u010das\u0165 \u0161iat <b>tylu <\/b>pozost\u00e1va z roz\u0161\u00edrenej tylovej tkaniny a pod\u0161\u00edvky, ktor\u00e1 sa efekt\u00edvne prezentuje v pohybe. Model s uzavret\u00fdm chrbtom. Ide\u00e1lna ponuka pre \u017eeny, ktor\u00e9 to ocenia <strong>\u0161ik a elegancia.<\/strong> Vyrovnajte sa <a href=\"https:\/\/madelinefashion.pl\/sk\/buty\/\">\u0161tekle<\/a> dostupn\u00e9 aj na na\u0161ej webovej str\u00e1nke a vytv\u00e1raj\u00fa elegantn\u00fd vzh\u013ead. Mus\u00edte ju ma\u0165 vo svojom \u0161atn\u00edku! Univerz\u00e1lna ve\u013ekos\u0165, odpor\u00fa\u010dan\u00e1 pre \u017eeny nosiace XS SML, ak nos\u00edte v\u00e4\u010d\u0161iu ve\u013ekos\u0165, pozrite si rozmery. Ide\u00e1lne na \u0161peci\u00e1lne udalosti, ve\u010dierky, svadby, ako \u0161aty na ples alebo narodeniny. N\u00e1dhern\u00e9 a jedine\u010dn\u00e9, fantastick\u00e9 v pohybe, ka\u017ed\u00e1 \u017eena sa v \u0148om bude c\u00edti\u0165 v\u00fdnimo\u010dne.<\/p>\n<h3 style=\"text-align: center;\">Rozmery \u0161iat<\/h3>\n<ul style=\"text-align: center;\">\n<li>celkov\u00e1 d\u013a\u017eka 92 cm<\/li>\n<li>\u0161\u00edrka od pazuchy po pazuchu: 38-49 cm<\/li>\n<li>\u0161\u00edrka p\u00e1sa: 32-40 cm<\/li>\n<li>d\u013a\u017eka pod\u0161\u00edvky: 49 cm<\/li>\n<li>d\u013a\u017eka tylu: 57 cm<\/li>\n<li><\/li>\n<\/ul>\n<p style=\"text-align: center;\">Rozmery sa m\u00f4\u017eu mierne l\u00ed\u0161i\u0165 od uveden\u00fdch +\/- 2cm. V\u0161etky uveden\u00e9 rozmery s\u00fa meran\u00e9 plo\u0161ne. <strong>rozmer x2<\/strong><\/p>\n<p style=\"text-align: center;\"><strong>\u00a0<\/strong><\/p>\n<table style=\"height: 214px;\" width=\"548\">\n<tbody>\n<tr>\n<td width=\"302\">Meno modela<\/td>\n<td width=\"302\">Tylov\u00e9 midi \u0161aty s pekn\u00fdmi kvetmi<\/td>\n<\/tr>\n<tr>\n<td width=\"302\">Farba<\/td>\n<td width=\"302\">\u010dierna<\/td>\n<\/tr>\n<tr>\n<td width=\"302\">Zbierka<\/td>\n<td width=\"302\">Jar leto<\/td>\n<\/tr>\n<tr>\n<td width=\"302\">ve\u013ekosti<\/td>\n<td width=\"302\">Univerz\u00e1lny<\/td>\n<\/tr>\n<tr>\n<td width=\"302\">M\u00f3da<\/td>\n<td width=\"302\">Vzplanul<\/td>\n<\/tr>\n<tr>\n<td width=\"302\">Dekor\u00e1cia<\/td>\n<td width=\"302\">Tylov\u00e9 kvety<\/td>\n<\/tr>\n<tr>\n<td width=\"302\">Materi\u00e1l<\/td>\n<td width=\"302\">95 % Polyester 5% Elastan<\/td>\n<\/tr>\n<\/tbody>\n<\/table>\n<section class=\"page-product-box\">\n<div class=\"rte\">\n<p style=\"text-align: center;\">Model m\u00e1\u00a0<strong>169<\/strong>\u00a0cm vysok\u00fd, nos\u00ed ve\u013ekos\u0165 ka\u017ed\u00fd de\u0148\u00a0<strong>S<\/strong><\/p>\n<p style=\"text-align: center;\">\u0160\u00edrka cez prsia 92 cm<\/p>\n<p style=\"text-align: center;\">\u0160\u00edrka v p\u00e1se 62 cm<\/p>\n<p style=\"text-align: center;\">\u0160\u00edrka v bokoch 94 cm<\/p>\n<\/div>\n<\/section>","protected":false},"excerpt":{"rendered":"<p>Sukienka Midi Tiulowa z Kwiatkami Czarna Onnice Efektowna sukienka midi\u00a0 tiulowa z ozdobnymi kwiatami w kolorze sukienki . Sukienka posiada na plecach gumk\u0119 oraz zdobienia w Pasie i na ramieniu w postaci delikatnych kwiat\u00f3w. Wspania\u0142a zwiewna rozkloszowana sukienka tiulowa &#8211; dost\u0119pna w Naszym sklepie w kilku wersjach kolorystycznych.\u00a0 Aplikacja tiulu zagwarantuje niepowtarzalny look. Kwiecisty pas<\/p>\n<div class=\"klb-readmore post-buttons\"><a class=\"button black outline size-sm\" href=\"https:\/\/madelinefashion.pl\/sk\/sukienka-midi-tiulowa-z-kwiatkami-czarna-onnice\/\">\u010c\u00edta\u0165 \u010falej <i class=\"klbth-icon-right-arrow\"><\/i><\/a><\/div>","protected":false},"featured_media":82270,"template":"","meta":[],"product_brand":[],"product_cat":[124,561],"product_tag":[213,262],"class_list":{"0":"post-82276","1":"product","2":"type-product","3":"status-publish","4":"has-post-thumbnail","6":"product_cat-sukienki-okolicznosciowe","7":"product_cat-sukienki-tiulowe","8":"product_tag-sukienka-czarna","9":"product_tag-sukienki-krotkie","11":"first","12":"instock","13":"sale","14":"purchasable","15":"product-type-simple"},"_links":{"self":[{"href":"https:\/\/madelinefashion.pl\/sk\/wp-json\/wp\/v2\/product\/82276","targetHints":{"allow":["GET"]}}],"collection":[{"href":"https:\/\/madelinefashion.pl\/sk\/wp-json\/wp\/v2\/product"}],"about":[{"href":"https:\/\/madelinefashion.pl\/sk\/wp-json\/wp\/v2\/types\/product"}],"wp:featuredmedia":[{"embeddable":true,"href":"https:\/\/madelinefashion.pl\/sk\/wp-json\/wp\/v2\/media\/82270"}],"wp:attachment":[{"href":"https:\/\/madelinefashion.pl\/sk\/wp-json\/wp\/v2\/media?parent=82276"}],"wp:term":[{"taxonomy":"product_brand","embeddable":true,"href":"https:\/\/madelinefashion.pl\/sk\/wp-json\/wp\/v2\/product_brand?post=82276"},{"taxonomy":"product_cat","embeddable":true,"href":"https:\/\/madelinefashion.pl\/sk\/wp-json\/wp\/v2\/product_cat?post=82276"},{"taxonomy":"product_tag","embeddable":true,"href":"https:\/\/madelinefashion.pl\/sk\/wp-json\/wp\/v2\/product_tag?post=82276"}],"curies":[{"name":"pracovn\u00fd list","href":"https:\/\/api.w.org\/{rel}","templated":true}]}}