{"id":82602,"date":"2023-03-28T13:00:36","date_gmt":"2023-03-28T11:00:36","guid":{"rendered":"https:\/\/madelinefashion.pl\/?post_type=product&#038;p=82602"},"modified":"2025-09-09T10:17:56","modified_gmt":"2025-09-09T08:17:56","slug":"sukienka-midi-zwiewna-diori-pudrowo-rozowa","status":"publish","type":"product","link":"https:\/\/madelinefashion.pl\/sk\/sukienka-midi-zwiewna-diori-pudrowo-rozowa\/","title":{"rendered":"Diori Airy Midi Dress Powder Pink"},"content":{"rendered":"<h3 style=\"text-align: center;\">Diori Airy Midi Dress Powder Pink<\/h3>\n<p style=\"text-align: center;\"><b>Midi \u0161aty s prelamovan\u00fdmi vsadkami.<\/b> Neuverite\u013ene \u017eensk\u00e9, elegantn\u00e9 skladan\u00e9 \u0161aty strednej d\u013a\u017eky. \u0160aty s v\u00fdstrihom v tvare V. Elastick\u00fd p\u00e1s v p\u00e1se zaist\u00ed pri\u013enutie modelu k postave, \u010do zv\u00fdrazn\u00ed \u017eensk\u00e9 tvary. \u0160aty maj\u00fa pod\u0161\u00edvku. Vzdu\u0161n\u00fd strih je fantastick\u00fd pri pohybe. Ide\u00e1lna ponuka na svadby, svadobn\u00e9 hostiny, rodinn\u00e9 oslavy, bankety. <strong><span lang=\"pl-pl\" xml:lang=\"pl-pl\">\u0160aty s\u00fa vyroben\u00e9 z \u013eahk\u00e9ho materi\u00e1lu, tak\u017ee sa v nich budete c\u00edti\u0165 pohodlne.\u00a0<\/span><\/strong><span lang=\"pl-pl\" xml:lang=\"pl-pl\">Dostupn\u00e9 v na\u0161ej predajni vo viacer\u00fdch farebn\u00fdch variantoch. Odpor\u00fa\u010dame pre d\u00e1my vo ve\u013ekosti SML XL<\/span><\/p>\n<h3 style=\"text-align: center;\">Rozmery:<\/h3>\n<ul style=\"text-align: center;\">\n<li><span style=\"font-size: 10pt;\">\u00a0\u00a0\u00a0\u00a0\u00a0\u00a0\u00a0 celkov\u00e1 d\u013a\u017eka: 115 cm<\/span><\/li>\n<li><span style=\"font-size: 10pt;\">\u00a0\u00a0\u00a0\u00a0\u00a0\u00a0\u00a0 \u0161\u00edrka od pazuchy po pazuchu: 48-57 cm<\/span><\/li>\n<li><span style=\"font-size: 10pt;\">\u00a0\u00a0\u00a0\u00a0\u00a0\u00a0\u00a0 \u0161\u00edrka p\u00e1sa 31-54 cm (elastick\u00fd)<\/span><\/li>\n<li><span style=\"font-size: 10pt;\">\u00a0\u00a0\u00a0\u00a0\u00a0\u00a0\u00a0 odpor\u00fa\u010dan\u00fd maxim\u00e1lny obvod poprsia: 114 cm<\/span><\/li>\n<li><\/li>\n<\/ul>\n<p style=\"text-align: center;\"><span style=\"vertical-align: inherit;\">Rozmery sa m\u00f4\u017eu l\u00ed\u0161i\u0165 od uveden\u00fdch +\/- 2cm. V\u0161etky uveden\u00e9 rozmery s\u00fa meran\u00e9 plo\u0161ne. rozmer x2<\/span><\/p>\n<h3 style=\"text-align: center;\">Vlastnosti produktu:<\/h3>\n<p style=\"text-align: center;\"><span style=\"color: #000000;\"><strong>Dod\u00e1van\u00e9 s opaskom vo farbe \u0161iat.<\/strong><\/span><\/p>\n<p style=\"text-align: center;\"><span style=\"font-size: 10pt;\">- elastick\u00fd materi\u00e1l<\/span><br \/>\n<span style=\"font-size: 10pt;\">- pod\u0161\u00edvka<br \/>\n<\/span>\u2013 V-v\u00fdstrih<br \/>\n\u2013 MIDI \u0161aty<\/p>\n<p style=\"text-align: center;\"><span style=\"font-size: 10pt;\"><strong>\u00a0<\/strong>\u00a0<\/span><\/p>\n<p>&nbsp;<\/p>\n<table style=\"height: 166px;\" width=\"670\">\n<tbody>\n<tr>\n<td width=\"302\"><span style=\"font-size: 10pt;\">Meno modela<\/span><\/td>\n<td width=\"302\">Diori Airy Midi \u0161aty<\/td>\n<\/tr>\n<tr>\n<td width=\"302\">Farba<\/td>\n<td width=\"302\">Svetlo ru\u017eov\u00e1<\/td>\n<\/tr>\n<tr>\n<td width=\"302\"><span style=\"font-size: 10pt;\">M\u00f3da<\/span><\/td>\n<td width=\"302\"><span style=\"font-size: 10pt;\">Vzplanul<\/span><\/td>\n<\/tr>\n<tr>\n<td width=\"302\"><span style=\"font-size: 10pt;\">Materi\u00e1l<\/span><\/td>\n<td width=\"302\"><span style=\"font-size: 10pt;\">97 %Polyester 3% Elastan<\/span><\/td>\n<\/tr>\n<tr>\n<td width=\"302\"><span style=\"font-size: 10pt;\">D\u013a\u017eka<\/span><\/td>\n<td width=\"302\"><span style=\"font-size: 13.3333px;\">midi<\/span><\/td>\n<\/tr>\n<\/tbody>\n<\/table>\n<p style=\"text-align: center;\">Model m\u00e1\u00a0<strong>169<\/strong>\u00a0cm vysok\u00fd, nos\u00ed ve\u013ekos\u0165 ka\u017ed\u00fd de\u0148\u00a0<strong>S<\/strong><\/p>\n<p style=\"text-align: center;\">\u0160\u00edrka cez prsia 92 cm<\/p>\n<p style=\"text-align: center;\">\u0160\u00edrka v p\u00e1se 62 cm<\/p>\n<p style=\"text-align: center;\">\u0160\u00edrka v bokoch 94 cm<\/p>\n<div class=\"additional-details\" style=\"text-align: center;\">\n<p style=\"text-align: center;\"><span style=\"font-size: 10pt;\">\u00a0<\/span><\/p>\n<\/div>","protected":false},"excerpt":{"rendered":"<p>Sukienka Midi Zwiewna Diori Pudrowo R\u00f3\u017cowa Sukienka midi z a\u017curowymi wstawkami. Niesamowicie kobieca, elegancka sukienka plisowana o d\u0142ugo\u015bci midi. Sukienka z dekoltem w kszta\u0142cie litery V. W talii elastyczna gumka zapewnia dopasowanie modelu do sylwetki co podkre\u015bli kobiece kszta\u0142ty. Sukienka posiada podszewk\u0119. Zwiewny fason fantastycznie uk\u0142ada si\u0119 podczas ruchu. Idealna propozycja na \u015blub, wesele, rodzinne<\/p>\n<div class=\"klb-readmore post-buttons\"><a class=\"button black outline size-sm\" href=\"https:\/\/madelinefashion.pl\/sk\/sukienka-midi-zwiewna-diori-pudrowo-rozowa\/\">\u010c\u00edta\u0165 \u010falej <i class=\"klbth-icon-right-arrow\"><\/i><\/a><\/div>","protected":false},"featured_media":82457,"template":"","meta":[],"product_brand":[],"product_cat":[125,395],"product_tag":[215],"class_list":{"0":"post-82602","1":"product","2":"type-product","3":"status-publish","4":"has-post-thumbnail","6":"product_cat-sukienki","7":"product_cat-nowosci","8":"product_tag-sukienki-rozowe","10":"first","11":"instock","12":"purchasable","13":"product-type-simple"},"_links":{"self":[{"href":"https:\/\/madelinefashion.pl\/sk\/wp-json\/wp\/v2\/product\/82602","targetHints":{"allow":["GET"]}}],"collection":[{"href":"https:\/\/madelinefashion.pl\/sk\/wp-json\/wp\/v2\/product"}],"about":[{"href":"https:\/\/madelinefashion.pl\/sk\/wp-json\/wp\/v2\/types\/product"}],"wp:featuredmedia":[{"embeddable":true,"href":"https:\/\/madelinefashion.pl\/sk\/wp-json\/wp\/v2\/media\/82457"}],"wp:attachment":[{"href":"https:\/\/madelinefashion.pl\/sk\/wp-json\/wp\/v2\/media?parent=82602"}],"wp:term":[{"taxonomy":"product_brand","embeddable":true,"href":"https:\/\/madelinefashion.pl\/sk\/wp-json\/wp\/v2\/product_brand?post=82602"},{"taxonomy":"product_cat","embeddable":true,"href":"https:\/\/madelinefashion.pl\/sk\/wp-json\/wp\/v2\/product_cat?post=82602"},{"taxonomy":"product_tag","embeddable":true,"href":"https:\/\/madelinefashion.pl\/sk\/wp-json\/wp\/v2\/product_tag?post=82602"}],"curies":[{"name":"pracovn\u00fd list","href":"https:\/\/api.w.org\/{rel}","templated":true}]}}