{"id":83151,"date":"2023-04-01T13:32:50","date_gmt":"2023-04-01T11:32:50","guid":{"rendered":"https:\/\/madelinefashion.pl\/?post_type=product&#038;p=83151"},"modified":"2025-09-09T10:17:26","modified_gmt":"2025-09-09T08:17:26","slug":"sukienka-olowkowa-z-koronka-goya-bordowa","status":"publish","type":"product","link":"https:\/\/madelinefashion.pl\/sk\/sukienka-olowkowa-z-koronka-goya-bordowa\/","title":{"rendered":"Ceruzkov\u00e9 \u0161aty s goya bordovou \u010dipkou"},"content":{"rendered":"<h3 style=\"text-align: center;\">Ceruzkov\u00e9 \u0161aty s goya bordovou \u010dipkou<\/h3>\n<p style=\"text-align: center;\">Ve\u013ekolep\u00e9 midi \u0161aty s\u00fa n\u00e1vrhom vhodn\u00fdm pre zvl\u00e1\u0161tne okolnosti. \u0160aty maj\u00fa na chrbte gumi\u010dku a kr\u00e1snu ozdobn\u00fa \u010dipku. Skvel\u00e9 - dostupn\u00e9 v na\u0161om obchode vo viacer\u00fdch <strong>farebn\u00e9 verzie<\/strong>. \u0160aty s v\u00fdstrihom do V + tylov\u00e1 aplik\u00e1cia zaru\u010dia jedine\u010dn\u00fd vzh\u013ead. Jej \u0161t\u00fdl je kr\u00e1sny <strong>odkryje p\u00e1s<\/strong>. Spodn\u00e1 \u010das\u0165 \u0161iat <b>\u00a0<\/b>pozost\u00e1va zo zodpovedaj\u00facej l\u00e1tky a pod\u0161\u00edvky, ktor\u00e1 sa efekt\u00edvne prezentuje v pohybe. Model s mierne odhalen\u00fdm chrbtom m\u00e1 <strong>v\u0161it\u00e9 ko\u0161\u00ed\u010dky<\/strong> robi\u0165 podprsenku zbyto\u010dnou. Ide\u00e1lna ponuka pre \u017eeny, ktor\u00e9 to ocenia <strong>\u0161ik a elegancia.<\/strong> \u0160aty odpor\u00fa\u010dan\u00e9 na svadbu, 18. a dokonca aj na svadbu. Vyrovnajte sa <a href=\"https:\/\/madelinefashion.pl\/sk\/buty\/\">\u0161tekle<\/a> dostupn\u00e9 aj na na\u0161ej webovej str\u00e1nke a vytv\u00e1raj\u00fa elegantn\u00fd vzh\u013ead. Mus\u00edte ju ma\u0165 vo svojom \u0161atn\u00edku! Univerz\u00e1lna ve\u013ekos\u0165, odpor\u00fa\u010dan\u00e1 pre \u017eeny nosiace XS SML, ak nos\u00edte v\u00e4\u010d\u0161iu ve\u013ekos\u0165, pozrite si rozmery<\/p>\n<h3 style=\"text-align: center;\">Rozmery \u0161iat<\/h3>\n<ul style=\"text-align: center;\">\n<li>celkov\u00e1 d\u013a\u017eka 94 cm<\/li>\n<li>\u0161\u00edrka od pazuchy po pazuchu: 40-46 cm<\/li>\n<li>\u0161\u00edrka v p\u00e1se: 35-40 cm<\/li>\n<li><\/li>\n<\/ul>\n<p style=\"text-align: center;\">Rozmery sa m\u00f4\u017eu mierne l\u00ed\u0161i\u0165 od uveden\u00fdch +\/- 2cm. V\u0161etky uveden\u00e9 rozmery s\u00fa meran\u00e9 plo\u0161ne. <strong>rozmer x2<\/strong><\/p>\n<p style=\"text-align: center;\"><strong>\u00a0<\/strong><\/p>\n<table style=\"height: 214px;\" width=\"548\">\n<tbody>\n<tr>\n<td width=\"302\">Meno modela<\/td>\n<td width=\"302\">Ceruzkov\u00e9 \u0161aty s \u010dipkou Goya<\/td>\n<\/tr>\n<tr>\n<td width=\"302\">Farba<\/td>\n<td width=\"302\">Claret<\/td>\n<\/tr>\n<tr>\n<td width=\"302\">Zbierka<\/td>\n<td width=\"302\">Jar leto<\/td>\n<\/tr>\n<tr>\n<td width=\"302\">ve\u013ekosti<\/td>\n<td width=\"302\">Univerz\u00e1lny<\/td>\n<\/tr>\n<tr>\n<td width=\"302\">M\u00f3da<\/td>\n<td width=\"302\">ceruzka<\/td>\n<\/tr>\n<tr>\n<td width=\"302\">Dekor\u00e1cia<\/td>\n<td width=\"302\">tylov\u00e1 \u010dipka<\/td>\n<\/tr>\n<tr>\n<td width=\"302\">Materi\u00e1l<\/td>\n<td width=\"302\">95 % Polyester 5% Elastan<\/td>\n<\/tr>\n<\/tbody>\n<\/table>\n<section class=\"page-product-box\">\n<div class=\"rte\">\n<p style=\"text-align: center;\">Model m\u00e1\u00a0<strong>169<\/strong>\u00a0cm vysok\u00fd, nos\u00ed ve\u013ekos\u0165 ka\u017ed\u00fd de\u0148\u00a0<strong>S<\/strong><\/p>\n<p style=\"text-align: center;\">\u0160\u00edrka cez prsia 92 cm<\/p>\n<p style=\"text-align: center;\">\u0160\u00edrka v p\u00e1se 62 cm<\/p>\n<p style=\"text-align: center;\">\u0160\u00edrka v bokoch 94 cm<\/p>\n<\/div>\n<\/section>","protected":false},"excerpt":{"rendered":"<p>Sukienka O\u0142\u00f3wkowa Z Koronk\u0105 Goya Bordowa Efektowna sukienka midi to propozycja odpowiednia na wyj\u0105tkowe okoliczno\u015bci. Sukienka posiada na plecach gumk\u0119 oraz pi\u0119kn\u0105 ozdobn\u0105 koronk\u0119. Wspania\u0142a\u00a0&#8211; dost\u0119pna w Naszym sklepie w kilku wersjach kolorystycznych. Sukienka z dekoltem w styl V + aplikacja tiulu zagwarantuje niepowtarzalny look. Jej fason przepi\u0119knie wyeksponuje tali\u0119. Dolna cz\u0119\u015b\u0107 sukienki \u00a0sk\u0142ada si\u0119<\/p>\n<div class=\"klb-readmore post-buttons\"><a class=\"button black outline size-sm\" href=\"https:\/\/madelinefashion.pl\/sk\/sukienka-olowkowa-z-koronka-goya-bordowa\/\">\u010c\u00edta\u0165 \u010falej <i class=\"klbth-icon-right-arrow\"><\/i><\/a><\/div>","protected":false},"featured_media":83170,"template":"","meta":[],"product_brand":[],"product_cat":[124],"product_tag":[216,262],"class_list":{"0":"post-83151","1":"product","2":"type-product","3":"status-publish","4":"has-post-thumbnail","6":"product_cat-sukienki-okolicznosciowe","7":"product_tag-sukienki-bordowe","8":"product_tag-sukienki-krotkie","10":"first","11":"instock","12":"purchasable","13":"product-type-simple"},"_links":{"self":[{"href":"https:\/\/madelinefashion.pl\/sk\/wp-json\/wp\/v2\/product\/83151","targetHints":{"allow":["GET"]}}],"collection":[{"href":"https:\/\/madelinefashion.pl\/sk\/wp-json\/wp\/v2\/product"}],"about":[{"href":"https:\/\/madelinefashion.pl\/sk\/wp-json\/wp\/v2\/types\/product"}],"wp:featuredmedia":[{"embeddable":true,"href":"https:\/\/madelinefashion.pl\/sk\/wp-json\/wp\/v2\/media\/83170"}],"wp:attachment":[{"href":"https:\/\/madelinefashion.pl\/sk\/wp-json\/wp\/v2\/media?parent=83151"}],"wp:term":[{"taxonomy":"product_brand","embeddable":true,"href":"https:\/\/madelinefashion.pl\/sk\/wp-json\/wp\/v2\/product_brand?post=83151"},{"taxonomy":"product_cat","embeddable":true,"href":"https:\/\/madelinefashion.pl\/sk\/wp-json\/wp\/v2\/product_cat?post=83151"},{"taxonomy":"product_tag","embeddable":true,"href":"https:\/\/madelinefashion.pl\/sk\/wp-json\/wp\/v2\/product_tag?post=83151"}],"curies":[{"name":"pracovn\u00fd list","href":"https:\/\/api.w.org\/{rel}","templated":true}]}}