{"id":83565,"date":"2023-04-05T15:25:21","date_gmt":"2023-04-05T13:25:21","guid":{"rendered":"https:\/\/madelinefashion.pl\/?post_type=product&#038;p=83565"},"modified":"2023-04-05T15:46:52","modified_gmt":"2023-04-05T13:46:52","slug":"kombinezon-elegancki-z-rozcietym-rekawkiem-polly-turkusowy","status":"publish","type":"product","link":"https:\/\/madelinefashion.pl\/sk\/kombinezon-elegancki-z-rozcietym-rekawkiem-polly-turkusowy\/","title":{"rendered":"Elegantn\u00fd overal s delen\u00fdmi ruk\u00e1vmi Polly Turquoise"},"content":{"rendered":"<h3 style=\"text-align: center;\">Elegantn\u00fd overal s delen\u00fdmi ruk\u00e1vmi Polly Turquoise<\/h3>\n<p style=\"text-align: center;\"><span style=\"vertical-align: inherit;\"><span style=\"vertical-align: inherit;\"><strong>Elegantn\u00fd overal s delen\u00fdmi ruk\u00e1vmi Polly Turquoise<\/strong> je hitom v na\u0161om obchode. S<\/span><span style=\"vertical-align: inherit;\">pr\u00e1va, ktor\u00e9 okolo v\u00e1s nikto \u013eahostajne neprejde.<strong> Oblek m\u00e1 dlh\u00e9 nohy a<\/strong>\u00a0dlh\u00fd ruk\u00e1v s <strong>reza\u0165<\/strong>. V\u010faka tomu je oblek jedine\u010dn\u00fd. Na p\u00e1se m\u00e1 dve zlat\u00e9 ozdoby <strong>tla\u010didl\u00e1<\/strong>. Kombin\u00e9za sa zap\u00edna na boku <strong>zap\u00ednanie na zips<\/strong>. Vyroben\u00e9 z materi\u00e1lu pr\u00edjemn\u00e9ho na dotyk. c<\/span><\/span>odpor vytv\u00e1ra v\u00fdnimo\u010dn\u00e9 <strong>styling<\/strong>, jednoducho stvoren\u00e1 na tepl\u00e9 jarn\u00e9 a letn\u00e9 dni. <strong>Budete pote\u0161en\u00ed.<\/strong> Pohodln\u00e9 nosenie v sofistikovanom \u0161t\u00fdle mus\u00ed by\u0165 vo va\u0161om \u0161atn\u00edku. <strong>\u0160t\u00fdlov\u00fd a z\u00e1rove\u0148 ve\u013emi \u017eensk\u00fd overal Jedna ve\u013ekos\u0165 padne v\u0161etk\u00fdm.<\/strong> Odpor\u00fa\u010da sa pre \u017eeny, ktor\u00e9 nosia ve\u013e <strong>XS SML XL.<\/strong><\/p>\n<p>&nbsp;<\/p>\n<h3 style=\"text-align: center;\"><span style=\"vertical-align: inherit;\">Rozmery obleku:<\/span><\/h3>\n<p align=\"center\">Celkov\u00e1 d\u013a\u017eka - 138 cm<br \/>\n\u0160\u00edrka v p\u00e1se - 32 - 38 cm<br \/>\n\u0160\u00edrka od pazuchy po pazuchu: 44-58 cm<br \/>\nD\u013a\u017eka ruk\u00e1va od ramena - 62 cm<br \/>\nD\u013a\u017eka nohav\u00edc - 95 cm<\/p>\n<p style=\"text-align: center;\"><span style=\"vertical-align: inherit;\"><span style=\"vertical-align: inherit;\">Rozmery sa m\u00f4\u017eu l\u00ed\u0161i\u0165 od uveden\u00fdch +\/- 2cm. <\/span><span style=\"vertical-align: inherit;\">V\u0161etky uveden\u00e9 rozmery s\u00fa meran\u00e9 plo\u0161ne.<\/span><\/span><\/p>\n<h3 style=\"text-align: center;\"><span style=\"vertical-align: inherit;\"><span style=\"vertical-align: inherit;\">Vlastnosti produktu:<br \/>\n<\/span><\/span><\/h3>\n<p style=\"text-align: center;\">-elegantn\u00fd<br \/>\n- pr\u00edjemn\u00fd materi\u00e1l<br \/>\n- m\u00f3dny \u0161t\u00fdl<br \/>\n- guma v p\u00e1se<br \/>\n- origin\u00e1l<br \/>\n-\u017eensk\u00fd<br \/>\n- s prestrihom na ruk\u00e1ve<\/p>\n<p style=\"text-align: center;\"><strong>\u00a0<\/strong><\/p>\n<table width=\"432\">\n<tbody>\n<tr>\n<td width=\"302\">Meno modela<\/td>\n<td width=\"302\">Elegantn\u00fd overal s polly s rozparkovan\u00fdm ruk\u00e1vom<\/td>\n<\/tr>\n<tr>\n<td width=\"302\">Farba<\/td>\n<td width=\"302\">tyrkysov\u00e1<\/td>\n<\/tr>\n<tr>\n<td width=\"302\">Zbierka<\/td>\n<td width=\"302\">Jar Leto Jese\u0148<\/td>\n<\/tr>\n<tr>\n<td width=\"302\">ve\u013ekosti<\/td>\n<td width=\"302\">Univerz\u00e1lny<\/td>\n<\/tr>\n<tr>\n<td width=\"302\">\u0160tiepenie<\/td>\n<td width=\"302\">Ob\u00e1lka<\/td>\n<\/tr>\n<tr>\n<td width=\"302\">D\u013a\u017eka<\/td>\n<td width=\"302\">maxi<\/td>\n<\/tr>\n<tr>\n<td width=\"302\">Materi\u00e1l<\/td>\n<td width=\"302\">95% Polyester 5% Elastan<\/td>\n<\/tr>\n<\/tbody>\n<\/table>\n<div class=\"tabs tabs-bb clear mb-80\">\n<div class=\"tab-content\">\n<div id=\"tab-description\" class=\"tab-pane fade in woocommerce-Tabs-panel--description active\">\n<p style=\"text-align: center;\">Model m\u00e1\u00a0<strong>169<\/strong>\u00a0cm vysok\u00fd, nos\u00ed ve\u013ekos\u0165 ka\u017ed\u00fd de\u0148\u00a0<strong>S<\/strong><\/p>\n<p style=\"text-align: center;\">\u0160\u00edrka cez prsia 92 cm<\/p>\n<p style=\"text-align: center;\">\u0160\u00edrka v p\u00e1se 62 cm<\/p>\n<p style=\"text-align: center;\">\u0160\u00edrka v bokoch 94 cm<\/p>\n<\/div>\n<\/div>\n<\/div>\n<section class=\"related products mb-80\"><\/section>\n<section class=\"page-product-box\">\n<div class=\"rte\">\n<p style=\"text-align: center;\">\n<\/div>\n<\/section>","protected":false},"excerpt":{"rendered":"<p>Kombinezon Elegancki z Rozci\u0119tym R\u0119kawkiem Polly Turkusowy Kombinezon Elegancki z Rozci\u0119tym R\u0119kawkiem Polly Turkusowy to hit w naszym sklepie. Spraw, \u017ce nikt nie przejdzie obok Ciebie oboj\u0119tnie. Kombinezon posiada d\u0142ugie nogawki oraz\u00a0d\u0142ugi r\u0119kaw z rozci\u0119ciem. Sprawia to, \u017ce kombinezon taje si\u0119 unikatowy. W pasie ma dwa z\u0142ote, stanowi\u0105ce ozdob\u0119 guziki. Kombinezon z boku zapinany jest<\/p>\n<div class=\"klb-readmore post-buttons\"><a class=\"button black outline size-sm\" href=\"https:\/\/madelinefashion.pl\/sk\/kombinezon-elegancki-z-rozcietym-rekawkiem-polly-turkusowy\/\">\u010c\u00edta\u0165 \u010falej <i class=\"klbth-icon-right-arrow\"><\/i><\/a><\/div>","protected":false},"featured_media":83561,"template":"","meta":[],"product_brand":[],"product_cat":[80,395],"product_tag":[297],"class_list":{"0":"post-83565","1":"product","2":"type-product","3":"status-publish","4":"has-post-thumbnail","6":"product_cat-sukienki-i-kombinezony","7":"product_cat-nowosci","8":"product_tag-kombinezony","10":"first","11":"instock","12":"purchasable","13":"product-type-simple"},"_links":{"self":[{"href":"https:\/\/madelinefashion.pl\/sk\/wp-json\/wp\/v2\/product\/83565","targetHints":{"allow":["GET"]}}],"collection":[{"href":"https:\/\/madelinefashion.pl\/sk\/wp-json\/wp\/v2\/product"}],"about":[{"href":"https:\/\/madelinefashion.pl\/sk\/wp-json\/wp\/v2\/types\/product"}],"wp:featuredmedia":[{"embeddable":true,"href":"https:\/\/madelinefashion.pl\/sk\/wp-json\/wp\/v2\/media\/83561"}],"wp:attachment":[{"href":"https:\/\/madelinefashion.pl\/sk\/wp-json\/wp\/v2\/media?parent=83565"}],"wp:term":[{"taxonomy":"product_brand","embeddable":true,"href":"https:\/\/madelinefashion.pl\/sk\/wp-json\/wp\/v2\/product_brand?post=83565"},{"taxonomy":"product_cat","embeddable":true,"href":"https:\/\/madelinefashion.pl\/sk\/wp-json\/wp\/v2\/product_cat?post=83565"},{"taxonomy":"product_tag","embeddable":true,"href":"https:\/\/madelinefashion.pl\/sk\/wp-json\/wp\/v2\/product_tag?post=83565"}],"curies":[{"name":"pracovn\u00fd list","href":"https:\/\/api.w.org\/{rel}","templated":true}]}}