{"id":85850,"date":"2023-04-25T13:15:45","date_gmt":"2023-04-25T11:15:45","guid":{"rendered":"https:\/\/madelinefashion.pl\/?post_type=product&#038;p=85850"},"modified":"2023-04-25T13:20:25","modified_gmt":"2023-04-25T11:20:25","slug":"kombinezon-wiazany-fuksja-honz","status":"publish","type":"product","link":"https:\/\/madelinefashion.pl\/sk\/kombinezon-wiazany-fuksja-honz\/","title":{"rendered":"Fuchsiov\u00e1 kombin\u00e9za Honz viazan\u00e1"},"content":{"rendered":"<h3 style=\"text-align: center;\">Fuchsiov\u00e1 kombin\u00e9za Honz viazan\u00e1<\/h3>\n<p style=\"text-align: center;\"><span style=\"vertical-align: inherit;\"><span style=\"vertical-align: inherit;\"><strong>Elegantn\u00fd overal so zav\u00e4zovan\u00edm\u00a0 <\/strong>je bestsellerom v na\u0161om obchode. S<\/span><span style=\"vertical-align: inherit;\">pr\u00e1va, ktor\u00e9 okolo v\u00e1s nikto \u013eahostajne neprejde.<strong> Oblek m\u00e1 \u0161irok\u00e9 nohavice <\/strong> a viazanie, v\u010faka ktor\u00e9mu z jedn\u00e9ho obleku vytvor\u00edte naozaj ve\u013ea <strong>jedine\u010dn\u00e9 v\u00fdtvory<\/strong>. Vyroben\u00e9 z materi\u00e1lu pr\u00edjemn\u00e9ho na dotyk. c<\/span><\/span>odpor vytv\u00e1ra v\u00fdnimo\u010dn\u00e9 <strong>styling<\/strong>, jednoducho stvoren\u00e1 na tepl\u00e9 jarn\u00e9 a letn\u00e9 dni ako po\u010das pr\u00e1zdnin, tak aj v ruchu ve\u013ekomesta. <strong>Budete pote\u0161en\u00ed, dokonal\u00fd strih, ktor\u00fd je alternat\u00edvou k \u0161at\u00e1m.<\/strong> Pohodln\u00e9 nosenie v sofistikovanom \u0161t\u00fdle mus\u00ed by\u0165 vo va\u0161om \u0161atn\u00edku. Dungarees <strong>odha\u013euje chrb\u00e1t<\/strong>. <strong>V p\u00e1se m\u00e1 gumi\u010dku. \u0160t\u00fdlov\u00fd a z\u00e1rove\u0148 ve\u013emi \u017eensk\u00fd overal..<\/strong>\u00a0 Univerz\u00e1lna ve\u013ekos\u0165. Odpor\u00fa\u010dan\u00e9 pre \u017eeny, ktor\u00e9 nosia ve\u013e <strong>XS SML\u00a0 \u00a0<\/strong>Dostupn\u00e9 v na\u0161om<strong> skladova\u0165 vo viacer\u00fdch variantoch <a href=\"https:\/\/madelinefashion.pl\/sk\/product-tag\/kombinezony\/\">farby<\/a>.\u00a0<\/strong><\/p>\n<p>&nbsp;<\/p>\n<h3 style=\"text-align: center;\"><span style=\"vertical-align: inherit;\">Rozmery obleku:<\/span><\/h3>\n<p align=\"center\">Celkov\u00e1 d\u013a\u017eka - 145 cm<br \/>\n\u0160\u00edrka v p\u00e1se - 30 cm - 43 cm<br \/>\nD\u013a\u017eka vonkaj\u0161ej nohavice od v\u00fdstrihu v p\u00e1se - 106 cm<br \/>\nVn\u00fatorn\u00e1 d\u013a\u017eka nohav\u00edc - 77 cm<\/p>\n<p style=\"text-align: center;\"><span style=\"vertical-align: inherit;\"><span style=\"vertical-align: inherit;\">Rozmery sa m\u00f4\u017eu l\u00ed\u0161i\u0165 od uveden\u00fdch +\/- 2cm. <\/span><span style=\"vertical-align: inherit;\">V\u0161etky uveden\u00e9 rozmery s\u00fa meran\u00e9 plo\u0161ne.<\/span><\/span><\/p>\n<h3 style=\"text-align: center;\"><span style=\"vertical-align: inherit;\"><span style=\"vertical-align: inherit;\">Vlastnosti produktu:<br \/>\n<\/span><\/span><\/h3>\n<p style=\"text-align: center;\"><span style=\"vertical-align: inherit;\"><span style=\"vertical-align: inherit;\"><br \/>\n- mo\u017enos\u0165 viazania viacer\u00fdmi sp\u00f4sobmi<br \/>\n-elegantn\u00fd<br \/>\n- pr\u00edjemn\u00fd materi\u00e1l<br \/>\n- m\u00f3dny \u0161t\u00fdl<br \/>\n- guma v p\u00e1se<br \/>\n- origin\u00e1l<br \/>\n-\u017eensk\u00fd<br \/>\n<\/span><\/span><\/p>\n<p style=\"text-align: center;\"><strong>\u00a0<\/strong><\/p>\n<table width=\"432\">\n<tbody>\n<tr>\n<td width=\"302\">Meno modela<\/td>\n<td width=\"302\">Honz Zviazan\u00fd overal<\/td>\n<\/tr>\n<tr>\n<td width=\"302\">Farba<\/td>\n<td width=\"302\">Fuchsiov\u00e1<\/td>\n<\/tr>\n<tr>\n<td width=\"302\">Zbierka<\/td>\n<td width=\"302\">Jar Leto Jese\u0148<\/td>\n<\/tr>\n<tr>\n<td width=\"302\">ve\u013ekosti<\/td>\n<td width=\"302\">Univerz\u00e1lny<\/td>\n<\/tr>\n<tr>\n<td width=\"302\">\u0160tiepenie<\/td>\n<td width=\"302\">Ob\u00e1lka<\/td>\n<\/tr>\n<tr>\n<td width=\"302\">D\u013a\u017eka<\/td>\n<td width=\"302\">maxi<\/td>\n<\/tr>\n<tr>\n<td width=\"302\">Materi\u00e1l<\/td>\n<td width=\"302\">95% Polyester 5% Elastan<\/td>\n<\/tr>\n<\/tbody>\n<\/table>\n<div class=\"tabs tabs-bb clear mb-80\">\n<div class=\"tab-content\">\n<div id=\"tab-description\" class=\"tab-pane fade in woocommerce-Tabs-panel--description active\">\n<p style=\"text-align: center;\">\u00a0Model m\u00e1 <strong>175<\/strong> cm vysok\u00fd, nos\u00ed ve\u013ekos\u0165 ka\u017ed\u00fd de\u0148\u00a0<strong>S<\/strong><\/p>\n<\/div>\n<\/div>\n<\/div>\n<section class=\"related products mb-80\"><\/section>\n<section class=\"page-product-box\">\n<div class=\"rte\">\n<p style=\"text-align: center;\">\n<\/div>\n<\/section>","protected":false},"excerpt":{"rendered":"<p>Kombinezon Wi\u0105zany Fuksja Honz Elegancki kombinezon wi\u0105zany\u00a0 to bestseller w naszym sklepie. Spraw, \u017ce nikt nie przejdzie obok Ciebie oboj\u0119tnie. Kombinezon posiada szerokie nogawki oraz wi\u0105zanie, dzi\u0119ki czemu z jednego kombinezonu stworzysz wiele niepowtarzalnych kreacji.\u00a0 Wykonany z przyjemnego w dotyku materia\u0142u. Ca\u0142o\u015b\u0107 tworzy niebanaln\u0105 styl\u00f3wk\u0119, wprost stworzon\u0105 na ciep\u0142e wiosenne i\u00a0 letnie dni, zar\u00f3wno podczas<\/p>\n<div class=\"klb-readmore post-buttons\"><a class=\"button black outline size-sm\" href=\"https:\/\/madelinefashion.pl\/sk\/kombinezon-wiazany-fuksja-honz\/\">\u010c\u00edta\u0165 \u010falej <i class=\"klbth-icon-right-arrow\"><\/i><\/a><\/div>","protected":false},"featured_media":85721,"template":"","meta":[],"product_brand":[],"product_cat":[80],"product_tag":[297],"class_list":{"0":"post-85850","1":"product","2":"type-product","3":"status-publish","4":"has-post-thumbnail","6":"product_cat-sukienki-i-kombinezony","7":"product_tag-kombinezony","9":"first","10":"instock","11":"purchasable","12":"product-type-simple"},"_links":{"self":[{"href":"https:\/\/madelinefashion.pl\/sk\/wp-json\/wp\/v2\/product\/85850","targetHints":{"allow":["GET"]}}],"collection":[{"href":"https:\/\/madelinefashion.pl\/sk\/wp-json\/wp\/v2\/product"}],"about":[{"href":"https:\/\/madelinefashion.pl\/sk\/wp-json\/wp\/v2\/types\/product"}],"wp:featuredmedia":[{"embeddable":true,"href":"https:\/\/madelinefashion.pl\/sk\/wp-json\/wp\/v2\/media\/85721"}],"wp:attachment":[{"href":"https:\/\/madelinefashion.pl\/sk\/wp-json\/wp\/v2\/media?parent=85850"}],"wp:term":[{"taxonomy":"product_brand","embeddable":true,"href":"https:\/\/madelinefashion.pl\/sk\/wp-json\/wp\/v2\/product_brand?post=85850"},{"taxonomy":"product_cat","embeddable":true,"href":"https:\/\/madelinefashion.pl\/sk\/wp-json\/wp\/v2\/product_cat?post=85850"},{"taxonomy":"product_tag","embeddable":true,"href":"https:\/\/madelinefashion.pl\/sk\/wp-json\/wp\/v2\/product_tag?post=85850"}],"curies":[{"name":"pracovn\u00fd list","href":"https:\/\/api.w.org\/{rel}","templated":true}]}}