{"id":86342,"date":"2023-04-26T14:51:26","date_gmt":"2023-04-26T12:51:26","guid":{"rendered":"https:\/\/madelinefashion.pl\/?post_type=product&#038;p=86342"},"modified":"2026-01-20T10:33:28","modified_gmt":"2026-01-20T09:33:28","slug":"elegancka-bluzka-z-naszyjnikiem-fuksja-violetta","status":"publish","type":"product","link":"https:\/\/madelinefashion.pl\/sk\/elegancka-bluzka-z-naszyjnikiem-fuksja-violetta\/","title":{"rendered":"Elegantn\u00e1 bl\u00fazka s n\u00e1hrdeln\u00edkom Fuchsia Violetta"},"content":{"rendered":"<h3 style=\"text-align: center;\">Elegantn\u00e1 bl\u00fazka s n\u00e1hrdeln\u00edkom Fuchsia Violetta<\/h3>\n<p style=\"text-align: center;\"><strong>Elegantn\u00e1 bl\u00fazka s n\u00e1hrdeln\u00edkom Violetta. <\/strong>Stavte na outfit s paz\u00farikom! Vyroben\u00e9 z \u013eahk\u00e9ho materi\u00e1lu, bude ide\u00e1lne pre v\u00e4\u010d\u0161inu \u0161t\u00fdlov. Pru\u017en\u00e1 l\u00e1tka bude tvarova\u0165 postavu. Bl\u00fazka vyroben\u00e1 z \u013eahkej a na dotyk pr\u00edjemnej l\u00e1tky. Vybran\u00e9 pre mnoho \u0161t\u00fdlov. Vr\u00e1tane pr\u00edvesku. <strong>Model, ktor\u00fd si zamilujete<\/strong>. M\u00f4\u017eete ich nosi\u0165 k \u0161ortk\u00e1m, d\u017e\u00ednsom, sukni a dokonca aj ko\u017een\u00fdm nohaviciam. Bl\u00fazka m\u00e1 jemn\u00e9 riasenie. Ve\u013emi kvalitn\u00fd produkt. Ide\u00e1lne do \u0161koly, pr\u00e1ce, na rande alebo na stretnutie s priate\u013emi! <strong>Ide\u00e1lne pre ka\u017ed\u00fa pr\u00edle\u017eitos\u0165 a \u010das!\u00a0<\/strong>Ve\u013ekos\u0165\u00a0<strong>odpor\u00fa\u010dan\u00e9 univerz\u00e1lne<\/strong>\u00a0pre d\u00e1my vo ve\u013ekosti od<strong> XS a\u017e XL\u00a0 \u00a0 <\/strong>\u00a0\u0160irok\u00e1 \u0161k\u00e1la farieb v\u00e1m umo\u017en\u00ed vybra\u0165 si bl\u00fazku, ktor\u00e1 zv\u00fdrazn\u00ed va\u0161u postavu!<\/p>\n<h3 style=\"text-align: center;\">Rozmery<\/h3>\n<ul style=\"text-align: center;\">\n<li>celkov\u00e1 predn\u00e1 d\u013a\u017eka: 64 cm<br \/>\ncelkov\u00e1 d\u013a\u017eka chrbta: 64 cm<\/li>\n<li>\u0161\u00edrka od pazuchy po pazuchu: 44 - 67 cm<\/li>\n<li>spodn\u00e1 \u0161\u00edrka: 47-70 cm<\/li>\n<\/ul>\n<p style=\"text-align: center;\">Rozmery sa m\u00f4\u017eu mierne l\u00ed\u0161i\u0165 od uveden\u00fdch +\/- 2cm. V\u0161etky uveden\u00e9 rozmery s\u00fa meran\u00e9 plo\u0161ne. <strong>rozmer x2<\/strong><\/p>\n<p style=\"text-align: center;\"><strong>\u00a0<\/strong><\/p>\n<table width=\"623\">\n<tbody>\n<tr>\n<td width=\"302\">Meno modela<\/td>\n<td width=\"302\">Elegantn\u00e1 bl\u00fazka s n\u00e1hrdeln\u00edkom Violetta<\/td>\n<\/tr>\n<tr>\n<td width=\"302\">Farba<\/td>\n<td width=\"302\">Fuchsiov\u00e1<\/td>\n<\/tr>\n<tr>\n<td width=\"302\">Zbierka<\/td>\n<td width=\"302\">Jar leto jese\u0148 zima<\/td>\n<\/tr>\n<tr>\n<td width=\"302\">ve\u013ekosti<\/td>\n<td width=\"302\">Univerz\u00e1lny<\/td>\n<\/tr>\n<tr>\n<td width=\"302\">M\u00f3da<\/td>\n<td width=\"302\">nadrozmern\u00e9<\/td>\n<\/tr>\n<tr>\n<td width=\"302\">\u0160tiepenie<\/td>\n<td width=\"302\">v \u010dlne<\/td>\n<\/tr>\n<tr>\n<td width=\"302\">Ko\u0161\u00ed\u010dky na spevnenie poprsia<\/td>\n<td width=\"302\">Nie<\/td>\n<\/tr>\n<tr>\n<td width=\"302\">Materi\u00e1l<\/td>\n<td width=\"302\"><span style=\"text-align: center;\">Polyester 100%<\/span><\/td>\n<\/tr>\n<\/tbody>\n<\/table>\n<p style=\"text-align: center;\"><span style=\"text-align: center;\"> Model m\u00e1 <\/span><strong style=\"text-align: center;\">169<\/strong><span style=\"text-align: center;\">\u00a0cm vysok\u00fd, nos\u00ed ve\u013ekos\u0165 ka\u017ed\u00fd de\u0148\u00a0<\/span><strong style=\"text-align: center;\">S<\/strong><\/p>\n<p style=\"text-align: center;\">\u0160\u00edrka cez prsia 92 cm<\/p>\n<p style=\"text-align: center;\">\u0160\u00edrka v p\u00e1se 62 cm<\/p>\n<p style=\"text-align: center;\">\u0160\u00edrka v bokoch 94 cm<\/p>","protected":false},"excerpt":{"rendered":"<p>Elegancka Bluzka z Naszyjnikiem Fuksja Violetta Elegancka Bluzka z Naszyjnikiem Violetta. Postaw na outfit z pazurem! Wykonana z lekkiego, materia\u0142u sprawdz\u0105 si\u0119 idealnie w wi\u0119kszo\u015bci stylizacji. Elastyczna tkanina wymodeluje sylwetk\u0119. Bluzka wykonane z lekkiej i przyjemnej w dotyku tkaniny. Wybierane do wielu stylizacji. W zestawie wisiorek. Model w kt\u00f3rym si\u0119 zakochasz. Mo\u017cesz je nosi\u0107 do<\/p>\n<div class=\"klb-readmore post-buttons\"><a class=\"button black outline size-sm\" href=\"https:\/\/madelinefashion.pl\/sk\/elegancka-bluzka-z-naszyjnikiem-fuksja-violetta\/\">\u010c\u00edta\u0165 \u010falej <i class=\"klbth-icon-right-arrow\"><\/i><\/a><\/div>","protected":false},"featured_media":86206,"template":"","meta":[],"product_brand":[],"product_cat":[77],"product_tag":[476],"class_list":{"0":"post-86342","1":"product","2":"type-product","3":"status-publish","4":"has-post-thumbnail","6":"product_cat-bluzki","7":"product_tag-bluzki-na-ramiaczkach","9":"first","10":"instock","11":"sale","12":"purchasable","13":"product-type-simple"},"_links":{"self":[{"href":"https:\/\/madelinefashion.pl\/sk\/wp-json\/wp\/v2\/product\/86342","targetHints":{"allow":["GET"]}}],"collection":[{"href":"https:\/\/madelinefashion.pl\/sk\/wp-json\/wp\/v2\/product"}],"about":[{"href":"https:\/\/madelinefashion.pl\/sk\/wp-json\/wp\/v2\/types\/product"}],"wp:featuredmedia":[{"embeddable":true,"href":"https:\/\/madelinefashion.pl\/sk\/wp-json\/wp\/v2\/media\/86206"}],"wp:attachment":[{"href":"https:\/\/madelinefashion.pl\/sk\/wp-json\/wp\/v2\/media?parent=86342"}],"wp:term":[{"taxonomy":"product_brand","embeddable":true,"href":"https:\/\/madelinefashion.pl\/sk\/wp-json\/wp\/v2\/product_brand?post=86342"},{"taxonomy":"product_cat","embeddable":true,"href":"https:\/\/madelinefashion.pl\/sk\/wp-json\/wp\/v2\/product_cat?post=86342"},{"taxonomy":"product_tag","embeddable":true,"href":"https:\/\/madelinefashion.pl\/sk\/wp-json\/wp\/v2\/product_tag?post=86342"}],"curies":[{"name":"pracovn\u00fd list","href":"https:\/\/api.w.org\/{rel}","templated":true}]}}