{"id":86374,"date":"2023-04-26T16:04:56","date_gmt":"2023-04-26T14:04:56","guid":{"rendered":"https:\/\/madelinefashion.pl\/?post_type=product&#038;p=86374"},"modified":"2025-07-30T11:28:43","modified_gmt":"2025-07-30T09:28:43","slug":"kombinezon-wiazany-z-paskiem-sliwka-mosai","status":"publish","type":"product","link":"https:\/\/madelinefashion.pl\/sk\/kombinezon-wiazany-z-paskiem-sliwka-mosai\/","title":{"rendered":"Slivkov\u00fd overal Mosai s opaskom"},"content":{"rendered":"<h3 style=\"text-align: center;\">Slivkov\u00fd overal Mosai s opaskom<\/h3>\n<p style=\"text-align: center;\">Kr\u00e1sny, nev\u0161edn\u00fd overal, vhodn\u00fd na r\u00f4zne pr\u00edle\u017eitosti. Oblek je vyroben\u00fd z elegantn\u00e9ho stre\u010dov\u00e9ho materi\u00e1lu. Kombin\u00e9za sa d\u00e1 uviaza\u0165 na nieko\u013eko sp\u00f4sobov. Kombin\u00e9za m\u00e1 v\u00fdstrih do V, m\u00e1 odhalen\u00fd chrb\u00e1t. S\u00faprava obsahuje \u0161irok\u00fd opasok zv\u00fdraz\u0148uj\u00faci p\u00e1s, dod\u00e1vaj\u00faci eleganciu. Mimoriadne m\u00f3dny overal so \u0161irok\u00fdmi nohavicami. <span style=\"font-size: 10pt;\">Ide\u00e1lne na p\u00e1rty, Silvestra, ve\u010deru alebo von s priate\u013emi. Oblek m\u00e1 \u00fazke vypasovan\u00e9 nohavice.<\/span><span style=\"font-size: 10pt;\">\u00a0 Ak sa neviete rozhodn\u00fa\u0165, ktor\u00e1 farba je pre v\u00e1s najlep\u0161ia, <strong>kontaktuj n\u00e1s<\/strong> cez <a href=\"https:\/\/www.facebook.com\/madelinefashionbutik\" target=\"_blank\" rel=\"noopener\">Facebook<\/a> alebo <a href=\"https:\/\/madelinefashion.pl\/sk\/kontakt\/\">telef\u00f3n<\/a>. Ak ve\u013ekos\u0165 nie je na str\u00e1nke, kontaktujte n\u00e1s. Ve\u013ekos\u0165 <strong>univerz\u00e1lny<\/strong>, odpor\u00fa\u010dan\u00e9 od S po L.<\/span><\/p>\n<h3 style=\"text-align: center;\">ROZMERY kombin\u00e9zy:<\/h3>\n<p>&nbsp;<\/p>\n<p style=\"text-align: center;\">\u00a0 celkov\u00e1 d\u013a\u017eka: 140 cm<br \/>\n\u0161\u00edrka p\u00e1sa: 30 - 45 cm<\/p>\n<p style=\"text-align: center;\">\u0160aty s\u00fa dostupn\u00e9 aj v in\u00fdch farb\u00e1ch - odpor\u00fa\u010dame v\u00e1m zozn\u00e1mi\u0165 sa s na\u0161imi \u010fal\u0161\u00edmi produktmi.<\/p>\n<p style=\"text-align: center;\">Rozmery sa m\u00f4\u017eu mierne l\u00ed\u0161i\u0165 od uveden\u00fdch +\/- 2cm.<\/p>\n<p style=\"text-align: center;\"><strong>\u00a0<\/strong><\/p>\n<p>&nbsp;<\/p>\n<table>\n<tbody>\n<tr>\n<td width=\"302\">Meno modela<\/td>\n<td width=\"302\">Overal s viazan\u00edm na opasok Mosai<\/td>\n<\/tr>\n<tr>\n<td width=\"302\">Farba<\/td>\n<td width=\"302\"><span style=\"font-size: 10pt;\">Slivka\/fialov\u00e1<\/span><\/td>\n<\/tr>\n<tr>\n<td width=\"302\">Kravata<\/td>\n<td width=\"302\">Na krku<\/td>\n<\/tr>\n<tr>\n<td width=\"302\">Ve\u013ekos\u0165<\/td>\n<td width=\"302\">Univerz\u00e1lny<\/td>\n<\/tr>\n<tr>\n<td width=\"302\">M\u00f3da<\/td>\n<td width=\"302\">Zhoda<\/td>\n<\/tr>\n<tr>\n<td width=\"302\">Materi\u00e1l<\/td>\n<td width=\"302\">88% Polyester 12% Elastan<\/td>\n<\/tr>\n<tr>\n<td width=\"302\">D\u013a\u017eka<\/td>\n<td width=\"302\">Na zem<\/td>\n<\/tr>\n<\/tbody>\n<\/table>\n<p>&nbsp;<\/p>\n<p style=\"text-align: center;\">Aby ste si vybrali\u00a0<strong>perfektn\u00e9 \u0161aty<\/strong>\u00a0kontaktujte n\u00e1s pros\u00edm telefonicky alebo cez n\u00e1\u0161 facebook.<br \/>\nN\u00e1\u0161 t\u00edm v\u00e1m pom\u00f4\u017ee\u00a0<strong>Vyberte si ten spr\u00e1vny<\/strong>\u00a0.\u00a0<strong>Na \u017eelanie kupuj\u00faceho vyrob\u00edme ak\u00e9ko\u013evek \u0161aty\u00a0<\/strong><strong>opatrne mera\u0165.\u00a0<\/strong><\/p>\n<div class=\"additional-details\">\n<p style=\"text-align: center;\">\n<\/div>","protected":false},"excerpt":{"rendered":"<p>Kombinezon Wi\u0105zany z Paskiem \u015aliwka Mosai Pi\u0119kny, nietuzinkowy kombinezon, odpowiedni na r\u00f3\u017cne okazje. Kombinezon uszyty jest z\u00a0 eleganckiego rozci\u0105gliwego materia\u0142u. Kombinezon mo\u017cna zawi\u0105za\u0107 na kilka sposob\u00f3w. Kombinezon posiada dekolt V, ma go\u0142e plecy. W zestawie szeroki pas podkre\u015blaj\u0105cy tali\u0119, dodaj\u0105cy elegancji. Niezwykle modna szeroka nogawka kombinezonu. Idealny na imprez\u0119, andrzejki sylwester, kolacj\u0119 lub wyj\u015bcie ze<\/p>\n<div class=\"klb-readmore post-buttons\"><a class=\"button black outline size-sm\" href=\"https:\/\/madelinefashion.pl\/sk\/kombinezon-wiazany-z-paskiem-sliwka-mosai\/\">\u010c\u00edta\u0165 \u010falej <i class=\"klbth-icon-right-arrow\"><\/i><\/a><\/div>","protected":false},"featured_media":86256,"template":"","meta":[],"product_brand":[],"product_cat":[80],"product_tag":[297],"class_list":{"0":"post-86374","1":"product","2":"type-product","3":"status-publish","4":"has-post-thumbnail","6":"product_cat-sukienki-i-kombinezony","7":"product_tag-kombinezony","9":"first","10":"instock","11":"purchasable","12":"product-type-simple"},"_links":{"self":[{"href":"https:\/\/madelinefashion.pl\/sk\/wp-json\/wp\/v2\/product\/86374","targetHints":{"allow":["GET"]}}],"collection":[{"href":"https:\/\/madelinefashion.pl\/sk\/wp-json\/wp\/v2\/product"}],"about":[{"href":"https:\/\/madelinefashion.pl\/sk\/wp-json\/wp\/v2\/types\/product"}],"wp:featuredmedia":[{"embeddable":true,"href":"https:\/\/madelinefashion.pl\/sk\/wp-json\/wp\/v2\/media\/86256"}],"wp:attachment":[{"href":"https:\/\/madelinefashion.pl\/sk\/wp-json\/wp\/v2\/media?parent=86374"}],"wp:term":[{"taxonomy":"product_brand","embeddable":true,"href":"https:\/\/madelinefashion.pl\/sk\/wp-json\/wp\/v2\/product_brand?post=86374"},{"taxonomy":"product_cat","embeddable":true,"href":"https:\/\/madelinefashion.pl\/sk\/wp-json\/wp\/v2\/product_cat?post=86374"},{"taxonomy":"product_tag","embeddable":true,"href":"https:\/\/madelinefashion.pl\/sk\/wp-json\/wp\/v2\/product_tag?post=86374"}],"curies":[{"name":"pracovn\u00fd list","href":"https:\/\/api.w.org\/{rel}","templated":true}]}}