{"id":86441,"date":"2023-04-26T17:40:29","date_gmt":"2023-04-26T15:40:29","guid":{"rendered":"https:\/\/madelinefashion.pl\/?post_type=product&#038;p=86441"},"modified":"2025-09-09T10:16:48","modified_gmt":"2025-09-09T08:16:48","slug":"sukienka-bandazowa-bezowa-dolores","status":"publish","type":"product","link":"https:\/\/madelinefashion.pl\/sk\/sukienka-bandazowa-bezowa-dolores\/","title":{"rendered":"B\u00e9\u017eov\u00e9 band\u00e1\u017eov\u00e9 \u0161aty Dolores"},"content":{"rendered":"<h3 style=\"text-align: center;\">B\u00e9\u017eov\u00e9 band\u00e1\u017eov\u00e9 \u0161aty Dolores<\/h3>\n<p style=\"text-align: center;\"><strong>Dolores<\/strong> s\u00fa band\u00e1\u017eov\u00e9 \u0161aty vyroben\u00e9 z vysoko kvalitn\u00e9ho materi\u00e1lu. Najv\u00e4\u010d\u0161ou v\u00fdhodou \u0161iat je vystu\u017eenie okolo poprsia, v\u010faka ktor\u00e9mu v\u00e1m poprsie perfektne sadne. Ozdobn\u00e9 zap\u00ednanie na zips navy\u0161e vytv\u00e1ra \u00fa\u017easn\u00fd celok. Kr\u00e1sne zv\u00fdraznenie siluety zaru\u010den\u00e9. Vypasovan\u00e9 ceruzkov\u00e9 \u0161aty vyzeraj\u00fa skvele. M\u00e1 nastavite\u013en\u00e9 ramienka. A pri\u0161it\u00e9 zlat\u00e9 gomb\u00edky dod\u00e1vaj\u00fa charakter. Zap\u00ednanie vzadu na skryt\u00fd zips.\u0160aty <strong>mini<\/strong> v klasickej \u010diernej farbe. Materi\u00e1l je pru\u017en\u00fd a zv\u00fdraz\u0148uje postavu. M\u00e1 vzor vreciek a zlat\u00fdch gomb\u00edkov. \u0160aty sa bud\u00fa skvele hodi\u0165 na ka\u017edodenn\u00fd styling do pr\u00e1ce \u010di von s priate\u013emi, ale posl\u00fa\u017eia aj ako outfit na v\u00e1\u017enej\u0161ie vych\u00e1dzky, rande \u010di dovolenku. Perfektne sed\u00ed na postave.<\/p>\n<h3 style=\"text-align: center;\">Rozmery:<\/h3>\n<p style=\"text-align: center;\"><strong><span style=\"font-size: 10pt;\">\u00a0S\/36<\/span><\/strong><\/p>\n<ul style=\"text-align: center;\">\n<li><span style=\"font-size: 10pt;\">\u00a0\u00a0\u00a0\u00a0\u00a0 celkov\u00e1 d\u013a\u017eka: 92 cm<br \/>\n<\/span><\/li>\n<li>\u0161\u00edrka bokov: 40-47 cm<\/li>\n<li><span style=\"font-size: 10pt;\">\u00a0\u00a0\u00a0\u00a0\u00a0\u00a0\u00a0 \u0161\u00edrka od pazuchy po pazuchu: 37-42 cm<\/span><\/li>\n<li><span style=\"font-size: 10pt;\">\u00a0\u00a0\u00a0\u00a0\u00a0\u00a0\u00a0 \u0161\u00edrka p\u00e1sa: 30 - 37 cm<\/span><\/li>\n<li><span style=\"font-size: 10pt;\">\u00a0 \u00a0 \u00a0 \u00a0\u00a0<\/span><\/li>\n<\/ul>\n<p style=\"text-align: center;\"><span style=\"font-size: 10pt;\">\u00a0<strong>M\/38<\/strong><\/span><\/p>\n<ul style=\"text-align: center;\">\n<li><\/li>\n<li><span style=\"font-size: 10pt;\">\u00a0\u00a0\u00a0\u00a0\u00a0 celkov\u00e1 d\u013a\u017eka: 93 cm<br \/>\n<\/span><\/li>\n<li>\u0161\u00edrka v bokoch: 42-49 cm<\/li>\n<li><span style=\"font-size: 10pt;\">\u00a0\u00a0\u00a0\u00a0\u00a0\u00a0\u00a0 \u0161\u00edrka od pazuchy po pazuchu: 39-47 cm<\/span><\/li>\n<li><span style=\"font-size: 10pt;\">\u00a0\u00a0\u00a0\u00a0\u00a0\u00a0\u00a0 \u0161\u00edrka v p\u00e1se: 31-40 cm<\/span><\/li>\n<\/ul>\n<p style=\"text-align: center;\"><span style=\"font-size: 10pt;\">\u00a0<strong>L\/40<\/strong><\/span><\/p>\n<ul style=\"text-align: center;\">\n<li><span style=\"font-size: 10pt;\">\u00a0\u00a0\u00a0\u00a0\u00a0 celkov\u00e1 d\u013a\u017eka: 93 cm<br \/>\n<\/span><\/li>\n<li>\u0161\u00edrka bokov: 43-51 cm<\/li>\n<li><span style=\"font-size: 10pt;\">\u00a0\u00a0\u00a0\u00a0\u00a0\u00a0\u00a0 \u0161\u00edrka od pazuchy po pazuchu: 37-46 cm<\/span><\/li>\n<li><span style=\"font-size: 10pt;\">\u00a0\u00a0\u00a0\u00a0\u00a0\u00a0\u00a0 \u0161\u00edrka p\u00e1sa: 35-43 cm<\/span><\/li>\n<li><\/li>\n<\/ul>\n<p style=\"text-align: center;\">Rozmery sa m\u00f4\u017eu mierne l\u00ed\u0161i\u0165 od uveden\u00fdch +\/- 2cm. V\u0161etky uveden\u00e9 rozmery s\u00fa meran\u00e9 plo\u0161ne. rozmer x2<\/p>\n<p>&nbsp;<\/p>\n<table width=\"598\">\n<tbody>\n<tr>\n<td width=\"302\">Meno modela<\/td>\n<td width=\"302\">Obv\u00e4zov\u00e9 \u0161aty Dolores<\/td>\n<\/tr>\n<tr>\n<td width=\"302\">Farba<\/td>\n<td width=\"302\">B\u00e9\u017eov\u00e1<\/td>\n<\/tr>\n<tr>\n<td width=\"302\">Zbierka<\/td>\n<td width=\"302\">Jar leto jese\u0148 zima<\/td>\n<\/tr>\n<tr>\n<td width=\"302\">ve\u013ekosti<\/td>\n<td width=\"302\">Univerz\u00e1lny<\/td>\n<\/tr>\n<tr>\n<td width=\"302\">M\u00f3da<\/td>\n<td width=\"302\">Na mieru<\/td>\n<\/tr>\n<tr>\n<td width=\"302\">\u0160tiepenie<\/td>\n<td width=\"302\">V \u0161t\u00fdle<\/td>\n<\/tr>\n<tr>\n<td width=\"302\">Materi\u00e1l<\/td>\n<td width=\"302\">90%Polyester 10% Polyamid<\/td>\n<\/tr>\n<\/tbody>\n<\/table>\n<p>&nbsp;<\/p>\n<p style=\"text-align: center;\">Model m\u00e1\u00a0<strong>169<\/strong>\u00a0cm vysok\u00fd, nos\u00ed ve\u013ekos\u0165 ka\u017ed\u00fd de\u0148\u00a0<strong>S<\/strong><\/p>\n<p style=\"text-align: center;\">\u0160\u00edrka cez prsia 92 cm<\/p>\n<p style=\"text-align: center;\">\u0160\u00edrka v p\u00e1se 62 cm<\/p>\n<p style=\"text-align: center;\">\u0160\u00edrka v bokoch 94 cm<\/p>","protected":false},"excerpt":{"rendered":"<p>Sukienka Banda\u017cowa Be\u017cowa Dolores Dolores to banda\u017cowa sukienka wykonana z materia\u0142u wysokiej jako\u015bci. Najwi\u0119kszym atutem sukienki jest usztywnianie w okolicach biustu, dzi\u0119ki czemu Tw\u00f3j biust b\u0119dzie si\u0119 idealnie uk\u0142ada\u0142. Dodatkowo zapi\u0119cie na ozdobny zip tworzy niesamowit\u0105 ca\u0142o\u015b\u0107. Pi\u0119kne podkre\u015blenie sylwetki gwarantowane. Sukienka o\u0142\u00f3wkowa dopasowana doskonale\u00a0 si\u0119 prezentuje. Posiada regulowane rami\u0105czka. A doszyte do niej z\u0142ote<\/p>\n<div class=\"klb-readmore post-buttons\"><a class=\"button black outline size-sm\" href=\"https:\/\/madelinefashion.pl\/sk\/sukienka-bandazowa-bezowa-dolores\/\">\u010c\u00edta\u0165 \u010falej <i class=\"klbth-icon-right-arrow\"><\/i><\/a><\/div>","protected":false},"featured_media":86430,"template":"","meta":[],"product_brand":[],"product_cat":[125],"product_tag":[],"class_list":{"0":"post-86441","1":"product","2":"type-product","3":"status-publish","4":"has-post-thumbnail","6":"product_cat-sukienki","7":"pa_rozmiar-s-36","8":"pa_rozmiar-m-38","9":"pa_rozmiar-l-40","11":"first","12":"instock","13":"product-type-variable"},"_links":{"self":[{"href":"https:\/\/madelinefashion.pl\/sk\/wp-json\/wp\/v2\/product\/86441","targetHints":{"allow":["GET"]}}],"collection":[{"href":"https:\/\/madelinefashion.pl\/sk\/wp-json\/wp\/v2\/product"}],"about":[{"href":"https:\/\/madelinefashion.pl\/sk\/wp-json\/wp\/v2\/types\/product"}],"wp:featuredmedia":[{"embeddable":true,"href":"https:\/\/madelinefashion.pl\/sk\/wp-json\/wp\/v2\/media\/86430"}],"wp:attachment":[{"href":"https:\/\/madelinefashion.pl\/sk\/wp-json\/wp\/v2\/media?parent=86441"}],"wp:term":[{"taxonomy":"product_brand","embeddable":true,"href":"https:\/\/madelinefashion.pl\/sk\/wp-json\/wp\/v2\/product_brand?post=86441"},{"taxonomy":"product_cat","embeddable":true,"href":"https:\/\/madelinefashion.pl\/sk\/wp-json\/wp\/v2\/product_cat?post=86441"},{"taxonomy":"product_tag","embeddable":true,"href":"https:\/\/madelinefashion.pl\/sk\/wp-json\/wp\/v2\/product_tag?post=86441"}],"curies":[{"name":"pracovn\u00fd list","href":"https:\/\/api.w.org\/{rel}","templated":true}]}}