{"id":87949,"date":"2023-05-08T15:21:10","date_gmt":"2023-05-08T13:21:10","guid":{"rendered":"https:\/\/madelinefashion.pl\/?post_type=product&#038;p=87949"},"modified":"2026-04-10T15:06:57","modified_gmt":"2026-04-10T13:06:57","slug":"sukienka-nela-dluga-tiulowa-pudrowy-roz","status":"publish","type":"product","link":"https:\/\/madelinefashion.pl\/sk\/sukienka-nela-dluga-tiulowa-pudrowy-roz\/","title":{"rendered":"Nela Long Tylle Dress Powder Pink"},"content":{"rendered":"<h3 style=\"text-align: center;\">Nela Long Tylle Dress Powder Pink<\/h3>\n<p style=\"text-align: center;\"><span style=\"font-size: 10pt;\">\u00a0Kr\u00e1sne dlh\u00e9 <strong>\u0161aty <\/strong><b>ve\u010der <\/b>s tylov\u00fdm spodkom a vrchom zdoben\u00fdm n\u00e1dhernou v\u00fd\u0161ivkou a ozdobami v podobe trblietav\u00fdch kry\u0161t\u00e1lov. Kr\u00e1sne odha\u013euje \u017eensk\u00e9 tvary. <\/span><span style=\"font-size: 10pt;\">\u0160aty kr\u00e1sne odha\u013euj\u00fa chrb\u00e1t - v\u00fdstrih v tvare U. <\/span><strong>\u0160aty snov<\/strong> maxi d\u013a\u017eka s odhalen\u00fdmi ramenami a zdoben\u00fdm topom. \u0160itie d\u00e1va \u00fa\u017easn\u00fd efekt.<strong> V\u00fdstrih do V<\/strong>. Z\u00fa\u017een\u00e1 v p\u00e1se dokonale zv\u00fdrazn\u00ed p\u00e1s. <strong>Zadn\u00e1 strana je \u00fa\u017easne strihan\u00e1, v tvare p\u00edsmena U<\/strong>. Diera <a href=\"https:\/\/madelinefashion.pl\/sk\/sukienki-i-kombinezony\/sukienki-okolicznosciowe\/\">\u0160aty<\/a>\u00a0bol vyroben\u00fd z nieko\u013ek\u00fdch vrstiev svetl\u00e9ho tylu.\u00a0<b>Nela \u0161aty <\/b><span style=\"font-size: 10pt;\">\u00a0Vpredu m\u00e1 v\u0161it\u00e9 ko\u0161\u00ed\u010dky, tak\u017ee nemus\u00edte nosi\u0165 podprsenku. Vyroben\u00e9 a \u0161it\u00e9 v Po\u013esku. <\/span><span style=\"font-size: 10pt;\">Dostupn\u00e9 vo ve\u013ekostiach<strong> XS SML XL<\/strong>\u00a0 .<br \/>\n<strong>\u0160aty snov <\/strong>maxi d\u013a\u017eka s odhalen\u00fdmi ramenami a zdoben\u00fdm topom. Tento model m\u00e1 origin\u00e1lne pre\u0161\u00edvanie na v\u00fdstrihu, zdoben\u00e9 drobn\u00fdmi kry\u0161t\u00e1lmi.<br \/>\n\u0160aty <strong>Pekn\u00e1 \u017eena<\/strong> je vynikaj\u00facou vo\u013ebou na svadbu, ples, Silvestra a in\u00e9 elegantn\u00e9 \u0161peci\u00e1lne udalosti. Dostupn\u00e9 na na\u0161om e-shope vo viacer\u00fdch farebn\u00fdch variantoch, tak nev\u00e1hajte a vyberte si t\u00fa, ktor\u00e1 je pre v\u00e1s ako stvoren\u00e1. Ak sa neviete rozhodn\u00fa\u0165 ak\u00fa farbu, <strong>ve\u013ekos\u0165<\/strong> je pre v\u00e1s to najlep\u0161ie <strong>kontaktuj n\u00e1s<\/strong> cez <a href=\"https:\/\/www.facebook.com\/madelinefashionbutik\" target=\"_blank\" rel=\"noopener\">Facebook<\/a> alebo <a href=\"https:\/\/madelinefashion.pl\/sk\/kontakt\/\">telef\u00f3n<\/a>. Ak ve\u013ekos\u0165 nie je na str\u00e1nke, kontaktujte n\u00e1s. . Dodacia lehota produktu na mieru <strong>m\u00f4\u017ee by\u0165 dlh\u0161ia ako 14 dn\u00ed<\/strong>. Kontaktujte n\u00e1s pros\u00edm telefonicky.\u00a0<\/span><\/p>\n<h3 style=\"text-align: center;\">ROZMERY \u0161iat:<\/h3>\n<p><img fetchpriority=\"high\" decoding=\"async\" class=\"size-medium wp-image-16801 aligncenter\" src=\"https:\/\/madelinefashion.pl\/wp-content\/uploads\/2021\/08\/wymiary-suknia-300x194.png\" alt=\"\" width=\"300\" height=\"194\" title=\"\"><\/p>\n<table width=\"556\">\n<tbody>\n<tr>\n<td><strong>VE\u013dKOS\u0164<\/strong><\/td>\n<td><strong>poprsia<\/strong><\/td>\n<td><strong>P\u00e1s<\/strong><\/td>\n<td><strong>Boky<\/strong><\/td>\n<\/tr>\n<tr>\n<td><strong>34<\/strong><\/td>\n<td>84-86<\/td>\n<td>64<\/td>\n<td>\u00a0ak\u00fdko\u013evek<\/td>\n<\/tr>\n<tr>\n<td><strong>36<\/strong><\/td>\n<td>88-90<\/td>\n<td>68<\/td>\n<td>\u00a0ak\u00fdko\u013evek<\/td>\n<\/tr>\n<tr>\n<td><strong>38<\/strong><\/td>\n<td>\u00a092-94<\/td>\n<td>72<\/td>\n<td>\u00a0ak\u00fdko\u013evek<\/td>\n<\/tr>\n<tr>\n<td><strong>40<\/strong><\/td>\n<td>96-98<\/td>\n<td>76<\/td>\n<td>\u00a0ak\u00fdko\u013evek<\/td>\n<\/tr>\n<tr>\n<td><strong>42<\/strong><\/td>\n<td>100-104<\/td>\n<td>80<\/td>\n<td>\u00a0ak\u00fdko\u013evek<\/td>\n<\/tr>\n<tr>\n<td><strong>44<\/strong><\/td>\n<td>\u00a0102-106<\/td>\n<td>86<\/td>\n<td>\u00a0ak\u00fdko\u013evek<\/td>\n<\/tr>\n<tr>\n<td><strong>46<\/strong><\/td>\n<td>106-110<\/td>\n<td>88<\/td>\n<td>\u00a0ak\u00fdko\u013evek<\/td>\n<\/tr>\n<\/tbody>\n<\/table>\n<p style=\"text-align: center;\"><span style=\"font-size: 10pt;\">celkov\u00e1 d\u013a\u017eka cca 157 cm\u00a0\u00a0<\/span><\/p>\n<p style=\"text-align: center;\"><span style=\"font-size: 10pt;\">\u00a0<\/span><\/p>\n<p style=\"text-align: center;\"><span style=\"font-size: 10pt;\">Rozmery sa m\u00f4\u017eu mierne l\u00ed\u0161i\u0165 od uveden\u00fdch +\/- 2cm.\u00a0<\/span><\/p>\n<p style=\"text-align: center;\"><span style=\"font-size: 10pt;\"><strong>\u00a0<\/strong>\u00a0<\/span><\/p>\n<table width=\"618\">\n<tbody>\n<tr>\n<td width=\"302\">Meno modela<\/td>\n<td width=\"302\">Nela dlh\u00e9 tylov\u00e9 \u0161aty<\/td>\n<\/tr>\n<tr>\n<td width=\"302\">Farba<\/td>\n<td width=\"302\">\u00a0P\u00fadrov\u00e1 ru\u017eov\u00e1<\/td>\n<\/tr>\n<tr>\n<td width=\"302\">Marka<\/td>\n<td width=\"302\">Pekn\u00e1 \u017eena<\/td>\n<\/tr>\n<tr>\n<td width=\"302\">ve\u013ekosti<\/td>\n<td width=\"302\">34 36 38 40 42 44 46<\/td>\n<\/tr>\n<tr>\n<td width=\"302\">M\u00f3da<\/td>\n<td width=\"302\">Zhoda<\/td>\n<\/tr>\n<tr>\n<td width=\"302\">Materi\u00e1l<\/td>\n<td width=\"302\">Visk\u00f3za, polyester, bavlna<\/td>\n<\/tr>\n<tr>\n<td width=\"302\">D\u013a\u017eka<\/td>\n<td width=\"302\">Na zem<\/td>\n<\/tr>\n<\/tbody>\n<\/table>\n<p style=\"text-align: center;\"><span style=\"font-size: 10pt;\">\u00a0<\/span><\/p>\n<p>&nbsp;<\/p>\n<p style=\"text-align: center;\"><span style=\"font-size: 10pt;\">Aby ste si vybrali <strong>perfektn\u00e9 \u0161aty<\/strong> kontaktujte n\u00e1s telefonicky alebo prostredn\u00edctvom na\u0161ej webovej str\u00e1nky <a href=\"https:\/\/www.facebook.com\/madelinefashionbutik\" target=\"_blank\" rel=\"noopener\">Facebook<\/a> .<\/span><br \/>\n<span style=\"font-size: 10pt;\">N\u00e1\u0161 t\u00edm v\u00e1m pom\u00f4\u017ee <strong>Vyberte si ten spr\u00e1vny<\/strong> . <strong>Na \u017eelanie kupuj\u00faceho vyrob\u00edme ak\u00e9ko\u013evek \u0161aty\u00a0<\/strong><strong>opatrne mera\u0165.\u00a0<\/strong><\/span><\/p>\n<div class=\"additional-details\" style=\"text-align: center;\">\n<p style=\"text-align: center;\"><span style=\"font-size: 10pt;\">\u00a0<\/span><\/p>\n<\/div>","protected":false},"excerpt":{"rendered":"<p>Sukienka Nela D\u0142uga Tiulowa Pudrowy R\u00f3\u017c \u00a0Pi\u0119kna d\u0142uga suknia wieczorowa z tiulowym do\u0142em oraz\u00a0 g\u00f3r\u0105 zdobion\u0105 cudownymi haftami oraz zdobieniami w postaci mieni\u0105cych si\u0119 kryszta\u0142k\u00f3w. Pi\u0119knie eksponuje kobiece kszta\u0142ty. Sukienka pi\u0119knie eksponuje plecy\u00a0 &#8211; dekolt w kszta\u0142cie litery U . Wymarzona suknia o d\u0142ugo\u015bci maxi z odkrytymi ramionami i zdobion\u0105 g\u00f3r\u0105. Przeszycia daj\u0105 niesamowity efekt.<\/p>\n<div class=\"klb-readmore post-buttons\"><a class=\"button black outline size-sm\" href=\"https:\/\/madelinefashion.pl\/sk\/sukienka-nela-dluga-tiulowa-pudrowy-roz\/\">\u010c\u00edta\u0165 \u010falej <i class=\"klbth-icon-right-arrow\"><\/i><\/a><\/div>","protected":false},"featured_media":89308,"template":"","meta":[],"product_brand":[],"product_cat":[124,395,561],"product_tag":[257,163,215],"class_list":{"0":"post-87949","1":"product","2":"type-product","3":"status-publish","4":"has-post-thumbnail","6":"product_cat-sukienki-okolicznosciowe","7":"product_cat-nowosci","8":"product_cat-sukienki-tiulowe","9":"product_tag-madelinefashion","10":"product_tag-sukienki-dlugie","11":"product_tag-sukienki-rozowe","13":"first","14":"instock","15":"sale","16":"purchasable","17":"product-type-variable"},"_links":{"self":[{"href":"https:\/\/madelinefashion.pl\/sk\/wp-json\/wp\/v2\/product\/87949","targetHints":{"allow":["GET"]}}],"collection":[{"href":"https:\/\/madelinefashion.pl\/sk\/wp-json\/wp\/v2\/product"}],"about":[{"href":"https:\/\/madelinefashion.pl\/sk\/wp-json\/wp\/v2\/types\/product"}],"wp:featuredmedia":[{"embeddable":true,"href":"https:\/\/madelinefashion.pl\/sk\/wp-json\/wp\/v2\/media\/89308"}],"wp:attachment":[{"href":"https:\/\/madelinefashion.pl\/sk\/wp-json\/wp\/v2\/media?parent=87949"}],"wp:term":[{"taxonomy":"product_brand","embeddable":true,"href":"https:\/\/madelinefashion.pl\/sk\/wp-json\/wp\/v2\/product_brand?post=87949"},{"taxonomy":"product_cat","embeddable":true,"href":"https:\/\/madelinefashion.pl\/sk\/wp-json\/wp\/v2\/product_cat?post=87949"},{"taxonomy":"product_tag","embeddable":true,"href":"https:\/\/madelinefashion.pl\/sk\/wp-json\/wp\/v2\/product_tag?post=87949"}],"curies":[{"name":"pracovn\u00fd list","href":"https:\/\/api.w.org\/{rel}","templated":true}]}}