{"id":89798,"date":"2023-05-22T11:28:14","date_gmt":"2023-05-22T09:28:14","guid":{"rendered":"https:\/\/madelinefashion.pl\/?post_type=product&#038;p=89798"},"modified":"2026-03-26T12:39:29","modified_gmt":"2026-03-26T11:39:29","slug":"kombinezon-elegancki-horizontex-czarny","status":"publish","type":"product","link":"https:\/\/madelinefashion.pl\/sk\/kombinezon-elegancki-horizontex-czarny\/","title":{"rendered":"Elegantn\u00fd overal Horizontex Black"},"content":{"rendered":"<h3 style=\"text-align: center;\">Elegantn\u00fd overal Horizontex Black<\/h3>\n<p style=\"text-align: center;\">Kr\u00e1sny, nev\u0161edn\u00fd overal, vhodn\u00fd na r\u00f4zne pr\u00edle\u017eitosti. Oblek je vyroben\u00fd z elegantn\u00e9ho stre\u010dov\u00e9ho materi\u00e1lu. Kr\u00e1sny, nev\u0161edn\u00fd overal, vhodn\u00fd na r\u00f4zne pr\u00edle\u017eitosti. Oblek je vyroben\u00fd z elegantn\u00e9ho stre\u010dov\u00e9ho materi\u00e1lu. Top s hrub\u00fdmi ramienkami. overal kr\u00e1sne odha\u013euje dekolt. Vypasovan\u00e1 noha. Overal so zav\u00e4zovan\u00edm vzadu. <span style=\"font-size: 10pt;\">Ide\u00e1lne na p\u00e1rty, Silvestra, ve\u010deru alebo von s priate\u013emi. Kombin\u00e9za so \u0161irok\u00fdmi nohavicami prid\u00e1va inov\u00e1ciu.<\/span><span style=\"font-size: 10pt;\"> <strong>Dungarees<\/strong><strong>\u00a0<\/strong> k dispoz\u00edcii <\/span><span style=\"font-size: 10pt;\">\u00a0vo ve\u013ekostiach <strong>34, 36, 38<\/strong> , <strong>40<\/strong>\u00a0 . Kombin\u00e9zy a \u0161aty <strong>Pekn\u00e1 \u017eena<\/strong> je vynikaj\u00facou vo\u013ebou na svadbu, ples, Silvestra a in\u00e9 elegantn\u00e9 \u0161peci\u00e1lne udalosti. Ak sa neviete rozhodn\u00fa\u0165 ak\u00fa farbu, <strong>ve\u013ekos\u0165<\/strong> je pre v\u00e1s to najlep\u0161ie <strong>kontaktuj n\u00e1s<\/strong> cez <a href=\"https:\/\/www.facebook.com\/madelinefashionbutik\" target=\"_blank\" rel=\"noopener\">Facebook<\/a> alebo <a href=\"https:\/\/madelinefashion.pl\/sk\/kontakt\/\">telef\u00f3n<\/a>. Ak ve\u013ekos\u0165 nie je na str\u00e1nke, kontaktujte n\u00e1s.\u00a0<\/span><\/p>\n<h3 style=\"text-align: center;\">ROZMERY kombin\u00e9zy:<\/h3>\n<p style=\"text-align: center;\"><img fetchpriority=\"high\" decoding=\"async\" class=\"alignnone size-medium wp-image-16801\" src=\"https:\/\/madelinefashion.pl\/wp-content\/uploads\/2021\/08\/wymiary-suknia-300x194.png\" alt=\"\" width=\"300\" height=\"194\" title=\"\"><\/p>\n<table width=\"749\">\n<tbody>\n<tr>\n<td>VE\u013dKOS\u0164<\/td>\n<td>34<\/td>\n<td>36<\/td>\n<td>38<\/td>\n<td>40<\/td>\n<\/tr>\n<tr>\n<td>poprsia<\/td>\n<td>84-86<\/td>\n<td>88-90<\/td>\n<td>92-94<\/td>\n<td>96-98<\/td>\n<\/tr>\n<tr>\n<td>P\u00e1s<\/td>\n<td>64<\/td>\n<td>68<\/td>\n<td>72<\/td>\n<td>76<\/td>\n<\/tr>\n<tr>\n<td>Boky<\/td>\n<td>\u00a0ak\u00fdko\u013evek<\/td>\n<td>\u00a0ak\u00fdko\u013evek<\/td>\n<td>\u00a0ak\u00fdko\u013evek<\/td>\n<td>ak\u00fdko\u013evek<\/td>\n<\/tr>\n<\/tbody>\n<\/table>\n<p style=\"text-align: center;\">\u00a0 celkov\u00e1 d\u013a\u017eka cca 157 cm<\/p>\n<p style=\"text-align: center;\">\u0160aty s\u00fa dostupn\u00e9 aj v in\u00fdch farb\u00e1ch - odpor\u00fa\u010dame v\u00e1m zozn\u00e1mi\u0165 sa s na\u0161imi \u010fal\u0161\u00edmi produktmi.<\/p>\n<p style=\"text-align: center;\">Rozmery sa m\u00f4\u017eu mierne l\u00ed\u0161i\u0165 od uveden\u00fdch +\/- 2cm.<\/p>\n<p style=\"text-align: center;\"><strong>\u00a0<\/strong><\/p>\n<p>&nbsp;<\/p>\n<table>\n<tbody>\n<tr>\n<td width=\"302\">Meno modela<\/td>\n<td width=\"302\">Elegantn\u00fd overal Horizontex<\/td>\n<\/tr>\n<tr>\n<td width=\"302\">Farba<\/td>\n<td width=\"302\">\u010dierna<\/td>\n<\/tr>\n<tr>\n<td width=\"302\">Marka<\/td>\n<td width=\"302\">Pekn\u00e1 \u017eena<\/td>\n<\/tr>\n<tr>\n<td width=\"302\">ve\u013ekosti<\/td>\n<td width=\"302\">34 36 38 40<\/td>\n<\/tr>\n<tr>\n<td width=\"302\">M\u00f3da<\/td>\n<td width=\"302\">Zhoda<\/td>\n<\/tr>\n<tr>\n<td width=\"302\">Materi\u00e1l<\/td>\n<td width=\"302\">Visk\u00f3za, polyester, bavlna<\/td>\n<\/tr>\n<tr>\n<td width=\"302\">D\u013a\u017eka<\/td>\n<td width=\"302\">Na zem<\/td>\n<\/tr>\n<\/tbody>\n<\/table>\n<p>&nbsp;<\/p>\n<p style=\"text-align: center;\">Aby ste si vybrali\u00a0<strong>perfektn\u00e9 \u0161aty<\/strong>\u00a0kontaktujte n\u00e1s pros\u00edm telefonicky alebo cez n\u00e1\u0161 facebook.<br \/>\nN\u00e1\u0161 t\u00edm v\u00e1m pom\u00f4\u017ee\u00a0<strong>Vyberte si ten spr\u00e1vny<\/strong>\u00a0.\u00a0<strong>Na \u017eelanie kupuj\u00faceho vyrob\u00edme ak\u00e9ko\u013evek \u0161aty\u00a0<\/strong><strong>opatrne mera\u0165.\u00a0<\/strong><\/p>\n<div class=\"additional-details\">\n<p style=\"text-align: center;\">\n<\/div>","protected":false},"excerpt":{"rendered":"<p>Kombinezon Elegancki Horizontex Czarny Pi\u0119kny, nietuzinkowy kombinezon, odpowiedni na r\u00f3\u017cne okazje. Kombinezon uszyty jest z\u00a0 eleganckiego rozci\u0105gliwego materia\u0142u. Pi\u0119kny, nietuzinkowy kombinezon, odpowiedni na r\u00f3\u017cne okazje. Kombinezon uszyty jest z\u00a0 eleganckiego rozci\u0105gliwego materia\u0142u. G\u00f3ra na grubych rami\u0105czkach. kombinezon pi\u0119knie eksponuje dekolt. Nogawka dopasowana. Kombinezon wi\u0105zany z ty\u0142u. Idealny na imprez\u0119, andrzejki sylwester, kolacj\u0119 lub wyj\u015bcie ze<\/p>\n<div class=\"klb-readmore post-buttons\"><a class=\"button black outline size-sm\" href=\"https:\/\/madelinefashion.pl\/sk\/kombinezon-elegancki-horizontex-czarny\/\">\u010c\u00edta\u0165 \u010falej <i class=\"klbth-icon-right-arrow\"><\/i><\/a><\/div>","protected":false},"featured_media":89783,"template":"","meta":[],"product_brand":[],"product_cat":[80,124,559],"product_tag":[297,257],"class_list":{"0":"post-89798","1":"product","2":"type-product","3":"status-publish","4":"has-post-thumbnail","6":"product_cat-sukienki-i-kombinezony","7":"product_cat-sukienki-okolicznosciowe","8":"product_cat-noworoczna-sekcja-okazji","9":"product_tag-kombinezony","10":"product_tag-madelinefashion","12":"first","13":"instock","14":"sale","15":"purchasable","16":"product-type-variable"},"_links":{"self":[{"href":"https:\/\/madelinefashion.pl\/sk\/wp-json\/wp\/v2\/product\/89798","targetHints":{"allow":["GET"]}}],"collection":[{"href":"https:\/\/madelinefashion.pl\/sk\/wp-json\/wp\/v2\/product"}],"about":[{"href":"https:\/\/madelinefashion.pl\/sk\/wp-json\/wp\/v2\/types\/product"}],"wp:featuredmedia":[{"embeddable":true,"href":"https:\/\/madelinefashion.pl\/sk\/wp-json\/wp\/v2\/media\/89783"}],"wp:attachment":[{"href":"https:\/\/madelinefashion.pl\/sk\/wp-json\/wp\/v2\/media?parent=89798"}],"wp:term":[{"taxonomy":"product_brand","embeddable":true,"href":"https:\/\/madelinefashion.pl\/sk\/wp-json\/wp\/v2\/product_brand?post=89798"},{"taxonomy":"product_cat","embeddable":true,"href":"https:\/\/madelinefashion.pl\/sk\/wp-json\/wp\/v2\/product_cat?post=89798"},{"taxonomy":"product_tag","embeddable":true,"href":"https:\/\/madelinefashion.pl\/sk\/wp-json\/wp\/v2\/product_tag?post=89798"}],"curies":[{"name":"pracovn\u00fd list","href":"https:\/\/api.w.org\/{rel}","templated":true}]}}