{"id":90962,"date":"2023-05-30T10:17:24","date_gmt":"2023-05-30T08:17:24","guid":{"rendered":"https:\/\/madelinefashion.pl\/?post_type=product&#038;p=90962"},"modified":"2023-06-20T11:42:03","modified_gmt":"2023-06-20T09:42:03","slug":"sukienka-maxi-plisowana-paloma-z-koronka-biala","status":"publish","type":"product","link":"https:\/\/madelinefashion.pl\/sk\/sukienka-maxi-plisowana-paloma-z-koronka-biala\/","title":{"rendered":"Paloma skladan\u00e9 maxi \u0161aty s \u010dipkou biele"},"content":{"rendered":"<h3 style=\"text-align: center;\">Paloma skladan\u00e9 maxi \u0161aty s \u010dipkou biele<\/h3>\n<p style=\"text-align: center;\"><span style=\"vertical-align: inherit;\"><span style=\"vertical-align: inherit;\"><b><span style=\"vertical-align: inherit;\"><span style=\"vertical-align: inherit;\">Fenomen\u00e1lne skladan\u00e9 \u0161aty s hrub\u00fdmi ramienkami.<\/span><\/span><\/b><span style=\"vertical-align: inherit;\"><span style=\"vertical-align: inherit;\"> Je to bestseller v na\u0161om obchode. <\/span><span style=\"vertical-align: inherit;\">S<\/span><\/span><\/span><span style=\"vertical-align: inherit;\"><span style=\"vertical-align: inherit;\"><span style=\"vertical-align: inherit;\">pr\u00e1va, ktor\u00e9 okolo v\u00e1s nikto \u013eahostajne neprejde. <\/span><\/span><strong><span style=\"vertical-align: inherit;\"><span style=\"vertical-align: inherit;\">\u0160aty maj\u00fa vo\u013en\u00fd, nariasen\u00fd, vzdu\u0161n\u00fd spodok. <\/span><\/span><\/strong><span style=\"vertical-align: inherit;\"><span style=\"vertical-align: inherit;\">Vyroben\u00e9 z materi\u00e1lu pr\u00edjemn\u00e9ho na dotyk. <\/span><span style=\"vertical-align: inherit;\">Vysok\u00e1 kvalita materi\u00e1lu zaist\u00ed pohodlie pri nosen\u00ed. \u0160aty<\/span><\/span><span style=\"vertical-align: inherit;\"><span style=\"vertical-align: inherit;\"> m\u00e1 v\u00fdstrih do V, tak\u017ee <\/span><\/span><strong><span style=\"vertical-align: inherit;\"><span style=\"vertical-align: inherit;\">odhal\u00ed bustu<\/span><\/span><\/strong><span style=\"vertical-align: inherit;\"><span style=\"vertical-align: inherit;\"> . <\/span><span style=\"vertical-align: inherit;\">c<\/span><\/span><\/span><\/span><span style=\"vertical-align: inherit;\"><span style=\"vertical-align: inherit;\">odpor vytv\u00e1ra v\u00fdnimo\u010dn\u00e9\u00a0<\/span><\/span><span style=\"vertical-align: inherit;\"><span style=\"vertical-align: inherit;\"><b>styling. <\/b><\/span><\/span><span style=\"vertical-align: inherit;\"><span style=\"vertical-align: inherit;\">Ako stvoren\u00e9 na tepl\u00e9 jarn\u00e9 a letn\u00e9 dni, ako po\u010das pr\u00e1zdnin, tak aj v zhone mesta. <\/span><\/span><strong><span style=\"vertical-align: inherit;\"><span style=\"vertical-align: inherit;\">Budete pote\u0161en\u00ed, dokonal\u00fd strih, ktor\u00fd je alternat\u00edvou k overalu. <\/span><\/span><\/strong><span style=\"vertical-align: inherit;\"><span style=\"vertical-align: inherit;\">Pohodln\u00e9 nosenie v sofistikovanom \u0161t\u00fdle mus\u00ed by\u0165 vo va\u0161om \u0161atn\u00edku. <\/span><\/span><strong><span style=\"vertical-align: inherit;\"><span style=\"vertical-align: inherit;\">Elegantn\u00e9 a ve\u013emi \u017eensk\u00e9 plisovan\u00e9 \u0161aty.<\/span><\/span><\/strong><span style=\"vertical-align: inherit;\"><span style=\"vertical-align: inherit;\"> \u00a0 Odpor\u00fa\u010da sa pre \u017eeny, ktor\u00e9 nosia ve\u013e <\/span><\/span><strong><span style=\"vertical-align: inherit;\"><span style=\"vertical-align: inherit;\">XS SML XL.\u00a0 <\/span><\/span><\/strong><span style=\"vertical-align: inherit;\"><span style=\"vertical-align: inherit;\">Dostupn\u00e9 v na\u0161om <\/span><\/span><strong><span style=\"vertical-align: inherit;\"><span style=\"vertical-align: inherit;\">skladova\u0165 vo viacer\u00fdch variantoch <\/span><\/span><a href=\"https:\/\/madelinefashion.pl\/sk\/product-tag\/kombinezony\/\"><span style=\"vertical-align: inherit;\"><span style=\"vertical-align: inherit;\">farby<\/span><\/span><\/a><span style=\"vertical-align: inherit;\"><span style=\"vertical-align: inherit;\"> .\u00a0<\/span><\/span><\/strong><\/p>\n<p>&nbsp;<\/p>\n<h3 style=\"text-align: center;\"><span style=\"vertical-align: inherit;\"><span style=\"vertical-align: inherit;\"><span style=\"vertical-align: inherit;\">Rozmery \u0161iat:<\/span><\/span><\/span><\/h3>\n<p align=\"center\"><span style=\"vertical-align: inherit;\"><span style=\"vertical-align: inherit;\">Celkov\u00e1 d\u013a\u017eka - 134 cm <\/span><\/span><br \/>\n<span style=\"vertical-align: inherit;\"><span style=\"vertical-align: inherit;\">\u0160\u00edrka od pazuchy po pazuchu: 32 - 56 cm<\/span><\/span><br \/>\n<span style=\"vertical-align: inherit;\"><span style=\"vertical-align: inherit;\">\u0160\u00edrka p\u00e1sa: 34-34 cm (elastick\u00fd)<\/span><\/span><\/p>\n<p style=\"text-align: center;\"><span style=\"vertical-align: inherit;\"><span style=\"vertical-align: inherit;\"><span style=\"vertical-align: inherit;\"><span style=\"vertical-align: inherit;\">Rozmery sa m\u00f4\u017eu l\u00ed\u0161i\u0165 od uveden\u00fdch +\/- 2cm. <\/span><\/span><\/span><span style=\"vertical-align: inherit;\"><span style=\"vertical-align: inherit;\"><span style=\"vertical-align: inherit;\">V\u0161etky uveden\u00e9 rozmery s\u00fa meran\u00e9 plo\u0161ne.<\/span><\/span><\/span><\/span><\/p>\n<h3 style=\"text-align: center;\"><span style=\"vertical-align: inherit;\"><span style=\"vertical-align: inherit;\"><span style=\"vertical-align: inherit;\"><span style=\"vertical-align: inherit;\">Vlastnosti produktu:<\/span><\/span><br \/>\n<\/span><\/span><\/h3>\n<p style=\"text-align: center;\"><span style=\"vertical-align: inherit;\"><span style=\"vertical-align: inherit;\"><br \/>\n<span style=\"vertical-align: inherit;\"><span style=\"vertical-align: inherit;\">-elegantn\u00fd<\/span><\/span><br \/>\n<span style=\"vertical-align: inherit;\"><span style=\"vertical-align: inherit;\">- pr\u00edjemn\u00fd materi\u00e1l <\/span><\/span><br \/>\n<span style=\"vertical-align: inherit;\"><span style=\"vertical-align: inherit;\">- m\u00f3dny \u0161t\u00fdl <\/span><\/span><br \/>\n<span style=\"vertical-align: inherit;\"><span style=\"vertical-align: inherit;\">- guma v p\u00e1se <\/span><\/span><br \/>\n<span style=\"vertical-align: inherit;\"><span style=\"vertical-align: inherit;\">- origin\u00e1l <\/span><\/span><br \/>\n<span style=\"vertical-align: inherit;\"><span style=\"vertical-align: inherit;\">-\u017eensk\u00fd- <\/span><\/span><br \/>\n<span style=\"vertical-align: inherit;\"><span style=\"vertical-align: inherit;\">kr\u00e1tky ruk\u00e1v\u00a0<\/span><\/span><\/span><\/span><\/p>\n<p style=\"text-align: center;\"><strong>\u00a0<\/strong><\/p>\n<table style=\"height: 214px;\" width=\"620\">\n<tbody>\n<tr>\n<td width=\"302\"><span style=\"vertical-align: inherit;\"><span style=\"vertical-align: inherit;\">Meno modela<\/span><\/span><\/td>\n<td width=\"302\">Paloma skladan\u00e9 maxi \u0161aty s \u010dipkou<\/td>\n<\/tr>\n<tr>\n<td width=\"302\"><span style=\"vertical-align: inherit;\"><span style=\"vertical-align: inherit;\">Farba<\/span><\/span><\/td>\n<td width=\"302\">biely<\/td>\n<\/tr>\n<tr>\n<td width=\"302\"><span style=\"vertical-align: inherit;\"><span style=\"vertical-align: inherit;\">Zbierka<\/span><\/span><\/td>\n<td width=\"302\"><span style=\"vertical-align: inherit;\"><span style=\"vertical-align: inherit;\">Jar Leto Jese\u0148<\/span><\/span><\/td>\n<\/tr>\n<tr>\n<td width=\"302\"><span style=\"vertical-align: inherit;\"><span style=\"vertical-align: inherit;\">ve\u013ekosti<\/span><\/span><\/td>\n<td width=\"302\"><span style=\"vertical-align: inherit;\"><span style=\"vertical-align: inherit;\">Univerz\u00e1lny<\/span><\/span><\/td>\n<\/tr>\n<tr>\n<td width=\"302\"><span style=\"vertical-align: inherit;\"><span style=\"vertical-align: inherit;\">\u0160tiepenie<\/span><\/span><\/td>\n<td width=\"302\"><span style=\"vertical-align: inherit;\"><span style=\"vertical-align: inherit;\">Ob\u00e1lka<\/span><\/span><\/td>\n<\/tr>\n<tr>\n<td width=\"302\"><span style=\"vertical-align: inherit;\"><span style=\"vertical-align: inherit;\">D\u013a\u017eka<\/span><\/span><\/td>\n<td width=\"302\"><span style=\"vertical-align: inherit;\"><span style=\"vertical-align: inherit;\">maxi<\/span><\/span><\/td>\n<\/tr>\n<tr>\n<td width=\"302\"><span style=\"vertical-align: inherit;\"><span style=\"vertical-align: inherit;\">Materi\u00e1l<\/span><\/span><\/td>\n<td width=\"302\"><span style=\"vertical-align: inherit;\"><span style=\"vertical-align: inherit;\">Polyester 100%\u00a0<\/span><\/span><\/td>\n<\/tr>\n<\/tbody>\n<\/table>\n<div><\/div>\n<div class=\"tabs tabs-bb clear mb-80\">\n<div class=\"tab-content\">\n<div id=\"tab-description\" class=\"tab-pane fade in woocommerce-Tabs-panel--description active\">\n<p style=\"text-align: center;\">\u00a0Model m\u00e1\u00a0<strong>169<\/strong>\u00a0cm vysok\u00fd, nos\u00ed ve\u013ekos\u0165 ka\u017ed\u00fd de\u0148\u00a0<strong>S<\/strong><\/p>\n<p style=\"text-align: center;\">\u0160\u00edrka cez prsia 92 cm<\/p>\n<p style=\"text-align: center;\">\u0160\u00edrka v p\u00e1se 62 cm<\/p>\n<p style=\"text-align: center;\">\u0160\u00edrka v bokoch 94 cm<\/p>\n<\/div>\n<\/div>\n<\/div>\n<section class=\"related products mb-80\"><\/section>\n<section class=\"page-product-box\">\n<div class=\"rte\">\n<p style=\"text-align: center;\">\n<\/div>\n<\/section>","protected":false},"excerpt":{"rendered":"<p>Sukienka Maxi Plisowana Paloma Z Koronk\u0105 Bia\u0142a Fenomenalna Sukienka Plisowana na grubych rami\u0105czkach. To bestsellerowy hit w naszym sklepie. Spraw, \u017ce nikt nie przejdzie obok Ciebie oboj\u0119tnie. Sukienka\u00a0 posiada lu\u017any, plisowany, zwiewny d\u00f3\u0142. Wykonany z przyjemnego w dotyku materia\u0142u. Wysoka jako\u015b\u0107 materia\u0142u zapewni\u0119 i komfort noszenia. Sukienka posiada dekolt literk\u0119 &#8222;V&#8221;\u00a0 dzi\u0119ki czemu wyeksponuje biust<\/p>\n<div class=\"klb-readmore post-buttons\"><a class=\"button black outline size-sm\" href=\"https:\/\/madelinefashion.pl\/sk\/sukienka-maxi-plisowana-paloma-z-koronka-biala\/\">\u010c\u00edta\u0165 \u010falej <i class=\"klbth-icon-right-arrow\"><\/i><\/a><\/div>","protected":false},"featured_media":90929,"template":"","meta":[],"product_brand":[],"product_cat":[80],"product_tag":[219,163],"class_list":{"0":"post-90962","1":"product","2":"type-product","3":"status-publish","4":"has-post-thumbnail","6":"product_cat-sukienki-i-kombinezony","7":"product_tag-sukienka-biala","8":"product_tag-sukienki-dlugie","10":"first","11":"instock","12":"purchasable","13":"product-type-simple"},"_links":{"self":[{"href":"https:\/\/madelinefashion.pl\/sk\/wp-json\/wp\/v2\/product\/90962","targetHints":{"allow":["GET"]}}],"collection":[{"href":"https:\/\/madelinefashion.pl\/sk\/wp-json\/wp\/v2\/product"}],"about":[{"href":"https:\/\/madelinefashion.pl\/sk\/wp-json\/wp\/v2\/types\/product"}],"wp:featuredmedia":[{"embeddable":true,"href":"https:\/\/madelinefashion.pl\/sk\/wp-json\/wp\/v2\/media\/90929"}],"wp:attachment":[{"href":"https:\/\/madelinefashion.pl\/sk\/wp-json\/wp\/v2\/media?parent=90962"}],"wp:term":[{"taxonomy":"product_brand","embeddable":true,"href":"https:\/\/madelinefashion.pl\/sk\/wp-json\/wp\/v2\/product_brand?post=90962"},{"taxonomy":"product_cat","embeddable":true,"href":"https:\/\/madelinefashion.pl\/sk\/wp-json\/wp\/v2\/product_cat?post=90962"},{"taxonomy":"product_tag","embeddable":true,"href":"https:\/\/madelinefashion.pl\/sk\/wp-json\/wp\/v2\/product_tag?post=90962"}],"curies":[{"name":"pracovn\u00fd list","href":"https:\/\/api.w.org\/{rel}","templated":true}]}}