{"id":90994,"date":"2023-05-30T12:08:23","date_gmt":"2023-05-30T10:08:23","guid":{"rendered":"https:\/\/madelinefashion.pl\/?post_type=product&#038;p=90994"},"modified":"2025-08-12T17:32:59","modified_gmt":"2025-08-12T15:32:59","slug":"klapki-pikowane-biale","status":"publish","type":"product","link":"https:\/\/madelinefashion.pl\/sk\/klapki-pikowane-biale\/","title":{"rendered":"Biele pre\u0161\u00edvan\u00e9 papu\u010de"},"content":{"rendered":"<h3 style=\"text-align: center;\">\u00a0Biele pre\u0161\u00edvan\u00e9 papu\u010de<\/h3>\n<p style=\"text-align: center;\">Sand\u00e1le s n\u00edzkym ploch\u00fdm podp\u00e4tkom so \u0161tvorcovou \u0161pi\u010dkou. Klasick\u00fd naz\u00favac\u00ed model. Stabiliza\u010dn\u00fd \u0161irok\u00fd opasok vpredu zdoben\u00fd pre\u0161\u00edvan\u00edm. Vyroben\u00e9 z eko ko\u017ee. Ide\u00e1lne pre \u0161irok\u00e9 chodidlo. Dodato\u010dne pon\u00fakan\u00e9 nami <strong>biele \u0161\u013eapky<\/strong> hodia sa ako v kombin\u00e1cii so \u0161ortkami a topom, tak aj so vzdu\u0161n\u00fdmi \u0161atami \u010di suk\u0148ou. Papu\u010de s\u00fa skvelou ponukou pre \u017eeny, ktor\u00e9 si cenia pohodlie v letn\u00fdch d\u0148och! Top\u00e1nky maj\u00fa m\u00e4kk\u00fa l\u00e1tkov\u00fa stielku a gumen\u00fa podr\u00e1\u017eku. <strong>Pri v\u00fdbere ve\u013ekosti sa ria\u010fte tabu\u013ekou ve\u013ekost\u00ed.<\/strong><\/p>\n<p>&nbsp;<\/p>\n<ul>\n<li style=\"text-align: center;\">proti\u0161mykov\u00e1 flexibiln\u00e1 podr\u00e1\u017eka<\/li>\n<li style=\"text-align: center;\"><strong>top\u00e1nky ide\u00e1lne na ka\u017edodenn\u00e9 nosenie aj na pl\u00e1\u017e<\/strong><\/li>\n<li style=\"text-align: center;\">pohodlie a komfort nosenia zabezpe\u010duje rovn\u00e1 podr\u00e1\u017eka<\/li>\n<li style=\"text-align: center;\">origin\u00e1lny strih - zauj\u00edmav\u00fd vzh\u013ead dod\u00e1va pre\u0161\u00edvan\u00fd opasok, ktor\u00fd im dod\u00e1va \u0161arm<\/li>\n<li style=\"text-align: center;\">vyroben\u00e9 z kvalitn\u00fdch materi\u00e1lov, s d\u00f4razom na detail<\/li>\n<\/ul>\n<p>&nbsp;<\/p>\n<p>&nbsp;<\/p>\n<table width=\"540\">\n<thead>\n<tr>\n<td width=\"216\"><strong>Ve\u013ekos\u0165 E\u00da<\/strong><\/td>\n<td width=\"316\"><strong>D\u013a\u017eka vlo\u017eky<\/strong><\/td>\n<\/tr>\n<\/thead>\n<tbody>\n<tr>\n<td width=\"216\"><strong>36<\/strong><\/td>\n<td width=\"316\">23 cm<\/td>\n<\/tr>\n<tr>\n<td width=\"216\"><strong>37<\/strong><\/td>\n<td width=\"316\">24 cm<\/td>\n<\/tr>\n<tr>\n<td width=\"216\"><strong>38<\/strong><\/td>\n<td width=\"316\">24,5 cm<\/td>\n<\/tr>\n<tr>\n<td width=\"216\"><strong>39<\/strong><\/td>\n<td width=\"316\">25 cm<\/td>\n<\/tr>\n<tr>\n<td width=\"216\"><strong>40<\/strong><\/td>\n<td width=\"316\">25,5 cm<\/td>\n<\/tr>\n<tr>\n<td width=\"216\"><strong>41<\/strong><\/td>\n<td width=\"316\">26 cm<\/td>\n<\/tr>\n<\/tbody>\n<\/table>\n<div class=\"wrap-content\">\n<div class=\"main-container container\">\n<div class=\"row\">\n<section class=\"main-content sidebar-left-false\">\n<div class=\"product-page page\">\n<div class=\"page-content\">\n<div id=\"ProductSizing\" class=\"product-sizing modal fade in\" tabindex=\"-1\" role=\"dialog\" aria-hidden=\"false\">\n<div class=\"modal-dialog\">\n<div class=\"modal-content\">\n<div class=\"widget html_editor\">\n<p>&nbsp;<\/p>\n<\/div>\n<p>&nbsp;<\/p>\n<\/div>\n<\/div>\n<\/div>\n<\/div>\n<\/div>\n<\/section>\n<\/div>\n<\/div>\n<\/div>\n<div class=\"wrap-footer\">\n<footer class=\"\">\n<div class=\"container\">\n<div class=\"footer-newsletter-box\"><\/div>\n<\/div>\n<\/footer>\n<\/div>\n<table>\n<tbody>\n<tr>\n<td width=\"302\">Meno modela<\/td>\n<td width=\"302\">\u00a0Pre\u0161\u00edvan\u00e9 papu\u010de<\/td>\n<\/tr>\n<tr>\n<td width=\"302\">Farba<\/td>\n<td width=\"302\">biely<\/td>\n<\/tr>\n<tr>\n<td width=\"302\">ve\u013ekosti<\/td>\n<td width=\"302\">36 37\u00a0 38\u00a0 39 40 41<\/td>\n<\/tr>\n<tr>\n<td width=\"302\">Podo\u0161va<\/td>\n<td width=\"302\">Hned\u00e1<\/td>\n<\/tr>\n<tr>\n<td width=\"302\">materi\u00e1l vlo\u017eky<\/td>\n<td width=\"302\">Umel\u00e1 ko\u017ea<\/td>\n<\/tr>\n<tr>\n<td width=\"302\">Spona<\/td>\n<td width=\"302\">Nie (posuvn\u00e9)<\/td>\n<\/tr>\n<tr>\n<td width=\"302\">Zbierka<\/td>\n<td width=\"302\">Jar leto<\/td>\n<\/tr>\n<\/tbody>\n<\/table>\n<div class=\"tabs tabs-bb clear mb-80\">\n<div class=\"tab-content\">\n<div id=\"tab-description\" class=\"tab-pane fade in woocommerce-Tabs-panel--description active\">\n<p style=\"text-align: center;\">\n<\/div>\n<\/div>\n<\/div>\n<section class=\"up-sells upsells products mb-80\"><\/section>\n<p style=\"text-align: left;\">","protected":false},"excerpt":{"rendered":"<p>\u00a0Pre\u0161\u00edvan\u00e9 biele \u017eabky: Tieto \u017eabky maj\u00fa n\u00edzky, ploch\u00fd podp\u00e4tok a \u0161tvorcov\u00fa \u0161pi\u010dku. Klasick\u00fd naz\u00favac\u00ed dizajn. \u0160irok\u00fd, pre\u0161\u00edvan\u00fd remienok vpredu poskytuje stabilitu. S\u00fa vyroben\u00e9 z umelej ko\u017ee, tak\u017ee s\u00fa ide\u00e1lne pre \u0161irok\u00e9 chodidl\u00e1. Na\u0161e biele \u017eabky sa navy\u0161e dobre hodia k \u0161ortk\u00e1m a topu, ako aj k spl\u00fdvav\u00fdm \u0161at\u00e1m alebo sukni. Tieto \u017eabky s\u00fa skvelou vo\u013ebou pre \u017eeny.<\/p>\n<div class=\"klb-readmore post-buttons\"><a class=\"button black outline size-sm\" href=\"https:\/\/madelinefashion.pl\/sk\/klapki-pikowane-biale\/\">\u010c\u00edta\u0165 \u010falej <i class=\"klbth-icon-right-arrow\"><\/i><\/a><\/div>","protected":false},"featured_media":91011,"template":"","meta":[],"product_brand":[],"product_cat":[400,395],"product_tag":[494],"class_list":{"0":"post-90994","1":"product","2":"type-product","3":"status-publish","4":"has-post-thumbnail","6":"product_cat-buty","7":"product_cat-nowosci","8":"product_tag-klapki","10":"first","11":"instock","12":"product-type-variable"},"_links":{"self":[{"href":"https:\/\/madelinefashion.pl\/sk\/wp-json\/wp\/v2\/product\/90994","targetHints":{"allow":["GET"]}}],"collection":[{"href":"https:\/\/madelinefashion.pl\/sk\/wp-json\/wp\/v2\/product"}],"about":[{"href":"https:\/\/madelinefashion.pl\/sk\/wp-json\/wp\/v2\/types\/product"}],"wp:featuredmedia":[{"embeddable":true,"href":"https:\/\/madelinefashion.pl\/sk\/wp-json\/wp\/v2\/media\/91011"}],"wp:attachment":[{"href":"https:\/\/madelinefashion.pl\/sk\/wp-json\/wp\/v2\/media?parent=90994"}],"wp:term":[{"taxonomy":"product_brand","embeddable":true,"href":"https:\/\/madelinefashion.pl\/sk\/wp-json\/wp\/v2\/product_brand?post=90994"},{"taxonomy":"product_cat","embeddable":true,"href":"https:\/\/madelinefashion.pl\/sk\/wp-json\/wp\/v2\/product_cat?post=90994"},{"taxonomy":"product_tag","embeddable":true,"href":"https:\/\/madelinefashion.pl\/sk\/wp-json\/wp\/v2\/product_tag?post=90994"}],"curies":[{"name":"pracovn\u00fd list","href":"https:\/\/api.w.org\/{rel}","templated":true}]}}