{"id":91264,"date":"2023-05-31T15:21:55","date_gmt":"2023-05-31T13:21:55","guid":{"rendered":"https:\/\/madelinefashion.pl\/?post_type=product&#038;p=91264"},"modified":"2026-01-20T10:33:23","modified_gmt":"2026-01-20T09:33:23","slug":"bluzka-boho-oliana-czarna","status":"publish","type":"product","link":"https:\/\/madelinefashion.pl\/sk\/bluzka-boho-oliana-czarna\/","title":{"rendered":"Boho bl\u00fazka Oliana Black"},"content":{"rendered":"<h3 style=\"text-align: center;\">Boho bl\u00fazka Oliana Black<\/h3>\n<p style=\"text-align: center;\"><span style=\"font-size: 10pt;\">\u010cipkovan\u00e1 bl\u00fazka je ide\u00e1lnym n\u00e1vrhom na ka\u017edodenn\u00e9 aj be\u017en\u00e9 nosenie <strong>pr\u00e1zdninov\u00e9 pobyty!<\/strong> Bl\u00fazka je vyroben\u00e1 z najkvalitnej\u0161ieho materi\u00e1lu, cel\u00e1 vyzer\u00e1 ve\u013emi dobre <strong>\u017eensk\u00fd<\/strong>. \u010cipkovan\u00e1 bl\u00fazka<strong>\u00a0boh\u00e9msky \u0161t\u00fdl <\/strong>je ide\u00e1lna ponuka na tepl\u00e9 jarn\u00e9 a letn\u00e9 dni. Je tie\u017e dokonal\u00fd ako <strong>p\u00e1r do plaviek.<\/strong> Tento model odpor\u00fa\u010dame nosi\u0165 ku \u0161ortk\u00e1m. Na dotyk pr\u00edjemn\u00fd bavlnen\u00fd materi\u00e1l a vo\u013enej\u0161\u00ed strih vyzeraj\u00fa skvele. Oversized strih zais\u0165uje pohodlie 100%.<strong> materi\u00e1l zd\u00f4raz\u0148uje \u017eensk\u00fa kr\u00e1su<\/strong> a d\u00e1va <strong>\u0161tyliz\u00e1cia postavy<\/strong>. Asymetrick\u00e1 prelamovan\u00e1 bl\u00fazka dostupn\u00e1 u n\u00e1s v nieko\u013ek\u00fdch farebn\u00fdch variantoch. <strong>odpor\u00fa\u010dan\u00e9<\/strong> pre d\u00e1my vo ve\u013e <strong>XS SML<\/strong>\u00a0 <strong>XL<\/strong> ak nos\u00edte v\u00e4\u010d\u0161iu ve\u013ekos\u0165, pozrite si tabu\u013eku ni\u017e\u0161ie.<\/span><\/p>\n<h3 style=\"text-align: center;\">Rozmery:<\/h3>\n<ul style=\"text-align: center;\">\n<li><span style=\"font-size: 10pt;\">\u00a0\u00a0\u00a0\u00a0\u00a0\u00a0\u00a0 \u00a0\u00a0\u00a0\u00a0\u00a0\u00a0\u00a0 celkov\u00e1 d\u013a\u017eka: 68 cm<\/span><\/li>\n<li><span style=\"font-size: 10pt;\">\u00a0\u00a0\u00a0\u00a0\u00a0\u00a0\u00a0 \u00a0\u00a0\u00a0\u00a0\u00a0\u00a0\u00a0 \u0161\u00edrka od pazuchy po pazuchu: 55 -70 cm<br \/>\n<\/span><\/li>\n<li>d\u013a\u017eka ruk\u00e1va od podpazu\u0161ia: 5 cm<br \/>\nd\u013a\u017eka ruk\u00e1va od ramena: 18 cm<\/li>\n<li><\/li>\n<\/ul>\n<p style=\"text-align: center;\"><span style=\"font-size: 10pt;\">Rozmery sa m\u00f4\u017eu mierne l\u00ed\u0161i\u0165 od uveden\u00fdch +\/- 2cm. V\u0161etky uveden\u00e9 rozmery s\u00fa meran\u00e9 plo\u0161ne. rozmer x2<\/span><\/p>\n<p style=\"text-align: center;\"><span style=\"font-size: 10pt;\">\u00a0<\/span><\/p>\n<p style=\"text-align: center;\"><span style=\"font-size: 10pt;\"><strong>\u00a0<\/strong>\u00a0<\/span><\/p>\n<p>&nbsp;<\/p>\n<table>\n<tbody>\n<tr>\n<td width=\"302\"><span style=\"font-size: 10pt;\">Meno modela<\/span><\/td>\n<td width=\"302\">Bl\u00fazka Boho Oliana<\/td>\n<\/tr>\n<tr>\n<td width=\"302\"><span style=\"font-size: 10pt;\">Farba<\/span><\/td>\n<td width=\"302\">\u010dierna<\/td>\n<\/tr>\n<tr>\n<td width=\"302\"><span style=\"font-size: 10pt;\">M\u00f3da<\/span><\/td>\n<td width=\"302\"><span style=\"font-size: 10pt;\">nadrozmern\u00e9<\/span><\/td>\n<\/tr>\n<tr>\n<td width=\"302\"><span style=\"font-size: 10pt;\">Zlo\u017eenie<\/span><\/td>\n<td width=\"302\">100% visk\u00f3za<\/td>\n<\/tr>\n<tr>\n<td width=\"302\"><span style=\"font-size: 10pt;\">D\u013a\u017eka<\/span><\/td>\n<td width=\"302\"><span style=\"font-size: 10pt;\">Do p\u00e1sa<\/span><\/td>\n<\/tr>\n<\/tbody>\n<\/table>\n<p style=\"text-align: center;\"><span style=\"font-size: 10pt;\">\u00a0<\/span><\/p>\n<div class=\"additional-details\" style=\"text-align: center;\">\n<p>\u00a0Model m\u00e1\u00a0<strong>169<\/strong>\u00a0cm vysok\u00fd, nos\u00ed ve\u013ekos\u0165 ka\u017ed\u00fd de\u0148\u00a0<strong>S<\/strong><\/p>\n<p>\u0160\u00edrka cez prsia 92 cm<\/p>\n<p>\u0160\u00edrka v p\u00e1se 62 cm<\/p>\n<p>\u0160\u00edrka v bokoch 94 cm<\/p>\n<p style=\"text-align: center;\"><span style=\"font-size: 10pt;\">\u00a0<\/span><\/p>\n<p style=\"text-align: center;\"><span style=\"font-size: 10pt;\">\u00a0<\/span><\/p>\n<\/div>","protected":false},"excerpt":{"rendered":"<p>Bluzka Boho Oliana Czarna Bluzka Koronkowa\u00a0 to idealna\u00a0 propozycja zar\u00f3wno na co dzie\u0144 jak i na wakacyjne wypady ! Bluzka jest wykonana z najwy\u017cszej jako\u015bci\u00a0 materia\u0142u, ca\u0142o\u015b\u0107 wygl\u0105da bardzo kobieco. Bluzka koronkowa\u00a0w stylu boho to idealna propozycja na ciep\u0142e wiosenne i letnie dni. Idealnie sprawdzi si\u0119 r\u00f3wnie\u017c jako pareo na str\u00f3j k\u0105pielowy. Polecamy nosi\u0107 ten<\/p>\n<div class=\"klb-readmore post-buttons\"><a class=\"button black outline size-sm\" href=\"https:\/\/madelinefashion.pl\/sk\/bluzka-boho-oliana-czarna\/\">\u010c\u00edta\u0165 \u010falej <i class=\"klbth-icon-right-arrow\"><\/i><\/a><\/div>","protected":false},"featured_media":91172,"template":"","meta":[],"product_brand":[],"product_cat":[77],"product_tag":[479,252],"class_list":{"0":"post-91264","1":"product","2":"type-product","3":"status-publish","4":"has-post-thumbnail","6":"product_cat-bluzki","7":"product_tag-bluzki-z-krotkim-rekawem","8":"product_tag-bluzka-czarna","10":"first","11":"instock","12":"sale","13":"purchasable","14":"product-type-simple"},"_links":{"self":[{"href":"https:\/\/madelinefashion.pl\/sk\/wp-json\/wp\/v2\/product\/91264","targetHints":{"allow":["GET"]}}],"collection":[{"href":"https:\/\/madelinefashion.pl\/sk\/wp-json\/wp\/v2\/product"}],"about":[{"href":"https:\/\/madelinefashion.pl\/sk\/wp-json\/wp\/v2\/types\/product"}],"wp:featuredmedia":[{"embeddable":true,"href":"https:\/\/madelinefashion.pl\/sk\/wp-json\/wp\/v2\/media\/91172"}],"wp:attachment":[{"href":"https:\/\/madelinefashion.pl\/sk\/wp-json\/wp\/v2\/media?parent=91264"}],"wp:term":[{"taxonomy":"product_brand","embeddable":true,"href":"https:\/\/madelinefashion.pl\/sk\/wp-json\/wp\/v2\/product_brand?post=91264"},{"taxonomy":"product_cat","embeddable":true,"href":"https:\/\/madelinefashion.pl\/sk\/wp-json\/wp\/v2\/product_cat?post=91264"},{"taxonomy":"product_tag","embeddable":true,"href":"https:\/\/madelinefashion.pl\/sk\/wp-json\/wp\/v2\/product_tag?post=91264"}],"curies":[{"name":"pracovn\u00fd list","href":"https:\/\/api.w.org\/{rel}","templated":true}]}}