{"id":91728,"date":"2023-06-02T12:06:28","date_gmt":"2023-06-02T10:06:28","guid":{"rendered":"https:\/\/madelinefashion.pl\/?post_type=product&#038;p=91728"},"modified":"2025-10-14T12:11:41","modified_gmt":"2025-10-14T10:11:41","slug":"spodnica-z-dluzszym-tylem-samuella-pudrowy-roz","status":"publish","type":"product","link":"https:\/\/madelinefashion.pl\/sk\/spodnica-z-dluzszym-tylem-samuella-pudrowy-roz\/","title":{"rendered":"Samuella dlh\u0161ia zadn\u00e1 suk\u0148a p\u00fadrov\u00e1 ru\u017eov\u00e1"},"content":{"rendered":"<h3 style=\"text-align: center;\">Samuella dlh\u0161ia zadn\u00e1 suk\u0148a p\u00fadrov\u00e1 ru\u017eov\u00e1<\/h3>\n<p style=\"text-align: center;\"><strong>Asymetrick\u00e1 suk\u0148a s dlh\u0161\u00edm zadn\u00fdm dielom\u00a0 <\/strong>\u013eahk\u00e1, vzdu\u0161n\u00e1 suk\u0148a, ktor\u00e1 ti d\u00e1 slobodu v ka\u017edej situ\u00e1cii. <strong>Univerz\u00e1lny<\/strong>napriek tomu ve\u013emi \u0161t\u00fdlov\u00e9 a \u017eensk\u00e9. <strong>Hladk\u00e1 suk\u0148a<\/strong> v spodnej \u010dasti dokonale ukon\u010den\u00e9 vol\u00e1nom<strong>\u00a0<\/strong>bude fungova\u0165 v jarn\u00fdch a letn\u00fdch \u0161tyliz\u00e1ci\u00e1ch. Suk\u0148a m\u00e1 vo\u013en\u00fd strih. <strong>Elastick\u00e9 v p\u00e1se<\/strong> pekne zv\u00fdraz\u0148uje p\u00e1s a dr\u017e\u00ed suk\u0148u na svojom mieste, navy\u0161e m\u00e1 suk\u0148a ozdobn\u00fd p\u00e1s <strong>p\u00e1s<\/strong>. M\u00f4\u017eete s n\u00edm vytvori\u0165 diev\u010densk\u00fd, romantick\u00fd styling. Na\u0161a suk\u0148a sa bude skvele hodi\u0165 k tri\u010dku, topu a tenisk\u00e1m \u010di baler\u00ednkam.<\/p>\n<h3 style=\"text-align: center;\">Rozmery:<\/h3>\n<ul style=\"text-align: center;\">\n<li><span style=\"font-size: 10pt;\">\u00a0\u00a0\u00a0\u00a0\u00a0\u00a0\u00a0 celkov\u00e1 predn\u00e1 d\u013a\u017eka: 49 cm\u00a0<\/span><\/li>\n<li><span style=\"font-size: 10pt;\">celkov\u00e1 d\u013a\u017eka chrbta: 97 cm\u00a0<\/span><\/li>\n<li><span style=\"font-size: 10pt;\">\u00a0\u00a0\u00a0\u00a0\u00a0\u00a0\u00a0 \u0161\u00edrka p\u00e1sa 33-50 cm\u00a0<\/span><\/li>\n<\/ul>\n<p style=\"text-align: center;\"><span style=\"font-size: 10pt;\">Rozmery sa m\u00f4\u017eu mierne l\u00ed\u0161i\u0165 od uveden\u00fdch +\/- 2cm. V\u0161etky uveden\u00e9 rozmery s\u00fa meran\u00e9 plo\u0161ne.<\/span><\/p>\n<p style=\"text-align: center;\"><span style=\"font-size: 10pt;\">\u00a0<\/span><\/p>\n<p style=\"text-align: center;\"><span style=\"font-size: 10pt;\">\u00a0<\/span><\/p>\n<table>\n<tbody>\n<tr>\n<td width=\"302\">Meno modela<\/td>\n<td width=\"302\">Dlh\u0161ia zadn\u00e1 suk\u0148a Samuell<\/td>\n<\/tr>\n<tr>\n<td width=\"302\">Farba<\/td>\n<td width=\"302\">P\u00fadrov\u00e1 ru\u017eov\u00e1<\/td>\n<\/tr>\n<tr>\n<td width=\"302\">ve\u013ekosti<\/td>\n<td width=\"302\">Univerz\u00e1lny<\/td>\n<\/tr>\n<tr>\n<td width=\"302\">M\u00f3da<\/td>\n<td width=\"302\">nadrozmern\u00e9<\/td>\n<\/tr>\n<tr>\n<td width=\"302\">Materi\u00e1l<\/td>\n<td width=\"302\">95 % Polyester 5% Elastan<\/td>\n<\/tr>\n<\/tbody>\n<\/table>\n<p style=\"text-align: center;\"><span style=\"font-size: 10pt;\"> \u00a0Model m\u00e1\u00a0<strong>175<\/strong>\u00a0cm vysok\u00fd, nos\u00ed ve\u013ekos\u0165 ka\u017ed\u00fd de\u0148\u00a0<strong>S<\/strong><\/span><\/p>","protected":false},"excerpt":{"rendered":"<p>Dlh\u00e1 suk\u0148a Samuella p\u00fadrovo ru\u017eov\u00e1 s dlh\u00fdm chrbtom. T\u00e1to asymetrick\u00e1 suk\u0148a s dlh\u0161\u00edm chrbtom je \u013eahk\u00e1, vzdu\u0161n\u00e1 suk\u0148a, ktor\u00e1 v\u00e1m poskytne slobodu v ka\u017edej situ\u00e1cii. V\u0161estrann\u00e1, no z\u00e1rove\u0148 ve\u013emi \u0161t\u00fdlov\u00e1 a \u017eensk\u00e1. Hladk\u00e1 suk\u0148a s vol\u00e1nikov\u00fdm lemom je ide\u00e1lna na jarn\u00e9 a letn\u00e9 outfity. Suk\u0148a m\u00e1 vo\u013en\u00fd strih. Elastick\u00fd p\u00e1s kr\u00e1sne zv\u00fdraz\u0148uje p\u00e1s a dod\u00e1va mu vzh\u013ead...,<\/p>\n<div class=\"klb-readmore post-buttons\"><a class=\"button black outline size-sm\" href=\"https:\/\/madelinefashion.pl\/sk\/spodnica-z-dluzszym-tylem-samuella-pudrowy-roz\/\">\u010c\u00edta\u0165 \u010falej <i class=\"klbth-icon-right-arrow\"><\/i><\/a><\/div>","protected":false},"featured_media":91376,"template":"","meta":[],"product_brand":[],"product_cat":[107],"product_tag":[],"class_list":{"0":"post-91728","1":"product","2":"type-product","3":"status-publish","4":"has-post-thumbnail","6":"product_cat-spodnice-i-spodniczki","8":"first","9":"instock","10":"purchasable","11":"product-type-simple"},"_links":{"self":[{"href":"https:\/\/madelinefashion.pl\/sk\/wp-json\/wp\/v2\/product\/91728","targetHints":{"allow":["GET"]}}],"collection":[{"href":"https:\/\/madelinefashion.pl\/sk\/wp-json\/wp\/v2\/product"}],"about":[{"href":"https:\/\/madelinefashion.pl\/sk\/wp-json\/wp\/v2\/types\/product"}],"wp:featuredmedia":[{"embeddable":true,"href":"https:\/\/madelinefashion.pl\/sk\/wp-json\/wp\/v2\/media\/91376"}],"wp:attachment":[{"href":"https:\/\/madelinefashion.pl\/sk\/wp-json\/wp\/v2\/media?parent=91728"}],"wp:term":[{"taxonomy":"product_brand","embeddable":true,"href":"https:\/\/madelinefashion.pl\/sk\/wp-json\/wp\/v2\/product_brand?post=91728"},{"taxonomy":"product_cat","embeddable":true,"href":"https:\/\/madelinefashion.pl\/sk\/wp-json\/wp\/v2\/product_cat?post=91728"},{"taxonomy":"product_tag","embeddable":true,"href":"https:\/\/madelinefashion.pl\/sk\/wp-json\/wp\/v2\/product_tag?post=91728"}],"curies":[{"name":"pracovn\u00fd list","href":"https:\/\/api.w.org\/{rel}","templated":true}]}}