{"id":91765,"date":"2023-06-02T13:26:04","date_gmt":"2023-06-02T11:26:04","guid":{"rendered":"https:\/\/madelinefashion.pl\/?post_type=product&#038;p=91765"},"modified":"2024-04-24T10:32:18","modified_gmt":"2024-04-24T08:32:18","slug":"kombinezon-z-szerokimi-nogawkami-i-paskiem-madeline-chabrowy","status":"publish","type":"product","link":"https:\/\/madelinefashion.pl\/sk\/kombinezon-z-szerokimi-nogawkami-i-paskiem-madeline-chabrowy\/","title":{"rendered":"Overal so \u0161irok\u00fdmi nohami a opaskom Madeline Cornflower"},"content":{"rendered":"<h3 style=\"text-align: center;\">Overal so \u0161irok\u00fdmi nohami a opaskom Madeline Cornflower<\/h3>\n<p style=\"text-align: center;\"><span style=\"vertical-align: inherit;\"><span style=\"vertical-align: inherit;\"><b><span style=\"vertical-align: inherit;\"><span style=\"vertical-align: inherit;\">Fenomen\u00e1lny overal bez ruk\u00e1vov a ob\u00e1lkov\u00e9ho v\u00fdstrihu.<\/span><\/span><\/b><span style=\"vertical-align: inherit;\"><span style=\"vertical-align: inherit;\"> Je to bestseller v na\u0161om obchode. <\/span><span style=\"vertical-align: inherit;\">S<\/span><\/span><\/span><span style=\"vertical-align: inherit;\"><span style=\"vertical-align: inherit;\"><span style=\"vertical-align: inherit;\">pr\u00e1va, ktor\u00e9 okolo v\u00e1s nikto \u013eahostajne neprejde. <\/span><\/span><strong><span style=\"vertical-align: inherit;\"><span style=\"vertical-align: inherit;\">Oblek m\u00e1 vo\u013en\u00e9 skladan\u00e9 nohavice. <\/span><\/span><\/strong><span style=\"vertical-align: inherit;\"><span style=\"vertical-align: inherit;\">Vyroben\u00e9 z materi\u00e1lu pr\u00edjemn\u00e9ho na dotyk. <\/span><span style=\"vertical-align: inherit;\">Vysok\u00e1 kvalita materi\u00e1lu zaist\u00ed pohodlie pri nosen\u00ed. <\/span><\/span><strong><span style=\"vertical-align: inherit;\"><span style=\"vertical-align: inherit;\">Dungarees<\/span><\/span><\/strong><span style=\"vertical-align: inherit;\"><span style=\"vertical-align: inherit;\"> M\u00e1 tak\u00fd v\u00fdstrih <\/span><\/span><strong><span style=\"vertical-align: inherit;\"><span style=\"vertical-align: inherit;\">odhal\u00ed bustu<\/span><\/span><\/strong><span style=\"vertical-align: inherit;\"><span style=\"vertical-align: inherit;\"> . <\/span><span style=\"vertical-align: inherit;\">c<\/span><\/span><\/span><\/span><span style=\"vertical-align: inherit;\"><span style=\"vertical-align: inherit;\">odpor vytv\u00e1ra v\u00fdnimo\u010dn\u00e9 <\/span><\/span><strong><span style=\"vertical-align: inherit;\"><span style=\"vertical-align: inherit;\">styling. Dod\u00e1va sa s vol\u00e1nov\u00fdm opaskom. <\/span><\/span><\/strong><span style=\"vertical-align: inherit;\"><span style=\"vertical-align: inherit;\">Ako stvoren\u00e9 na tepl\u00e9 jarn\u00e9 a letn\u00e9 dni, ako po\u010das pr\u00e1zdnin, tak aj v zhone mesta. <\/span><\/span><strong><span style=\"vertical-align: inherit;\"><span style=\"vertical-align: inherit;\">Budete pote\u0161en\u00ed, dokonal\u00fd strih, ktor\u00fd je alternat\u00edvou k \u0161at\u00e1m. <\/span><\/span><\/strong><span style=\"vertical-align: inherit;\"><span style=\"vertical-align: inherit;\">Pohodln\u00e9 nosenie v sofistikovanom \u0161t\u00fdle mus\u00ed by\u0165 vo va\u0161om \u0161atn\u00edku. <\/span><\/span><strong><span style=\"vertical-align: inherit;\"><span style=\"vertical-align: inherit;\">\u0160t\u00fdlov\u00fd a ve\u013emi \u017eensk\u00fd overal..<\/span><\/span><\/strong><span style=\"vertical-align: inherit;\"><span style=\"vertical-align: inherit;\"> \u00a0 Odpor\u00fa\u010da sa pre \u017eeny, ktor\u00e9 nosia ve\u013e <\/span><\/span><strong><span style=\"vertical-align: inherit;\"><span style=\"vertical-align: inherit;\">XS SML XL.\u00a0 <\/span><\/span><\/strong><span style=\"vertical-align: inherit;\"><span style=\"vertical-align: inherit;\">Dostupn\u00e9 v na\u0161om <\/span><\/span><strong><span style=\"vertical-align: inherit;\"><span style=\"vertical-align: inherit;\">skladova\u0165 vo viacer\u00fdch variantoch <\/span><\/span><a href=\"https:\/\/madelinefashion.pl\/sk\/product-tag\/kombinezony\/\"><span style=\"vertical-align: inherit;\"><span style=\"vertical-align: inherit;\">farby<\/span><\/span><\/a><span style=\"vertical-align: inherit;\"><span style=\"vertical-align: inherit;\"> . Oblek m\u00e1 opasok vo farbe l\u00e1tky.<\/span><\/span><\/strong><\/p>\n<p>&nbsp;<\/p>\n<h3 style=\"text-align: center;\"><span style=\"vertical-align: inherit;\"><span style=\"vertical-align: inherit;\"><span style=\"vertical-align: inherit;\">Rozmery obleku:<\/span><\/span><\/span><\/h3>\n<p align=\"center\"><span style=\"vertical-align: inherit;\"><span style=\"vertical-align: inherit;\">Celkov\u00e1 d\u013a\u017eka - 132 cm <\/span><\/span><br \/>\n<span style=\"vertical-align: inherit;\"><span style=\"vertical-align: inherit;\">\u0160\u00edrka od pazuchy po pazuchu: 37 - 64 cm<\/span><\/span><br \/>\n<span style=\"vertical-align: inherit;\"><span style=\"vertical-align: inherit;\">\u0160\u00edrka p\u00e1sa: 32 - 55 cm (elastick\u00fd)<\/span><\/span><br \/>\n<span style=\"vertical-align: inherit;\"><span style=\"vertical-align: inherit;\">Vn\u00fatorn\u00e1 d\u013a\u017eka nohav\u00edc: 64 cm<\/span><\/span><\/p>\n<p style=\"text-align: center;\"><span style=\"vertical-align: inherit;\"><span style=\"vertical-align: inherit;\"><span style=\"vertical-align: inherit;\"><span style=\"vertical-align: inherit;\">Rozmery sa m\u00f4\u017eu l\u00ed\u0161i\u0165 od uveden\u00fdch +\/- 2cm. <\/span><\/span><\/span><span style=\"vertical-align: inherit;\"><span style=\"vertical-align: inherit;\"><span style=\"vertical-align: inherit;\">V\u0161etky uveden\u00e9 rozmery s\u00fa meran\u00e9 plo\u0161ne.<\/span><\/span><\/span><\/span><\/p>\n<h3 style=\"text-align: center;\"><span style=\"vertical-align: inherit;\"><span style=\"vertical-align: inherit;\"><span style=\"vertical-align: inherit;\"><span style=\"vertical-align: inherit;\">Vlastnosti produktu:<\/span><\/span><br \/>\n<\/span><\/span><\/h3>\n<p style=\"text-align: center;\"><span style=\"vertical-align: inherit;\"><span style=\"vertical-align: inherit;\"><br \/>\n<span style=\"vertical-align: inherit;\"><span style=\"vertical-align: inherit;\">-elegantn\u00fd<br \/>\n<\/span><\/span>- plisovan\u00fd<br \/>\n<span style=\"vertical-align: inherit;\"><span style=\"vertical-align: inherit;\">- pr\u00edjemn\u00fd materi\u00e1l <\/span><\/span><br \/>\n<span style=\"vertical-align: inherit;\"><span style=\"vertical-align: inherit;\">- m\u00f3dny \u0161t\u00fdl <\/span><\/span><br \/>\n<span style=\"vertical-align: inherit;\"><span style=\"vertical-align: inherit;\">- guma v p\u00e1se <\/span><\/span><br \/>\n<span style=\"vertical-align: inherit;\"><span style=\"vertical-align: inherit;\">- origin\u00e1l <\/span><\/span><br \/>\n<span style=\"vertical-align: inherit;\"><span style=\"vertical-align: inherit;\">-\u017eensk\u00fd- <\/span><\/span><\/span><\/span><\/p>\n<p>&nbsp;<\/p>\n<p style=\"text-align: center;\"><strong>\u00a0<\/strong><\/p>\n<table style=\"height: 214px;\" width=\"620\">\n<tbody>\n<tr>\n<td width=\"302\"><span style=\"vertical-align: inherit;\"><span style=\"vertical-align: inherit;\">Meno modela<\/span><\/span><\/td>\n<td width=\"302\">Overal so \u0161irok\u00fdmi nohami s opaskom Madeline<\/td>\n<\/tr>\n<tr>\n<td width=\"302\"><span style=\"vertical-align: inherit;\"><span style=\"vertical-align: inherit;\">Farba<\/span><\/span><\/td>\n<td width=\"302\"><span style=\"vertical-align: inherit;\"><span style=\"vertical-align: inherit;\">Modr\u00e1<\/span><\/span><\/td>\n<\/tr>\n<tr>\n<td width=\"302\"><span style=\"vertical-align: inherit;\"><span style=\"vertical-align: inherit;\">Zbierka<\/span><\/span><\/td>\n<td width=\"302\"><span style=\"vertical-align: inherit;\"><span style=\"vertical-align: inherit;\">Jar Leto Jese\u0148<\/span><\/span><\/td>\n<\/tr>\n<tr>\n<td width=\"302\"><span style=\"vertical-align: inherit;\"><span style=\"vertical-align: inherit;\">ve\u013ekosti<\/span><\/span><\/td>\n<td width=\"302\"><span style=\"vertical-align: inherit;\"><span style=\"vertical-align: inherit;\">Univerz\u00e1lny<\/span><\/span><\/td>\n<\/tr>\n<tr>\n<td width=\"302\"><span style=\"vertical-align: inherit;\"><span style=\"vertical-align: inherit;\">\u0160tiepenie<\/span><\/span><\/td>\n<td width=\"302\"><span style=\"vertical-align: inherit;\"><span style=\"vertical-align: inherit;\">Ob\u00e1lka<\/span><\/span><\/td>\n<\/tr>\n<tr>\n<td width=\"302\"><span style=\"vertical-align: inherit;\"><span style=\"vertical-align: inherit;\">D\u013a\u017eka<\/span><\/span><\/td>\n<td width=\"302\"><span style=\"vertical-align: inherit;\"><span style=\"vertical-align: inherit;\">maxi<\/span><\/span><\/td>\n<\/tr>\n<tr>\n<td width=\"302\"><span style=\"vertical-align: inherit;\"><span style=\"vertical-align: inherit;\">Materi\u00e1l<\/span><\/span><\/td>\n<td width=\"302\"><span style=\"vertical-align: inherit;\"><span style=\"vertical-align: inherit;\">95% Polyester 5% Elastan<\/span><\/span><\/td>\n<\/tr>\n<\/tbody>\n<\/table>\n<div class=\"tabs tabs-bb clear mb-80\">\n<div class=\"tab-content\">\n<div id=\"tab-description\" class=\"tab-pane fade in woocommerce-Tabs-panel--description active\">\n<p style=\"text-align: center;\"><span style=\"vertical-align: inherit;\"><span style=\"vertical-align: inherit;\">\u00a0Model m\u00e1 <\/span><\/span><strong><span style=\"vertical-align: inherit;\"><span style=\"vertical-align: inherit;\">165<\/span><\/span><\/strong><span style=\"vertical-align: inherit;\"><span style=\"vertical-align: inherit;\"> cm vysok\u00fd, nos\u00ed ve\u013ekos\u0165 ka\u017ed\u00fd de\u0148\u00a0 <\/span><\/span><strong><span style=\"vertical-align: inherit;\"><span style=\"vertical-align: inherit;\">S<\/span><\/span><\/strong><\/p>\n<\/div>\n<\/div>\n<\/div>\n<section class=\"related products mb-80\"><\/section>\n<section class=\"page-product-box\">\n<div class=\"rte\">\n<p style=\"text-align: center;\">\n<\/div>\n<\/section>","protected":false},"excerpt":{"rendered":"<p>Kombinezon z Szerokimi Nogawkami i Paskiem Madeline Chabrowy Fenomenalny kombinezon bez r\u0119kaw\u00f3w\u00a0 oraz kopertowym dekoltem. To bestsellerowy hit w naszym sklepie. Spraw, \u017ce nikt nie przejdzie obok Ciebie oboj\u0119tnie. Kombinezon posiada lu\u017ane plisowane nogawki. Wykonany z przyjemnego w dotyku materia\u0142u. Wysoka jako\u015b\u0107 materia\u0142u zapewni\u0119 i komfort noszenia. Kombinezon posiada dekolt dzi\u0119ki czemu wyeksponuje biust .<\/p>\n<div class=\"klb-readmore post-buttons\"><a class=\"button black outline size-sm\" href=\"https:\/\/madelinefashion.pl\/sk\/kombinezon-z-szerokimi-nogawkami-i-paskiem-madeline-chabrowy\/\">\u010c\u00edta\u0165 \u010falej <i class=\"klbth-icon-right-arrow\"><\/i><\/a><\/div>","protected":false},"featured_media":91647,"template":"","meta":[],"product_brand":[],"product_cat":[80],"product_tag":[297],"class_list":{"0":"post-91765","1":"product","2":"type-product","3":"status-publish","4":"has-post-thumbnail","6":"product_cat-sukienki-i-kombinezony","7":"product_tag-kombinezony","9":"first","10":"instock","11":"purchasable","12":"product-type-simple"},"_links":{"self":[{"href":"https:\/\/madelinefashion.pl\/sk\/wp-json\/wp\/v2\/product\/91765","targetHints":{"allow":["GET"]}}],"collection":[{"href":"https:\/\/madelinefashion.pl\/sk\/wp-json\/wp\/v2\/product"}],"about":[{"href":"https:\/\/madelinefashion.pl\/sk\/wp-json\/wp\/v2\/types\/product"}],"wp:featuredmedia":[{"embeddable":true,"href":"https:\/\/madelinefashion.pl\/sk\/wp-json\/wp\/v2\/media\/91647"}],"wp:attachment":[{"href":"https:\/\/madelinefashion.pl\/sk\/wp-json\/wp\/v2\/media?parent=91765"}],"wp:term":[{"taxonomy":"product_brand","embeddable":true,"href":"https:\/\/madelinefashion.pl\/sk\/wp-json\/wp\/v2\/product_brand?post=91765"},{"taxonomy":"product_cat","embeddable":true,"href":"https:\/\/madelinefashion.pl\/sk\/wp-json\/wp\/v2\/product_cat?post=91765"},{"taxonomy":"product_tag","embeddable":true,"href":"https:\/\/madelinefashion.pl\/sk\/wp-json\/wp\/v2\/product_tag?post=91765"}],"curies":[{"name":"pracovn\u00fd list","href":"https:\/\/api.w.org\/{rel}","templated":true}]}}