{"id":92565,"date":"2023-06-09T16:04:31","date_gmt":"2023-06-09T14:04:31","guid":{"rendered":"https:\/\/madelinefashion.pl\/?post_type=product&#038;p=92565"},"modified":"2026-03-01T12:58:05","modified_gmt":"2026-03-01T11:58:05","slug":"torebka-wizytowa-rozowa-z-krysztalkami","status":"publish","type":"product","link":"https:\/\/madelinefashion.pl\/sk\/torebka-wizytowa-rozowa-z-krysztalkami\/","title":{"rendered":"Ru\u017eov\u00e1 ta\u0161ka na n\u00e1v\u0161tevu s kry\u0161t\u00e1lmi"},"content":{"rendered":"<h3 style=\"text-align: center;\">Ru\u017eov\u00e1 ta\u0161ka na n\u00e1v\u0161tevu s kry\u0161t\u00e1lmi<\/h3>\n<p style=\"text-align: center;\">Kabelka je nevyhnutnou s\u00fa\u010das\u0165ou ve\u010dern\u00e9ho outfitu. Tento model sa vyzna\u010duje nielen svojou praktickos\u0165ou, ale aj eleganciou. Elegantn\u00e1 kabelka sa bude hodi\u0165 ka\u017edej \u017eene, ktor\u00e1 sleduje najnov\u0161ie m\u00f3dne trendy.<\/p>\n<p style=\"text-align: center;\">Zlat\u00e1 ta\u0161ti\u010dka zdoben\u00e1 kry\u0161t\u00e1lmi sa zap\u00edna na z\u00e1padku.<\/p>\n<p style=\"text-align: center;\">Stred elegantnej ta\u0161ky je esteticky ukon\u010den\u00fd pod\u0161\u00edvkou.<\/p>\n<p style=\"text-align: center;\">Sada obsahuje dve pripevnen\u00e9 retiazky.<\/p>\n<p style=\"text-align: center;\">\u00a0Elegantn\u00e1 leskl\u00e1 kabelka, ktor\u00e1 bude vyzera\u0165 perfektne v ruke aj na ozdobnej retiazke, ur\u010dite dod\u00e1 \u0161t\u00fdl ka\u017ed\u00e9mu stylingu.<\/p>\n<h3 style=\"text-align: center;\">Charakteristika:<\/h3>\n<p style=\"text-align: center;\">ve\u010der<\/p>\n<p style=\"text-align: center;\">ide\u00e1lne na svadbu \/ ples \/ ples<\/p>\n<h3 style=\"text-align: center;\">Rozmery ta\u0161ky:<\/h3>\n<ul style=\"text-align: center;\">\n<li>v\u00fd\u0161ka - 13 cm<\/li>\n<li>\u0161\u00edrka - 22 cm<\/li>\n<li><\/li>\n<\/ul>","protected":false},"excerpt":{"rendered":"<p>Ru\u017eov\u00e1 spolo\u010densk\u00e1 kabelka s kry\u0161t\u00e1lmi. T\u00e1to kabelka je nevyhnutnou s\u00fa\u010das\u0165ou ve\u010dern\u00e9ho outfitu. Tento model sa vyzna\u010duje nielen svojou praktickos\u0165ou, ale aj eleganciou. T\u00e1to elegantn\u00e1 kabelka je ide\u00e1lna pre ka\u017ed\u00fa \u017eenu, ktor\u00e1 sleduje najnov\u0161ie m\u00f3dne trendy. Zlat\u00e1 kabelka, zdoben\u00e1 kry\u0161t\u00e1lmi, sa zap\u00edna na patentn\u00fd cvok. Vn\u00fatro tejto elegantnej kabelky je esteticky dokon\u010den\u00e9 pod\u0161\u00edvkou. Kabelka je dod\u00e1van\u00e1 s dvoma odn\u00edmate\u013en\u00fdmi retiazkov\u00fdmi popruhmi.<\/p>\n<div class=\"klb-readmore post-buttons\"><a class=\"button black outline size-sm\" href=\"https:\/\/madelinefashion.pl\/sk\/torebka-wizytowa-rozowa-z-krysztalkami\/\">\u010c\u00edta\u0165 \u010falej <i class=\"klbth-icon-right-arrow\"><\/i><\/a><\/div>","protected":false},"featured_media":92178,"template":"","meta":[],"product_brand":[],"product_cat":[113,395],"product_tag":[504,412],"class_list":{"0":"post-92565","1":"product","2":"type-product","3":"status-publish","4":"has-post-thumbnail","6":"product_cat-dodatki","7":"product_cat-nowosci","8":"product_tag-party-time","9":"product_tag-torebki-damskie","11":"first","12":"instock","13":"sale","14":"purchasable","15":"product-type-simple"},"_links":{"self":[{"href":"https:\/\/madelinefashion.pl\/sk\/wp-json\/wp\/v2\/product\/92565","targetHints":{"allow":["GET"]}}],"collection":[{"href":"https:\/\/madelinefashion.pl\/sk\/wp-json\/wp\/v2\/product"}],"about":[{"href":"https:\/\/madelinefashion.pl\/sk\/wp-json\/wp\/v2\/types\/product"}],"wp:featuredmedia":[{"embeddable":true,"href":"https:\/\/madelinefashion.pl\/sk\/wp-json\/wp\/v2\/media\/92178"}],"wp:attachment":[{"href":"https:\/\/madelinefashion.pl\/sk\/wp-json\/wp\/v2\/media?parent=92565"}],"wp:term":[{"taxonomy":"product_brand","embeddable":true,"href":"https:\/\/madelinefashion.pl\/sk\/wp-json\/wp\/v2\/product_brand?post=92565"},{"taxonomy":"product_cat","embeddable":true,"href":"https:\/\/madelinefashion.pl\/sk\/wp-json\/wp\/v2\/product_cat?post=92565"},{"taxonomy":"product_tag","embeddable":true,"href":"https:\/\/madelinefashion.pl\/sk\/wp-json\/wp\/v2\/product_tag?post=92565"}],"curies":[{"name":"pracovn\u00fd list","href":"https:\/\/api.w.org\/{rel}","templated":true}]}}