{"id":9298,"date":"2021-04-22T01:34:32","date_gmt":"2021-04-21T23:34:32","guid":{"rendered":"https:\/\/madelinefashion.pl\/?post_type=product&#038;p=9298"},"modified":"2025-09-09T10:36:05","modified_gmt":"2025-09-09T08:36:05","slug":"sukienka-midi-dopasowana-sarano-czerwona","status":"publish","type":"product","link":"https:\/\/madelinefashion.pl\/sk\/sukienka-midi-dopasowana-sarano-czerwona\/","title":{"rendered":"Sarano Fitted Midi \u0161aty \u010derven\u00e9"},"content":{"rendered":"<h3 style=\"text-align: center;\">Sarano Fitted Midi \u0161aty \u010derven\u00e9<\/h3>\n<p style=\"text-align: center;\"><strong>Elegantn\u00e9 pleten\u00e9 \u0161aty<\/strong> perfektne strihan\u00e9<strong> zd\u00f4raz\u0148uj\u00face \u017eensk\u00e9 tvary<\/strong>. Materi\u00e1l \u0161iat neobmedzuje v pohybe a je ve\u013emi pru\u017en\u00fd. D\u00e1 sa nosi\u0165 \u0161portovo aj elegantne. <strong>\u0160aty<\/strong> na ramienkach na gumi\u010dke s jemn\u00fdmi vol\u00e1nmi \u2013 <strong>super sexi<\/strong>. c\u00edti\u0165<strong> v\u00fdnimo\u010dne. <\/strong>Ve\u013emi m\u00e4kk\u00fd a pru\u017en\u00fd materi\u00e1l. <strong>Ide\u00e1lne \u0161aty na ka\u017edodenn\u00e9 vych\u00e1dzky, cestovanie alebo do pr\u00e1ce. Mega pohodln\u00e9 \u00fazke \u0161aty, ktor\u00e9 sa hodia k v\u00e4\u010d\u0161ine \u0161t\u00fdlov.<\/strong> Elegantn\u00fd model sa bude hodi\u0165 na ka\u017ed\u00fa pr\u00edle\u017eitos\u0165, kde sa chcete c\u00edti\u0165 v\u00fdnimo\u010dne. Midi \u0161aty z ve\u013emi pr\u00edjemn\u00e9ho materi\u00e1lu na dotyk s embl\u00e9mom vpredu. \u0160aty dokonale zd\u00f4raz\u0148uj\u00fa \u017eensk\u00e9 tvary. Rebrovan\u00e9 \u0161aty v univerz\u00e1lnej ve\u013ekosti odpor\u00fa\u010dan\u00e9 od XS do max L<\/p>\n<p>&nbsp;<\/p>\n<h3 style=\"text-align: center;\">\u00a0 \u00a0 \u00a0 \u00a0 \u00a0 \u00a0 \u00a0 \u00a0 \u00a0 Rozmery:<\/h3>\n<ul>\n<li style=\"text-align: center;\">\u00a0 \u00a0 Celkov\u00e1 predn\u00e1 d\u013a\u017eka - 85 cm<\/li>\n<li style=\"text-align: center;\">\u0160\u00edrka od podpazu\u0161ia po podpazu\u0161ie - 32-50 cm<\/li>\n<li style=\"text-align: center;\">\u0160\u00edrka p\u00e1sa - 34-42 cm<\/li>\n<li style=\"text-align: center;\">\u0160\u00edrka v spodnej \u010dasti - 32-52 cm<\/li>\n<\/ul>\n<p style=\"text-align: center;\">Rozmery sa m\u00f4\u017eu mierne l\u00ed\u0161i\u0165 od uveden\u00fdch +\/- 2cm. V\u0161etky uveden\u00e9 rozmery s\u00fa meran\u00e9 plo\u0161ne. <strong>rozmer x2<\/strong><\/p>\n<h3 style=\"text-align: center;\">Charakteristika:<\/h3>\n<p style=\"text-align: center;\">- midi \u0161aty<br \/>\n- na ramenn\u00fdch popruhoch<br \/>\n- univerz\u00e1lny<br \/>\n- poskakova\u0165<br \/>\n-m\u00f3dne<br \/>\n-\u017dena<br \/>\n- osaden\u00e1<br \/>\n- pohodln\u00e9<br \/>\n-sexi<\/p>\n<p>&nbsp;<\/p>\n<table>\n<tbody>\n<tr>\n<td width=\"302\"><span style=\"font-size: 10pt;\">Meno modela<\/span><\/td>\n<td width=\"302\">Vypasovan\u00e9 midi \u0161aty Sarano<\/td>\n<\/tr>\n<tr>\n<td width=\"302\"><span style=\"font-size: 10pt;\">Farba<\/span><\/td>\n<td width=\"302\">\u010cerven\u00e1<\/td>\n<\/tr>\n<tr>\n<td width=\"302\"><span style=\"font-size: 10pt;\">M\u00f3da<\/span><\/td>\n<td width=\"302\"><span style=\"font-size: 10pt;\">Zhoda<\/span><\/td>\n<\/tr>\n<tr>\n<td width=\"302\"><span style=\"font-size: 10pt;\">Materi\u00e1l<\/span><\/td>\n<td width=\"302\"><span style=\"font-size: 10pt;\">95 % Polyester 5 % Elastan\u00a0<\/span><\/td>\n<\/tr>\n<tr>\n<td width=\"302\"><span style=\"font-size: 10pt;\">D\u013a\u017eka<\/span><\/td>\n<td width=\"302\"><span style=\"font-size: 10pt;\">Pred kolenom<\/span><\/td>\n<\/tr>\n<\/tbody>\n<\/table>\n<p>&nbsp;<\/p>\n<p style=\"text-align: center;\"><span style=\"font-size: 10pt;\">\u00a0<\/span><\/p>\n<div class=\"tabs tabs-bb clear mb-80\">\n<div class=\"tab-content\">\n<div id=\"tab-description\" class=\"tab-pane fade in woocommerce-Tabs-panel--description active\">\n<p style=\"text-align: center;\">Model m\u00e1\u00a0<strong>169<\/strong>\u00a0cm vysok\u00fd, nos\u00ed ve\u013ekos\u0165 ka\u017ed\u00fd de\u0148\u00a0<strong>S<\/strong><\/p>\n<p style=\"text-align: center;\">\u0160\u00edrka cez prsia 92 cm<\/p>\n<p style=\"text-align: center;\">\u0160\u00edrka v p\u00e1se 62 cm<\/p>\n<p style=\"text-align: center;\">\u0160\u00edrka v bokoch 94 cm<\/p>\n<\/div>\n<\/div>\n<\/div>","protected":false},"excerpt":{"rendered":"<p>Sukienka Midi Dopasowana Sarano Czerwona Elegancka sukienka dzianinowa o kroju idealnie podkre\u015blaj\u0105cym kobiece kszta\u0142ty. Materia\u0142 sukienki nie kr\u0119puj\u0119 ruch\u00f3w i jest bardzo elastyczny. Mo\u017cna j\u0105 nosi\u0107 w sportowym, jak i w eleganckim wydaniu. Sukienka na rami\u0105czkach na gumce z delikatnymi falbankami &#8211; mega sexowna. Poczuj si\u0119 wyj\u0105tkowo. Bardzo mi\u0119kki i rozci\u0105gliwy materia\u0142. Idealna sukienka na<\/p>\n<div class=\"klb-readmore post-buttons\"><a class=\"button black outline size-sm\" href=\"https:\/\/madelinefashion.pl\/sk\/sukienka-midi-dopasowana-sarano-czerwona\/\">\u010c\u00edta\u0165 \u010falej <i class=\"klbth-icon-right-arrow\"><\/i><\/a><\/div>","protected":false},"featured_media":48586,"template":"","meta":[],"product_brand":[],"product_cat":[125],"product_tag":[258],"class_list":{"0":"post-9298","1":"product","2":"type-product","3":"status-publish","4":"has-post-thumbnail","6":"product_cat-sukienki","7":"product_tag-sukienka-czerwona","9":"first","10":"instock","11":"purchasable","12":"product-type-simple"},"_links":{"self":[{"href":"https:\/\/madelinefashion.pl\/sk\/wp-json\/wp\/v2\/product\/9298","targetHints":{"allow":["GET"]}}],"collection":[{"href":"https:\/\/madelinefashion.pl\/sk\/wp-json\/wp\/v2\/product"}],"about":[{"href":"https:\/\/madelinefashion.pl\/sk\/wp-json\/wp\/v2\/types\/product"}],"wp:featuredmedia":[{"embeddable":true,"href":"https:\/\/madelinefashion.pl\/sk\/wp-json\/wp\/v2\/media\/48586"}],"wp:attachment":[{"href":"https:\/\/madelinefashion.pl\/sk\/wp-json\/wp\/v2\/media?parent=9298"}],"wp:term":[{"taxonomy":"product_brand","embeddable":true,"href":"https:\/\/madelinefashion.pl\/sk\/wp-json\/wp\/v2\/product_brand?post=9298"},{"taxonomy":"product_cat","embeddable":true,"href":"https:\/\/madelinefashion.pl\/sk\/wp-json\/wp\/v2\/product_cat?post=9298"},{"taxonomy":"product_tag","embeddable":true,"href":"https:\/\/madelinefashion.pl\/sk\/wp-json\/wp\/v2\/product_tag?post=9298"}],"curies":[{"name":"pracovn\u00fd list","href":"https:\/\/api.w.org\/{rel}","templated":true}]}}