{"id":943,"date":"2019-02-23T17:19:16","date_gmt":"2019-02-23T17:19:16","guid":{"rendered":"http:\/\/serwer2078743.home.pl\/?post_type=product&#038;p=943"},"modified":"2026-02-20T14:59:15","modified_gmt":"2026-02-20T13:59:15","slug":"sweter-z-kokardkami-na-rekawie-musztardowy","status":"publish","type":"product","link":"https:\/\/madelinefashion.pl\/sk\/sweter-z-kokardkami-na-rekawie-musztardowy\/","title":{"rendered":"Hor\u010dicov\u00fd kardigan s ma\u0161\u013eami na ruk\u00e1ve"},"content":{"rendered":"<h2 style=\"text-align: center;\">Hor\u010dicov\u00fd kardigan s ma\u0161\u013eami na ruk\u00e1ve<\/h2>\n<p style=\"text-align: center;\"><strong>Pohodln\u00fd, pohodln\u00fd sveter <\/strong>zdoben\u00e9 jednoduch\u00fdm dizajnom<strong> ma\u0161li\u010dky na ruk\u00e1voch.\u00a0<\/strong> Model s dlh\u00fdmi ruk\u00e1vmi zakon\u010den\u00fdmi lemami<strong>, <\/strong>ako spodok svetra<strong>. <\/strong>Je vyroben\u00fd z pr\u00edjemn\u00e9ho<b>elastick\u00e1 tkanina. <\/b>dokonale <strong>prisp\u00f4sob\u00ed sa siluete<\/strong>\u00a0a dopln\u00ed ka\u017ed\u00fd outfit. V\u00fdhodou svetra je krat\u0161\u00ed strih. Skvele sa hod\u00ed k leg\u00ednam, d\u017e\u00ednsom alebo ko\u017een\u00fdm nohaviciam. Sveter je vhodn\u00fd na ka\u017ed\u00e9 ro\u010dn\u00e9 obdobie. ve\u013ekos\u0165 je\u00a0<strong>univerz\u00e1lny<\/strong> , perfektne sed\u00ed na nosenie \u017eien\u00a0 <strong>S, M, L<\/strong>,<strong>XL\u00a0<\/strong> ak nos\u00edte v\u00e4\u010d\u0161iu ve\u013ekos\u0165, odpor\u00fa\u010dame v\u00e1m pozrie\u0165 si tabu\u013eku ve\u013ekost\u00ed ni\u017e\u0161ie. Dostupn\u00e9 v na\u0161om e-shope vo viacer\u00fdch variantoch <strong>farby<\/strong>tak nev\u00e1hajte a vyberte si ten, ktor\u00fd je pre v\u00e1s ide\u00e1lny. Ak sa neviete rozhodn\u00fa\u0165, ktor\u00e1 farba je pre v\u00e1s najlep\u0161ia, kontaktujte n\u00e1s na Facebooku alebo telefonicky.<\/p>\n<p style=\"text-align: center;\">Mo\u017enos\u0165 prania do 30\u00b0C<\/p>\n<h2 style=\"text-align: center;\">Rozmery:<\/h2>\n<ul style=\"text-align: center;\">\n<li><span style=\"font-size: 10pt;\">\u0161\u00edrka od pazuchy po pazuchu 44-55 cm<\/span><\/li>\n<li><span style=\"font-size: 10pt;\">celkov\u00e1 d\u013a\u017eka: 62 cm\u00a0<\/span><\/li>\n<li><span style=\"font-size: 10pt;\">d\u013a\u017eka ruk\u00e1va od podpazu\u0161ia: 43 cm<\/span><\/li>\n<li><span style=\"font-size: 10pt;\">d\u013a\u017eka ruk\u00e1va od ramena 58 cm\u00a0<\/span><\/li>\n<li><span style=\"font-size: 10pt;\">odpor\u00fa\u010dan\u00fd maxim\u00e1lny obvod poprsia: 108 cm<\/span><\/li>\n<\/ul>\n<p style=\"text-align: center;\"><span style=\"font-size: 10pt;\">\u00a0Rozmery sa m\u00f4\u017eu mierne l\u00ed\u0161i\u0165 od uveden\u00fdch +\/- 2cm. V\u0161etky uveden\u00e9 rozmery s\u00fa meran\u00e9 plo\u0161ne.<\/span><\/p>\n<table width=\"617\">\n<tbody>\n<tr>\n<td width=\"302\">Meno modela<\/td>\n<td width=\"302\">Sveter s ma\u0161\u013eami na ruk\u00e1ve<\/td>\n<\/tr>\n<tr>\n<td width=\"302\">Farba<\/td>\n<td width=\"302\">Hor\u010dica<\/td>\n<\/tr>\n<tr>\n<td width=\"302\">ve\u013ekosti<\/td>\n<td width=\"302\">Univerz\u00e1lny<\/td>\n<\/tr>\n<tr>\n<td width=\"302\">M\u00f3da<\/td>\n<td width=\"302\">nadrozmern\u00e9<\/td>\n<\/tr>\n<tr>\n<td width=\"302\">izolovan\u00e9<\/td>\n<td width=\"302\">jednopl\u00e1\u0161\u0165ov\u00e9<\/td>\n<\/tr>\n<tr>\n<td width=\"302\">Materi\u00e1l<\/td>\n<td width=\"302\">88 % akryl 12 % nylon<\/td>\n<\/tr>\n<\/tbody>\n<\/table>\n<p style=\"text-align: center;\"><span style=\"font-size: 10pt;\">\u00a0<\/span><\/p>\n<p style=\"text-align: center;\">Model m\u00e1\u00a0<strong>169<\/strong>\u00a0cm vysok\u00fd, nos\u00ed ve\u013ekos\u0165 ka\u017ed\u00fd de\u0148\u00a0<strong>S<\/strong><\/p>\n<p style=\"text-align: center;\">\u0160\u00edrka cez prsia 92 cm<\/p>\n<p style=\"text-align: center;\">\u0160\u00edrka v p\u00e1se 62 cm<\/p>\n<p style=\"text-align: center;\">\u0160\u00edrka v bokoch 94 cm<\/p>","protected":false},"excerpt":{"rendered":"<p>Sweter z Kokardkami na R\u0119kawie Musztardowy Wygodny, komfortowy sweterek o prostym fasonie ozdobiony kokardkami na r\u0119kawkach.\u00a0 Model z d\u0142ugimi r\u0119kawami zako\u0144czonymi \u015bci\u0105gaczami, podobnie jak d\u00f3\u0142 swetra. Wykonano go z przyjemnej, elastycznej dzianiny. Idealnie dopasowuje si\u0119 do sylwetki\u00a0i uzupe\u0142nia ka\u017cd\u0105 stylizacj\u0119.\u00a0Zalet\u0105 swetra jest jego kr\u00f3tszy kr\u00f3j. Idealnie komponuje si\u0119 z legginsami, jeansami czy sk\u00f3rzanymi spodniami .\u00a0Sweter<\/p>\n<div class=\"klb-readmore post-buttons\"><a class=\"button black outline size-sm\" href=\"https:\/\/madelinefashion.pl\/sk\/sweter-z-kokardkami-na-rekawie-musztardowy\/\">\u010c\u00edta\u0165 \u010falej <i class=\"klbth-icon-right-arrow\"><\/i><\/a><\/div>","protected":false},"featured_media":55739,"template":"","meta":[],"product_brand":[],"product_cat":[78],"product_tag":[],"class_list":{"0":"post-943","1":"product","2":"type-product","3":"status-publish","4":"has-post-thumbnail","6":"product_cat-swetry-damskie","8":"first","9":"instock","10":"purchasable","11":"product-type-simple"},"_links":{"self":[{"href":"https:\/\/madelinefashion.pl\/sk\/wp-json\/wp\/v2\/product\/943","targetHints":{"allow":["GET"]}}],"collection":[{"href":"https:\/\/madelinefashion.pl\/sk\/wp-json\/wp\/v2\/product"}],"about":[{"href":"https:\/\/madelinefashion.pl\/sk\/wp-json\/wp\/v2\/types\/product"}],"wp:featuredmedia":[{"embeddable":true,"href":"https:\/\/madelinefashion.pl\/sk\/wp-json\/wp\/v2\/media\/55739"}],"wp:attachment":[{"href":"https:\/\/madelinefashion.pl\/sk\/wp-json\/wp\/v2\/media?parent=943"}],"wp:term":[{"taxonomy":"product_brand","embeddable":true,"href":"https:\/\/madelinefashion.pl\/sk\/wp-json\/wp\/v2\/product_brand?post=943"},{"taxonomy":"product_cat","embeddable":true,"href":"https:\/\/madelinefashion.pl\/sk\/wp-json\/wp\/v2\/product_cat?post=943"},{"taxonomy":"product_tag","embeddable":true,"href":"https:\/\/madelinefashion.pl\/sk\/wp-json\/wp\/v2\/product_tag?post=943"}],"curies":[{"name":"pracovn\u00fd list","href":"https:\/\/api.w.org\/{rel}","templated":true}]}}