{"id":9547,"date":"2021-04-23T23:02:24","date_gmt":"2021-04-23T21:02:24","guid":{"rendered":"https:\/\/madelinefashion.pl\/?post_type=product&#038;p=9547"},"modified":"2026-01-20T10:34:37","modified_gmt":"2026-01-20T09:34:37","slug":"bluzka-zlote-guziki-wiazana-fila-koral","status":"publish","type":"product","link":"https:\/\/madelinefashion.pl\/sk\/bluzka-zlote-guziki-wiazana-fila-koral\/","title":{"rendered":"Bl\u00fazka na zlat\u00e9 gomb\u00edky Fila Coral"},"content":{"rendered":"<h3 style=\"text-align: center;\">Bl\u00fazka na zlat\u00e9 gomb\u00edky Fila Coral<\/h3>\n<p><strong>Bl\u00fazka Fila<\/strong> <strong>uviazan\u00e9 v p\u00e1se <\/strong>koralovej farby, zap\u00ednan\u00e9 na gomb\u00edky <b>na kr\u00e1tky ruk\u00e1v. <\/b>Vyroben\u00e9 z \u013eahk\u00e9ho materi\u00e1lu v\u00e1m poskytne pohodlie. Jednoduch\u00fd, univerz\u00e1lny strih m\u00f4\u017eete nosi\u0165 po\u010das cel\u00e9ho roka bez oh\u013eadu na ro\u010dn\u00e9 obdobie. Bl\u00fazka s golierom m\u00e1 vpredu vrecko. Skombinujte s nohavicami <a href=\"https:\/\/madelinefashion.pl\/sk\/spodnie\/\">s vysok\u00fdm p\u00e1som<\/a> ak <a href=\"https:\/\/madelinefashion.pl\/sk\/szorty-sznurowane-jeansowe-rocket-czarne\/\">\u0161ortky<\/a>. Dostupn\u00e9 v na\u0161ej predajni v r\u00f4znych farb\u00e1ch. Bl\u00fazka Fila s gomb\u00edkmi\u00a0<strong>dokonale dopln\u00ed v\u00e1\u0161 vzh\u013ead<\/strong>! Ide o model, v ktorom nezostanete bez pov\u0161imnutia. Jedna ve\u013ekos\u0165 sadne v\u0161etk\u00fdm odpor\u00fa\u010dan\u00fdm od<strong> XS a\u017e L<\/strong><\/p>\n<h3 style=\"text-align: center;\">Rozmery:<\/h3>\n<p style=\"text-align: center;\">Celkov\u00e1 predn\u00e1 d\u013a\u017eka - 55 cm<br \/>\n\u0160\u00edrka od pazuchy po pazuchu - 51-54 cm<br \/>\n\u0160\u00edrka dole -48-52 cm<\/p>\n<p style=\"text-align: center;\">Rozmery sa m\u00f4\u017eu l\u00ed\u0161i\u0165 od uveden\u00fdch +\/- 2cm. V\u0161etky uveden\u00e9 rozmery s\u00fa meran\u00e9 plo\u0161ne. <strong>rozmer x2<\/strong><\/p>\n<div class=\"tabs tabs-bb clear mb-80\">\n<div class=\"tab-content\">\n<div id=\"tab-description\" class=\"tab-pane fade in woocommerce-Tabs-panel--description active\">\n<section class=\"related products mb-80\"><\/section>\n<table class=\"table\" width=\"615\">\n<tbody>\n<tr>\n<td width=\"302\">Meno modela<\/td>\n<td width=\"302\">Bl\u00fazka na zlat\u00e9 gomb\u00edky Fila<\/td>\n<\/tr>\n<tr>\n<td width=\"302\">Farba<\/td>\n<td width=\"302\">Coral<\/td>\n<\/tr>\n<tr>\n<td width=\"302\">ve\u013ekosti<\/td>\n<td width=\"302\">Univerz\u00e1lny<\/td>\n<\/tr>\n<tr>\n<td width=\"302\">M\u00f3da<\/td>\n<td width=\"302\">Vo\u013en\u00fd<\/td>\n<\/tr>\n<tr>\n<td width=\"302\">Materi\u00e1l<\/td>\n<td width=\"302\">100% visk\u00f3za<\/td>\n<\/tr>\n<\/tbody>\n<\/table>\n<\/div>\n<\/div>\n<\/div>\n<section class=\"up-sells upsells products mb-80\"><\/section>\n<div class=\"tabs tabs-bb clear mb-80\">\n<div class=\"tab-content\">\n<div id=\"tab-description\" class=\"tab-pane fade in woocommerce-Tabs-panel--description active\">\n<p style=\"text-align: center;\">\u00a0Model m\u00e1\u00a0<strong>169<\/strong>\u00a0cm vysok\u00fd, nos\u00ed ve\u013ekos\u0165 ka\u017ed\u00fd de\u0148\u00a0<strong>S<\/strong><\/p>\n<p style=\"text-align: center;\">\u0160\u00edrka cez prsia 92 cm<\/p>\n<p style=\"text-align: center;\">\u0160\u00edrka v p\u00e1se 62 cm<\/p>\n<p style=\"text-align: center;\">\u0160\u00edrka v bokoch 94 cm<\/p>\n<\/div>\n<\/div>\n<\/div>\n<section class=\"related products mb-80\"><\/section>\n<section class=\"page-product-box\">\n<div class=\"rte\" style=\"text-align: center;\"><\/div>\n<\/section>","protected":false},"excerpt":{"rendered":"<p>Bluzka Z\u0142ote Guziki Wi\u0105zana Fila Koral Bluzka Fila wi\u0105zana w pasie w kolorze koralu zapinana na guziki na kr\u00f3tki r\u0119kaw. Wykonana z lekkiego materia\u0142u\u00a0 zapewni Ci komfort noszenia. Prosty, uniwersalny kr\u00f3j mo\u017cesz nosi\u0107 przez ca\u0142y rok, niezale\u017cnie od pory roku. Bluzka z ko\u0142nierzykiem\u00a0 posiada z przodu kieszonk\u0119. Po\u0142\u0105cz j\u0105 ze spodniami z wysokim stanem czy<\/p>\n<div class=\"klb-readmore post-buttons\"><a class=\"button black outline size-sm\" href=\"https:\/\/madelinefashion.pl\/sk\/bluzka-zlote-guziki-wiazana-fila-koral\/\">\u010c\u00edta\u0165 \u010falej <i class=\"klbth-icon-right-arrow\"><\/i><\/a><\/div>","protected":false},"featured_media":50319,"template":"","meta":[],"product_brand":[],"product_cat":[77],"product_tag":[],"class_list":{"0":"post-9547","1":"product","2":"type-product","3":"status-publish","4":"has-post-thumbnail","6":"product_cat-bluzki","8":"first","9":"instock","10":"sale","11":"purchasable","12":"product-type-simple"},"_links":{"self":[{"href":"https:\/\/madelinefashion.pl\/sk\/wp-json\/wp\/v2\/product\/9547","targetHints":{"allow":["GET"]}}],"collection":[{"href":"https:\/\/madelinefashion.pl\/sk\/wp-json\/wp\/v2\/product"}],"about":[{"href":"https:\/\/madelinefashion.pl\/sk\/wp-json\/wp\/v2\/types\/product"}],"wp:featuredmedia":[{"embeddable":true,"href":"https:\/\/madelinefashion.pl\/sk\/wp-json\/wp\/v2\/media\/50319"}],"wp:attachment":[{"href":"https:\/\/madelinefashion.pl\/sk\/wp-json\/wp\/v2\/media?parent=9547"}],"wp:term":[{"taxonomy":"product_brand","embeddable":true,"href":"https:\/\/madelinefashion.pl\/sk\/wp-json\/wp\/v2\/product_brand?post=9547"},{"taxonomy":"product_cat","embeddable":true,"href":"https:\/\/madelinefashion.pl\/sk\/wp-json\/wp\/v2\/product_cat?post=9547"},{"taxonomy":"product_tag","embeddable":true,"href":"https:\/\/madelinefashion.pl\/sk\/wp-json\/wp\/v2\/product_tag?post=9547"}],"curies":[{"name":"pracovn\u00fd list","href":"https:\/\/api.w.org\/{rel}","templated":true}]}}