{"id":9796,"date":"2021-04-24T13:32:12","date_gmt":"2021-04-24T11:32:12","guid":{"rendered":"https:\/\/madelinefashion.pl\/?post_type=product&#038;p=9796"},"modified":"2026-01-29T13:42:20","modified_gmt":"2026-01-29T12:42:20","slug":"sukienka-rozkloszowana-z-falbankami-ignes-blekitna","status":"publish","type":"product","link":"https:\/\/madelinefashion.pl\/sk\/sukienka-rozkloszowana-z-falbankami-ignes-blekitna\/","title":{"rendered":"Roz\u0161\u00edren\u00e9 \u0161aty s vol\u00e1nmi Ignes Blue"},"content":{"rendered":"<h3 style=\"text-align: center;\">Roz\u0161\u00edren\u00e9 \u0161aty s vol\u00e1nmi Ignes Blue<\/h3>\n<p style=\"text-align: center;\"><span style=\"font-size: 10pt;\">\u0160aty <strong>Roz\u017eiaren\u00fd vol\u00e1nikmi Ignes B\u0142\u0119kitna<\/strong> je to perfektn\u00e1 ponuka na ka\u017edodenn\u00e9 aj ve\u010dern\u00e9 v\u00fdlety! \u0160aty s\u00fa vyroben\u00e9 z najkvalitnej\u0161ej bavlny, pr\u00edjemn\u00e9ho na dotyk materi\u00e1lu, ktor\u00fd vyzer\u00e1 ve\u013emi dobre <strong>\u017eensk\u00fd<\/strong>. Vzdu\u0161n\u00fd <a href=\"https:\/\/madelinefashion.pl\/sk\/sukienki-i-kombinezony\/sukienki\/\">\u0161aty<\/a> bude perfektn\u00fd po\u010das sviatkov, stretnut\u00ed s priate\u013emi a dokonca aj po\u010das osl\u00e1v. \u0160aty s n\u00e1dhern\u00fdm dizajnom dodaj\u00fa \u0161arm ka\u017edej \u017eene.<strong> Elastick\u00e9 v p\u00e1se<\/strong> \u0161aty dokonale padn\u00fa na postavu a zd\u00f4raz\u0148uj\u00fa \u017eensk\u00e9 tvary. \u0160aty z<strong> Mihos<\/strong> jemne zdoben\u00e9 \u010dipkou s v\u00fdstrihom do V. Vol\u00e1ny na ramen\u00e1ch dod\u00e1vaj\u00fa modelu \u013eahkos\u0165. <\/span><span style=\"font-size: 10pt;\">Na\u0161e \u0161aty s\u00fa ide\u00e1lnym n\u00e1vrhom pre <strong>tepl\u00e9 jarn\u00e9 a letn\u00e9 dni<\/strong>. <strong>odpor\u00fa\u010dan\u00e9<\/strong> pre d\u00e1my vo ve\u013e <strong>XS SML<\/strong> <strong>XL<\/strong> ak nos\u00edte v\u00e4\u010d\u0161iu ve\u013ekos\u0165, pozrite si tabu\u013eku ni\u017e\u0161ie.<\/span><\/p>\n<p>&nbsp;<\/p>\n<h3 style=\"text-align: center;\">Rozmery:<\/h3>\n<ul style=\"text-align: center;\">\n<li><span style=\"font-size: 10pt;\">\u00a0\u00a0\u00a0\u00a0\u00a0\u00a0\u00a0 \u00a0\u00a0\u00a0\u00a0\u00a0\u00a0\u00a0 celkov\u00e1 d\u013a\u017eka: 90 cm\u00a0<\/span><\/li>\n<li><span style=\"font-size: 10pt;\">\u00a0\u00a0\u00a0\u00a0\u00a0\u00a0\u00a0 \u00a0\u00a0\u00a0\u00a0\u00a0\u00a0\u00a0 \u0161\u00edrka od pazuchy po pazuchu: 40-52 cm\u00a0<\/span><\/li>\n<li><span style=\"font-size: 10pt;\">\u00a0\u00a0\u00a0\u00a0\u00a0\u00a0\u00a0 \u00a0\u00a0\u00a0\u00a0\u00a0\u00a0\u00a0 \u0161\u00edrka v p\u00e1se 30-46 cm<\/span><\/li>\n<li><span style=\"font-size: 10pt;\">\u00a0 \u00a0 \u00a0<\/span><\/li>\n<\/ul>\n<p style=\"text-align: center;\"><span style=\"font-size: 10pt;\">Rozmery sa m\u00f4\u017eu mierne l\u00ed\u0161i\u0165 od uveden\u00fdch +\/- 2cm. V\u0161etky uveden\u00e9 rozmery s\u00fa meran\u00e9 plo\u0161ne. rozmer x2<\/span><\/p>\n<p style=\"text-align: center;\"><span style=\"font-size: 10pt;\">\u00a0<\/span><\/p>\n<p style=\"text-align: center;\"><span style=\"font-size: 10pt;\"><strong>\u00a0<\/strong>\u00a0<\/span><\/p>\n<p>&nbsp;<\/p>\n<table>\n<tbody>\n<tr>\n<td width=\"302\"><span style=\"font-size: 10pt;\">Meno modela<\/span><\/td>\n<td width=\"302\">Roz\u0161\u00edren\u00e9 \u0161aty s vol\u00e1nmi Ignes<\/td>\n<\/tr>\n<tr>\n<td width=\"302\"><span style=\"font-size: 10pt;\">Farba<\/span><\/td>\n<td width=\"302\"><span style=\"font-size: 10pt;\">Modr\u00e1<\/span><\/td>\n<\/tr>\n<tr>\n<td width=\"302\"><span style=\"font-size: 10pt;\">M\u00f3da<\/span><\/td>\n<td width=\"302\"><span style=\"font-size: 10pt;\">nadrozmern\u00e9<\/span><\/td>\n<\/tr>\n<tr>\n<td width=\"302\"><span style=\"font-size: 10pt;\">Zlo\u017eenie<\/span><\/td>\n<td width=\"302\"><span style=\"font-size: 10pt;\">100% bavlna\u00a0<\/span><\/td>\n<\/tr>\n<tr>\n<td width=\"302\"><span style=\"font-size: 10pt;\">D\u013a\u017eka<\/span><\/td>\n<td width=\"302\"><span style=\"font-size: 10pt;\">Pred kolenom<\/span><\/td>\n<\/tr>\n<\/tbody>\n<\/table>\n<div class=\"additional-details\" style=\"text-align: center;\">\n<p style=\"text-align: center;\">Model m\u00e1\u00a0<strong>169<\/strong>\u00a0cm vysok\u00fd, nos\u00ed ve\u013ekos\u0165 ka\u017ed\u00fd de\u0148\u00a0<strong>S<\/strong><\/p>\n<p style=\"text-align: center;\">\u0160\u00edrka cez prsia 92 cm<\/p>\n<p style=\"text-align: center;\">\u0160\u00edrka v p\u00e1se 62 cm<\/p>\n<p style=\"text-align: center;\">\u0160\u00edrka v bokoch 94 cm<\/p>\n<p style=\"text-align: center;\"><span style=\"font-size: 10pt;\">\u00a0<\/span><\/p>\n<\/div>","protected":false},"excerpt":{"rendered":"<p>Sukienka Rozkloszowana z Falbankami Ignes B\u0142\u0119kitna Sukienka Rozkloszowana z Falbankami Ignes B\u0142\u0119kitna to idealna\u00a0 propozycja zar\u00f3wno na co dzie\u0144 jak i na wieczorne wyj\u015bcie! Sukienka wykonana jest z najwy\u017cszej jako\u015bci bawe\u0142nianego, przyjemnego w dotyku materia\u0142u, kt\u00f3ry wygl\u0105da bardzo kobieco. Zwiewna sukienka sprawdzi si\u0119 podczas urlopu, spotka\u0144 ze znajomymi a nawet podczas uroczysto\u015bci. Sukienka o rozkoszowanym<\/p>\n<div class=\"klb-readmore post-buttons\"><a class=\"button black outline size-sm\" href=\"https:\/\/madelinefashion.pl\/sk\/sukienka-rozkloszowana-z-falbankami-ignes-blekitna\/\">\u010c\u00edta\u0165 \u010falej <i class=\"klbth-icon-right-arrow\"><\/i><\/a><\/div>","protected":false},"featured_media":48044,"template":"","meta":[],"product_brand":[],"product_cat":[125],"product_tag":[730],"class_list":{"0":"post-9796","1":"product","2":"type-product","3":"status-publish","4":"has-post-thumbnail","6":"product_cat-sukienki","7":"product_tag-sukienki-blekitne","9":"first","10":"instock","11":"purchasable","12":"product-type-simple"},"_links":{"self":[{"href":"https:\/\/madelinefashion.pl\/sk\/wp-json\/wp\/v2\/product\/9796","targetHints":{"allow":["GET"]}}],"collection":[{"href":"https:\/\/madelinefashion.pl\/sk\/wp-json\/wp\/v2\/product"}],"about":[{"href":"https:\/\/madelinefashion.pl\/sk\/wp-json\/wp\/v2\/types\/product"}],"wp:featuredmedia":[{"embeddable":true,"href":"https:\/\/madelinefashion.pl\/sk\/wp-json\/wp\/v2\/media\/48044"}],"wp:attachment":[{"href":"https:\/\/madelinefashion.pl\/sk\/wp-json\/wp\/v2\/media?parent=9796"}],"wp:term":[{"taxonomy":"product_brand","embeddable":true,"href":"https:\/\/madelinefashion.pl\/sk\/wp-json\/wp\/v2\/product_brand?post=9796"},{"taxonomy":"product_cat","embeddable":true,"href":"https:\/\/madelinefashion.pl\/sk\/wp-json\/wp\/v2\/product_cat?post=9796"},{"taxonomy":"product_tag","embeddable":true,"href":"https:\/\/madelinefashion.pl\/sk\/wp-json\/wp\/v2\/product_tag?post=9796"}],"curies":[{"name":"pracovn\u00fd list","href":"https:\/\/api.w.org\/{rel}","templated":true}]}}