{"id":99767,"date":"2023-08-11T16:51:22","date_gmt":"2023-08-11T14:51:22","guid":{"rendered":"https:\/\/madelinefashion.pl\/?post_type=product&#038;p=99767"},"modified":"2026-03-01T12:58:04","modified_gmt":"2026-03-01T11:58:04","slug":"torebka-wieczorowa-z-cekinami-srebrna","status":"publish","type":"product","link":"https:\/\/madelinefashion.pl\/sk\/torebka-wieczorowa-z-cekinami-srebrna\/","title":{"rendered":"Ve\u010dern\u00e1 ta\u0161ka so strieborn\u00fdmi flitrami"},"content":{"rendered":"<h3 style=\"text-align: center;\">Ve\u010dern\u00e1 ta\u0161ka so strieborn\u00fdmi flitrami<\/h3>\n<p style=\"text-align: center;\">Kabelka je nevyhnutnou s\u00fa\u010das\u0165ou ve\u010dern\u00e9ho outfitu. Tento model sa vyzna\u010duje nielen svojou praktickos\u0165ou, ale aj eleganciou. Elegantn\u00e1 kabelka sa bude hodi\u0165 ka\u017edej \u017eene, ktor\u00e1 sleduje najnov\u0161ie m\u00f3dne trendy. Kabelka m\u00e1 dve retiazky, v\u010faka ktor\u00fdm si ju m\u00f4\u017eeme da\u0165 na rameno a skvele sa bude hodi\u0165 aj ako ve\u010dern\u00e1 kabelka<\/p>\n<p>&nbsp;<\/p>\n<h3 style=\"text-align: center;\">Charakteristika:<\/h3>\n<p>&nbsp;<\/p>\n<p style=\"text-align: center;\">ve\u010der<\/p>\n<p style=\"text-align: center;\">ide\u00e1lne na svadbu \/ ples \/ ples<\/p>\n<p style=\"text-align: center;\">dve re\u0165aze<\/p>\n<p>&nbsp;<\/p>\n<h3 style=\"text-align: center;\">Rozmery ta\u0161ky:<\/h3>\n<ul style=\"text-align: center;\">\n<li>v\u00fd\u0161ka - 15 cm<\/li>\n<li>\u0161\u00edrka - 20 cm<\/li>\n<li><\/li>\n<\/ul>","protected":false},"excerpt":{"rendered":"<p>Torebka Wieczorowa Z Cekinami Srebrna Torebka, to niezb\u0119dny cz\u0119\u015b\u0107 stylizacji wieczorowej. Ten model charakteryzuje si\u0119 nie tylko sw\u0105 praktyczno\u015bci\u0105, ale r\u00f3wnie\u017c elegancj\u0105.\u00a0 Elegancka torebka sprawdzi si\u0119 idealnie\u00a0 dla ka\u017cdej kobiety pod\u0105\u017caj\u0105cej za najnowszymi trendami w modzie. Torebka posiada dwa \u0142a\u0144cuszki dzi\u0119ki czemu mo\u017cemy za\u0142o\u017cy\u0107 j\u0105 na rami\u0119 i idealnie sprawdzi si\u0119 tak\u017ce jako wieczorowa torebka<\/p>\n<div class=\"klb-readmore post-buttons\"><a class=\"button black outline size-sm\" href=\"https:\/\/madelinefashion.pl\/sk\/torebka-wieczorowa-z-cekinami-srebrna\/\">\u010c\u00edta\u0165 \u010falej <i class=\"klbth-icon-right-arrow\"><\/i><\/a><\/div>","protected":false},"featured_media":99717,"template":"","meta":[],"product_brand":[],"product_cat":[113,395],"product_tag":[504,412],"class_list":{"0":"post-99767","1":"product","2":"type-product","3":"status-publish","4":"has-post-thumbnail","6":"product_cat-dodatki","7":"product_cat-nowosci","8":"product_tag-party-time","9":"product_tag-torebki-damskie","11":"first","12":"instock","13":"sale","14":"purchasable","15":"product-type-simple"},"_links":{"self":[{"href":"https:\/\/madelinefashion.pl\/sk\/wp-json\/wp\/v2\/product\/99767","targetHints":{"allow":["GET"]}}],"collection":[{"href":"https:\/\/madelinefashion.pl\/sk\/wp-json\/wp\/v2\/product"}],"about":[{"href":"https:\/\/madelinefashion.pl\/sk\/wp-json\/wp\/v2\/types\/product"}],"wp:featuredmedia":[{"embeddable":true,"href":"https:\/\/madelinefashion.pl\/sk\/wp-json\/wp\/v2\/media\/99717"}],"wp:attachment":[{"href":"https:\/\/madelinefashion.pl\/sk\/wp-json\/wp\/v2\/media?parent=99767"}],"wp:term":[{"taxonomy":"product_brand","embeddable":true,"href":"https:\/\/madelinefashion.pl\/sk\/wp-json\/wp\/v2\/product_brand?post=99767"},{"taxonomy":"product_cat","embeddable":true,"href":"https:\/\/madelinefashion.pl\/sk\/wp-json\/wp\/v2\/product_cat?post=99767"},{"taxonomy":"product_tag","embeddable":true,"href":"https:\/\/madelinefashion.pl\/sk\/wp-json\/wp\/v2\/product_tag?post=99767"}],"curies":[{"name":"pracovn\u00fd list","href":"https:\/\/api.w.org\/{rel}","templated":true}]}}